{"id":4624,"date":"2024-12-29T08:09:37","date_gmt":"2024-12-29T08:09:37","guid":{"rendered":"https:\/\/schaffrath-haus.com\/wp\/?page_id=4624"},"modified":"2025-05-11T05:58:02","modified_gmt":"2025-05-11T05:58:02","slug":"11-25-05-2025-ausstellung-10-jahre-foerderverein-schaffrathhaus","status":"publish","type":"page","link":"https:\/\/schaffrath-haus.com\/?page_id=4624","title":{"rendered":"11. &#8211; 25.05.2025, Ausstellung: 30 x zweite Begegnung"},"content":{"rendered":"\n<p class=\"has-green-color has-text-color has-link-color has-large-font-size wp-elements-76ffbcdd701487f7de2251fbb562af1a\"><strong>30 x zweite Begegnung<\/strong><\/p>\n\n\n\n<p class=\"has-green-color has-text-color has-link-color has-medium-font-size wp-elements-cd8ae164e3cc76921be6903a71d65ff5\"><strong>&#8211; 10 Jahre Ausstellungen im Schaffrathhaus &#8211;<\/strong><\/p>\n\n\n\n<p>Seit unserem Bestehen haben viele K\u00fcnstler bei uns ausgestellt. Zum Jubil\u00e4um pr\u00e4sentieren wir eine gro\u00dfe Gruppenausstellung, an der 30 unserer bisherigen K\u00fcnstler teilnehmen. Freuen Sie sich auf eine gro\u00dfartige, abwechslungsreiche Ausstellung!<\/p>\n\n\n\n<figure class=\"wp-block-image size-large\"><a href=\"https:\/\/schaffrath-haus.com\/wp-content\/uploads\/2025\/05\/30-x-Flyer-gelb-richtig-2.jpg\"><img loading=\"lazy\" decoding=\"async\" width=\"1024\" height=\"267\" src=\"https:\/\/schaffrath-haus.com\/wp-content\/uploads\/2025\/05\/30-x-Flyer-gelb-richtig-2-1024x267.jpg\" alt=\"\" class=\"wp-image-4959\" srcset=\"https:\/\/schaffrath-haus.com\/wp-content\/uploads\/2025\/05\/30-x-Flyer-gelb-richtig-2-1024x267.jpg 1024w, https:\/\/schaffrath-haus.com\/wp-content\/uploads\/2025\/05\/30-x-Flyer-gelb-richtig-2-300x78.jpg 300w, https:\/\/schaffrath-haus.com\/wp-content\/uploads\/2025\/05\/30-x-Flyer-gelb-richtig-2-768x200.jpg 768w, https:\/\/schaffrath-haus.com\/wp-content\/uploads\/2025\/05\/30-x-Flyer-gelb-richtig-2-1536x400.jpg 1536w, https:\/\/schaffrath-haus.com\/wp-content\/uploads\/2025\/05\/30-x-Flyer-gelb-richtig-2-2048x533.jpg 2048w\" sizes=\"(max-width: 1024px) 100vw, 1024px\" \/><\/a><\/figure>\n\n\n\n<figure class=\"wp-block-image size-large\"><a href=\"https:\/\/schaffrath-haus.com\/wp-content\/uploads\/2025\/05\/30-x-Flyer-gelb-richtig-1-1.jpg\"><img loading=\"lazy\" decoding=\"async\" width=\"1024\" height=\"267\" src=\"https:\/\/schaffrath-haus.com\/wp-content\/uploads\/2025\/05\/30-x-Flyer-gelb-richtig-1-1-1024x267.jpg\" alt=\"\" class=\"wp-image-4965\" srcset=\"https:\/\/schaffrath-haus.com\/wp-content\/uploads\/2025\/05\/30-x-Flyer-gelb-richtig-1-1-1024x267.jpg 1024w, https:\/\/schaffrath-haus.com\/wp-content\/uploads\/2025\/05\/30-x-Flyer-gelb-richtig-1-1-300x78.jpg 300w, https:\/\/schaffrath-haus.com\/wp-content\/uploads\/2025\/05\/30-x-Flyer-gelb-richtig-1-1-768x200.jpg 768w, https:\/\/schaffrath-haus.com\/wp-content\/uploads\/2025\/05\/30-x-Flyer-gelb-richtig-1-1-1536x400.jpg 1536w, https:\/\/schaffrath-haus.com\/wp-content\/uploads\/2025\/05\/30-x-Flyer-gelb-richtig-1-1-2048x533.jpg 2048w\" sizes=\"(max-width: 1024px) 100vw, 1024px\" \/><\/a><\/figure>\n\n\n\n<p><strong>Vernissage<\/strong>: 11. Mai 2025, 11:30 bis 14:30 Uhr<\/p>\n\n\n\n<p><strong>Begr\u00fc\u00dfung<\/strong>: Friedhelm Kr\u00e4mer, stellvertretender B\u00fcrgermeister der Stadt Alsdorf &amp; Renate Rinkens, Vorsitzende F\u00f6rderverein Schaffrathhaus<\/p>\n\n\n\n<p><strong>Einf\u00fchrung<\/strong>: Dr. Dirk T\u00f6lke<\/p>\n\n\n\n<p><strong>Weitere \u00d6ffnungszeiten der Ausstellung + gro\u00dfes Fest<\/strong><\/p>\n\n\n\n<p>Samstag 17. Mai 2025, 16:00 bis 18:00 Uhr<\/p>\n\n\n\n<p>Sonntag 18. Mai 2025, 14:00 bis 18:00 Uhr<\/p>\n\n\n\n<p>Samstag 24. Mai 2025, 16:00 bis 21:00 Uhr<\/p>\n\n\n\n<p>Am <strong>24. Mai findet ab 18:00 &#8211; 21:00 Uhr<\/strong> bei uns ein gro\u00dfes Fest mit Grillabend und Live-Musik mit der Band <strong>Two+Two<\/strong> statt. Den Alltag vergessen, sich in der Musik verlieren und wiederfinden, Raum f\u00fcr Melodie und Fantasie schaffen, das d\u00fcrft ihr von <strong>Two+Two<\/strong> erwarten. Auch unser &#8222;Kunstschrank&#8220; kommt wieder zum Einsatz!<\/p>\n\n\n\n<p>Sonntag 25. Mai 2025, 14:00 bis 18:00 Uhr<\/p>\n\n\n\n<hr class=\"wp-block-separator has-alpha-channel-opacity is-style-wide\"\/>\n\n\n\n<p class=\"has-black-color has-text-color has-link-color has-medium-font-size wp-elements-982b50ea451a9336cc7b5adda8b4e927\"><strong>Nachfolgend  pr\u00e4sentieren wir alle K\u00fcnstler die an der Ausstellung teilnehmen<\/strong>: (Die aufgef\u00fchrten Kunstwerke k\u00f6nnen von den tats\u00e4chlich ausgestellten Kunstwerken abweichen)<\/p>\n\n\n\n<p><strong>Karl von Monschau ist der erste K\u00fcnstler der bei uns ausgestellt hat. Wir freuen uns sehr, auch ihn wieder bei uns begr\u00fc\u00dfen zu d\u00fcrfen!<\/strong><\/p>\n\n\n\n<p class=\"has-green-color has-text-color has-link-color wp-elements-009dc769e1463dfab6358aa38e574602\"><strong>Karl von Monschau &#8211; Konkrete Kunst, Minimalismus, Objekt Kunst<\/strong><\/p>\n\n\n\n<p class=\"has-black-color has-text-color has-link-color has-small-font-size wp-elements-51be8c0d6946cf14e32666baee400eba\">Im Jahr 2015 habe ich im fr\u00fcheren Atelier von Ludwig Schaffrath die erste Ausstellung nach der Gr\u00fcndung des Schaffrathhauses mit dem Titel \u201eHausbesuch\u201c bespielen d\u00fcrfen. Es freut mich nun sehr, zu der aktuellen Ausstellung anl\u00e4sslich des Jubil\u00e4ums 10 Jahre sp\u00e4ter mit etwa 30 K\u00fcnstlerinnen und K\u00fcnstlern eingeladen zu sein. Zur Ausstellung zeige ich einige Arbeiten, die nach dem Jahr 2020 entstanden sind. Ludwig Schaffrath war in den siebziger Jahren h\u00e4ufiger Gast bei den Er\u00f6ffnungen in meiner GALERIE AN DER NEUPFORTE. Deswegen ist es f\u00fcr mich etwas ganz Besonderes, hier in seinem fr\u00fcheren Atelier und Kraftort erneut ausstellender Besucher zu sein. (Text: Karl von Monschau)<\/p>\n\n\n\n<figure class=\"wp-block-gallery has-nested-images columns-default is-cropped wp-block-gallery-1 is-layout-flex wp-block-gallery-is-layout-flex\">\n<figure class=\"wp-block-image size-large\"><a href=\"https:\/\/schaffrath-haus.com\/wp-content\/uploads\/2025\/01\/Karl-von-Monschau-1.png\"><img loading=\"lazy\" decoding=\"async\" width=\"717\" height=\"718\" data-id=\"4862\" src=\"https:\/\/schaffrath-haus.com\/wp-content\/uploads\/2025\/01\/Karl-von-Monschau-1.png\" alt=\"\" class=\"wp-image-4862\" srcset=\"https:\/\/schaffrath-haus.com\/wp-content\/uploads\/2025\/01\/Karl-von-Monschau-1.png 717w, https:\/\/schaffrath-haus.com\/wp-content\/uploads\/2025\/01\/Karl-von-Monschau-1-300x300.png 300w, https:\/\/schaffrath-haus.com\/wp-content\/uploads\/2025\/01\/Karl-von-Monschau-1-150x150.png 150w\" sizes=\"(max-width: 717px) 100vw, 717px\" \/><\/a><\/figure>\n\n\n\n<figure class=\"wp-block-image size-large\"><a href=\"https:\/\/schaffrath-haus.com\/wp-content\/uploads\/2025\/01\/Karl-von-Monschau-3.png\"><img loading=\"lazy\" decoding=\"async\" width=\"539\" height=\"583\" data-id=\"4861\" src=\"https:\/\/schaffrath-haus.com\/wp-content\/uploads\/2025\/01\/Karl-von-Monschau-3.png\" alt=\"\" class=\"wp-image-4861\" srcset=\"https:\/\/schaffrath-haus.com\/wp-content\/uploads\/2025\/01\/Karl-von-Monschau-3.png 539w, https:\/\/schaffrath-haus.com\/wp-content\/uploads\/2025\/01\/Karl-von-Monschau-3-277x300.png 277w\" sizes=\"(max-width: 539px) 100vw, 539px\" \/><\/a><\/figure>\n\n\n\n<figure class=\"wp-block-image size-large\"><a href=\"https:\/\/schaffrath-haus.com\/wp-content\/uploads\/2025\/01\/Karl-von-Monschau-2.png\"><img loading=\"lazy\" decoding=\"async\" width=\"489\" height=\"600\" data-id=\"4860\" src=\"https:\/\/schaffrath-haus.com\/wp-content\/uploads\/2025\/01\/Karl-von-Monschau-2.png\" alt=\"\" class=\"wp-image-4860\" srcset=\"https:\/\/schaffrath-haus.com\/wp-content\/uploads\/2025\/01\/Karl-von-Monschau-2.png 489w, https:\/\/schaffrath-haus.com\/wp-content\/uploads\/2025\/01\/Karl-von-Monschau-2-245x300.png 245w\" sizes=\"(max-width: 489px) 100vw, 489px\" \/><\/a><\/figure>\n<\/figure>\n\n\n\n<p><\/p>\n\n\n\n<p class=\"has-medium-font-size\"><strong>Alle weiteren K\u00fcnstler, alphabetisch sortiert<\/strong>:<\/p>\n\n\n\n<p class=\"has-medium-font-size\"><strong> <\/strong><\/p>\n\n\n\n<p class=\"has-green-color has-text-color has-link-color wp-elements-9d61d4cb6c179133ebad248dcb0e0e39\"><strong>Mirko Aden &#8211; Malerei<\/strong><\/p>\n\n\n\n<p class=\"has-small-font-size\">In der Malerei von Mirko Aden sind die dargestellten Objekte einerseits Tr\u00e4ger einer farbig-strukturierten Oberfl\u00e4che im Raum, andererseits ein erz\u00e4hlerisches Element. \u00dcber die Komposition der Objekte werden verschiedene Farb- und Sinnzusammenh\u00e4nge erzeugt.<\/p>\n\n\n\n<figure class=\"wp-block-gallery has-nested-images columns-default is-cropped wp-block-gallery-2 is-layout-flex wp-block-gallery-is-layout-flex\">\n<figure class=\"wp-block-image size-large\"><a href=\"https:\/\/schaffrath-haus.com\/wp-content\/uploads\/2024\/12\/Mirko-Aden_ATLANTIC-OCEAN_2023_40x50cm.jpg\"><img loading=\"lazy\" decoding=\"async\" width=\"1022\" height=\"827\" data-id=\"4626\" src=\"https:\/\/schaffrath-haus.com\/wp-content\/uploads\/2024\/12\/Mirko-Aden_ATLANTIC-OCEAN_2023_40x50cm.jpg\" alt=\"\" class=\"wp-image-4626\" srcset=\"https:\/\/schaffrath-haus.com\/wp-content\/uploads\/2024\/12\/Mirko-Aden_ATLANTIC-OCEAN_2023_40x50cm.jpg 1022w, https:\/\/schaffrath-haus.com\/wp-content\/uploads\/2024\/12\/Mirko-Aden_ATLANTIC-OCEAN_2023_40x50cm-300x243.jpg 300w, https:\/\/schaffrath-haus.com\/wp-content\/uploads\/2024\/12\/Mirko-Aden_ATLANTIC-OCEAN_2023_40x50cm-768x621.jpg 768w\" sizes=\"(max-width: 1022px) 100vw, 1022px\" \/><\/a><\/figure>\n\n\n\n<figure class=\"wp-block-image size-large\"><a href=\"https:\/\/schaffrath-haus.com\/wp-content\/uploads\/2024\/12\/Mirko-Aden_Portraitfoto.jpg\"><img loading=\"lazy\" decoding=\"async\" width=\"951\" height=\"1024\" data-id=\"4627\" src=\"https:\/\/schaffrath-haus.com\/wp-content\/uploads\/2024\/12\/Mirko-Aden_Portraitfoto-951x1024.jpg\" alt=\"\" class=\"wp-image-4627\" srcset=\"https:\/\/schaffrath-haus.com\/wp-content\/uploads\/2024\/12\/Mirko-Aden_Portraitfoto-951x1024.jpg 951w, https:\/\/schaffrath-haus.com\/wp-content\/uploads\/2024\/12\/Mirko-Aden_Portraitfoto-279x300.jpg 279w, https:\/\/schaffrath-haus.com\/wp-content\/uploads\/2024\/12\/Mirko-Aden_Portraitfoto-768x827.jpg 768w, https:\/\/schaffrath-haus.com\/wp-content\/uploads\/2024\/12\/Mirko-Aden_Portraitfoto.jpg 977w\" sizes=\"(max-width: 951px) 100vw, 951px\" \/><\/a><\/figure>\n\n\n\n<figure class=\"wp-block-image size-large\"><a href=\"https:\/\/schaffrath-haus.com\/wp-content\/uploads\/2024\/12\/Mirko-Aden_YANG-MING_2023_40x50cm.jpg\"><img loading=\"lazy\" decoding=\"async\" width=\"917\" height=\"756\" data-id=\"4625\" src=\"https:\/\/schaffrath-haus.com\/wp-content\/uploads\/2024\/12\/Mirko-Aden_YANG-MING_2023_40x50cm.jpg\" alt=\"\" class=\"wp-image-4625\" srcset=\"https:\/\/schaffrath-haus.com\/wp-content\/uploads\/2024\/12\/Mirko-Aden_YANG-MING_2023_40x50cm.jpg 917w, https:\/\/schaffrath-haus.com\/wp-content\/uploads\/2024\/12\/Mirko-Aden_YANG-MING_2023_40x50cm-300x247.jpg 300w, https:\/\/schaffrath-haus.com\/wp-content\/uploads\/2024\/12\/Mirko-Aden_YANG-MING_2023_40x50cm-768x633.jpg 768w\" sizes=\"(max-width: 917px) 100vw, 917px\" \/><\/a><\/figure>\n<\/figure>\n\n\n\n<p class=\"has-green-color has-text-color has-link-color wp-elements-5865a2808420a27565e9facfb24dcfe3\"><strong>Hans-Dieter Ahlert \u2013 Malerei, Skulpturen<\/strong><\/p>\n\n\n\n<p class=\"has-small-font-size\">Nat\u00fcrlichen Formen, Reliefs und Strukturen, dem Raumerlebnis, dem Verh\u00e4ltnis von Licht und Schatten, gilt vornehmlich das k\u00fcnstlerische Interesse Hans-Dieter Ahlerts in seinen Grattagen, Assemblagen und Zeichnungen.<\/p>\n\n\n\n<figure class=\"wp-block-gallery has-nested-images columns-default is-cropped wp-block-gallery-3 is-layout-flex wp-block-gallery-is-layout-flex\">\n<figure class=\"wp-block-image size-large\"><a href=\"https:\/\/schaffrath-haus.com\/wp-content\/uploads\/2024\/12\/geogenese-1-hans-dieter-ahlert-35x35-cm.jpg\"><img loading=\"lazy\" decoding=\"async\" width=\"1006\" height=\"1024\" data-id=\"4629\" src=\"https:\/\/schaffrath-haus.com\/wp-content\/uploads\/2024\/12\/geogenese-1-hans-dieter-ahlert-35x35-cm-1006x1024.jpg\" alt=\"\" class=\"wp-image-4629\" srcset=\"https:\/\/schaffrath-haus.com\/wp-content\/uploads\/2024\/12\/geogenese-1-hans-dieter-ahlert-35x35-cm-1006x1024.jpg 1006w, https:\/\/schaffrath-haus.com\/wp-content\/uploads\/2024\/12\/geogenese-1-hans-dieter-ahlert-35x35-cm-295x300.jpg 295w, https:\/\/schaffrath-haus.com\/wp-content\/uploads\/2024\/12\/geogenese-1-hans-dieter-ahlert-35x35-cm-768x782.jpg 768w, https:\/\/schaffrath-haus.com\/wp-content\/uploads\/2024\/12\/geogenese-1-hans-dieter-ahlert-35x35-cm-1509x1536.jpg 1509w, https:\/\/schaffrath-haus.com\/wp-content\/uploads\/2024\/12\/geogenese-1-hans-dieter-ahlert-35x35-cm.jpg 1713w\" sizes=\"(max-width: 1006px) 100vw, 1006px\" \/><\/a><\/figure>\n\n\n\n<figure class=\"wp-block-image size-large\"><a href=\"https:\/\/schaffrath-haus.com\/wp-content\/uploads\/2024\/12\/geogenese-2-hans-dieter-ahlert-35x35-cm.jpg\"><img loading=\"lazy\" decoding=\"async\" width=\"967\" height=\"1024\" data-id=\"4628\" src=\"https:\/\/schaffrath-haus.com\/wp-content\/uploads\/2024\/12\/geogenese-2-hans-dieter-ahlert-35x35-cm-967x1024.jpg\" alt=\"\" class=\"wp-image-4628\" srcset=\"https:\/\/schaffrath-haus.com\/wp-content\/uploads\/2024\/12\/geogenese-2-hans-dieter-ahlert-35x35-cm-967x1024.jpg 967w, https:\/\/schaffrath-haus.com\/wp-content\/uploads\/2024\/12\/geogenese-2-hans-dieter-ahlert-35x35-cm-283x300.jpg 283w, https:\/\/schaffrath-haus.com\/wp-content\/uploads\/2024\/12\/geogenese-2-hans-dieter-ahlert-35x35-cm-768x813.jpg 768w, https:\/\/schaffrath-haus.com\/wp-content\/uploads\/2024\/12\/geogenese-2-hans-dieter-ahlert-35x35-cm-1451x1536.jpg 1451w, https:\/\/schaffrath-haus.com\/wp-content\/uploads\/2024\/12\/geogenese-2-hans-dieter-ahlert-35x35-cm.jpg 1850w\" sizes=\"(max-width: 967px) 100vw, 967px\" \/><\/a><\/figure>\n\n\n\n<figure class=\"wp-block-image size-large\"><a href=\"https:\/\/schaffrath-haus.com\/wp-content\/uploads\/2024\/12\/hans-dieter-ahlert-copyr-m-g-ahlert.jpg\"><img loading=\"lazy\" decoding=\"async\" width=\"1024\" height=\"768\" data-id=\"4630\" src=\"https:\/\/schaffrath-haus.com\/wp-content\/uploads\/2024\/12\/hans-dieter-ahlert-copyr-m-g-ahlert-1024x768.jpg\" alt=\"\" class=\"wp-image-4630\" srcset=\"https:\/\/schaffrath-haus.com\/wp-content\/uploads\/2024\/12\/hans-dieter-ahlert-copyr-m-g-ahlert-1024x768.jpg 1024w, https:\/\/schaffrath-haus.com\/wp-content\/uploads\/2024\/12\/hans-dieter-ahlert-copyr-m-g-ahlert-300x225.jpg 300w, https:\/\/schaffrath-haus.com\/wp-content\/uploads\/2024\/12\/hans-dieter-ahlert-copyr-m-g-ahlert-768x576.jpg 768w, https:\/\/schaffrath-haus.com\/wp-content\/uploads\/2024\/12\/hans-dieter-ahlert-copyr-m-g-ahlert-1536x1152.jpg 1536w, https:\/\/schaffrath-haus.com\/wp-content\/uploads\/2024\/12\/hans-dieter-ahlert-copyr-m-g-ahlert.jpg 1608w\" sizes=\"(max-width: 1024px) 100vw, 1024px\" \/><\/a><\/figure>\n<\/figure>\n\n\n\n<p class=\"has-green-color has-text-color has-link-color wp-elements-90cb765f25377e0fc9e92fed0c64ce7a\"><strong>Marie-Gabriele Ahlert \u2013 Malerei, Skulpturen<\/strong><\/p>\n\n\n\n<p class=\"has-small-font-size\">Marie-Gabriele Ahlerts florale Objekte einerseits, abstrakte oft geometrische, strukturierte oder gegl\u00e4ttete und polierte Formen andererseits, sind die Schwerpunkte der keramischen Bildhauerin.<\/p>\n\n\n\n<figure class=\"wp-block-gallery has-nested-images columns-default is-cropped wp-block-gallery-4 is-layout-flex wp-block-gallery-is-layout-flex\">\n<figure class=\"wp-block-image size-large\"><a href=\"https:\/\/schaffrath-haus.com\/wp-content\/uploads\/2024\/12\/Florales-Objekt-marie-gabriele-ahlert-scaled.jpg\"><img loading=\"lazy\" decoding=\"async\" width=\"535\" height=\"1024\" data-id=\"4633\" src=\"https:\/\/schaffrath-haus.com\/wp-content\/uploads\/2024\/12\/Florales-Objekt-marie-gabriele-ahlert-535x1024.jpg\" alt=\"\" class=\"wp-image-4633\" srcset=\"https:\/\/schaffrath-haus.com\/wp-content\/uploads\/2024\/12\/Florales-Objekt-marie-gabriele-ahlert-535x1024.jpg 535w, https:\/\/schaffrath-haus.com\/wp-content\/uploads\/2024\/12\/Florales-Objekt-marie-gabriele-ahlert-157x300.jpg 157w, https:\/\/schaffrath-haus.com\/wp-content\/uploads\/2024\/12\/Florales-Objekt-marie-gabriele-ahlert-768x1469.jpg 768w, https:\/\/schaffrath-haus.com\/wp-content\/uploads\/2024\/12\/Florales-Objekt-marie-gabriele-ahlert-803x1536.jpg 803w, https:\/\/schaffrath-haus.com\/wp-content\/uploads\/2024\/12\/Florales-Objekt-marie-gabriele-ahlert-1071x2048.jpg 1071w, https:\/\/schaffrath-haus.com\/wp-content\/uploads\/2024\/12\/Florales-Objekt-marie-gabriele-ahlert-scaled.jpg 1338w\" sizes=\"(max-width: 535px) 100vw, 535px\" \/><\/a><\/figure>\n\n\n\n<figure class=\"wp-block-image size-large\"><a href=\"https:\/\/schaffrath-haus.com\/wp-content\/uploads\/2024\/12\/marie-gabriele-ahlert-copyr.h-d-ahlert.jpg\"><img loading=\"lazy\" decoding=\"async\" width=\"915\" height=\"1024\" data-id=\"4631\" src=\"https:\/\/schaffrath-haus.com\/wp-content\/uploads\/2024\/12\/marie-gabriele-ahlert-copyr.h-d-ahlert-915x1024.jpg\" alt=\"\" class=\"wp-image-4631\" srcset=\"https:\/\/schaffrath-haus.com\/wp-content\/uploads\/2024\/12\/marie-gabriele-ahlert-copyr.h-d-ahlert-915x1024.jpg 915w, https:\/\/schaffrath-haus.com\/wp-content\/uploads\/2024\/12\/marie-gabriele-ahlert-copyr.h-d-ahlert-268x300.jpg 268w, https:\/\/schaffrath-haus.com\/wp-content\/uploads\/2024\/12\/marie-gabriele-ahlert-copyr.h-d-ahlert-768x859.jpg 768w, https:\/\/schaffrath-haus.com\/wp-content\/uploads\/2024\/12\/marie-gabriele-ahlert-copyr.h-d-ahlert.jpg 1077w\" sizes=\"(max-width: 915px) 100vw, 915px\" \/><\/a><\/figure>\n\n\n\n<figure class=\"wp-block-image size-large\"><a href=\"https:\/\/schaffrath-haus.com\/wp-content\/uploads\/2024\/12\/Torsoraku-marie-gabriele-ahlert-scaled.jpg\"><img loading=\"lazy\" decoding=\"async\" width=\"522\" height=\"1024\" data-id=\"4632\" src=\"https:\/\/schaffrath-haus.com\/wp-content\/uploads\/2024\/12\/Torsoraku-marie-gabriele-ahlert-522x1024.jpg\" alt=\"\" class=\"wp-image-4632\" srcset=\"https:\/\/schaffrath-haus.com\/wp-content\/uploads\/2024\/12\/Torsoraku-marie-gabriele-ahlert-522x1024.jpg 522w, https:\/\/schaffrath-haus.com\/wp-content\/uploads\/2024\/12\/Torsoraku-marie-gabriele-ahlert-153x300.jpg 153w, https:\/\/schaffrath-haus.com\/wp-content\/uploads\/2024\/12\/Torsoraku-marie-gabriele-ahlert-768x1508.jpg 768w, https:\/\/schaffrath-haus.com\/wp-content\/uploads\/2024\/12\/Torsoraku-marie-gabriele-ahlert-782x1536.jpg 782w, https:\/\/schaffrath-haus.com\/wp-content\/uploads\/2024\/12\/Torsoraku-marie-gabriele-ahlert-1043x2048.jpg 1043w, https:\/\/schaffrath-haus.com\/wp-content\/uploads\/2024\/12\/Torsoraku-marie-gabriele-ahlert-scaled.jpg 1304w\" sizes=\"(max-width: 522px) 100vw, 522px\" \/><\/a><\/figure>\n<\/figure>\n\n\n\n<p class=\"has-green-color has-text-color has-link-color wp-elements-d362e581a55ccb8273dd2117df269244\"><strong>Joep Albertz \u2013 Malerei, Acrylbilder<\/strong><\/p>\n\n\n\n<p class=\"has-small-font-size\">Eisenbieger \/ Betonbauer \/ Architekt Joep Albertz kam irgendwann zur Kunst. Seine Bilder sind \u201cGegenstandslos\u201d und leben von der Farbe. Durch transparente Farbschichten wird Tiefe erzeugt. Er schafft Dynamik und R\u00e4umlichkeit mit Farbfl\u00e4chen die sich \u00fcber das Bild ausbreiten.<\/p>\n\n\n\n<figure class=\"wp-block-gallery has-nested-images columns-default is-cropped wp-block-gallery-5 is-layout-flex wp-block-gallery-is-layout-flex\">\n<figure class=\"wp-block-image size-large\"><a href=\"https:\/\/schaffrath-haus.com\/wp-content\/uploads\/2024\/12\/Joep-Albertz-1480-copyright-J.-Albertz.jpeg\"><img loading=\"lazy\" decoding=\"async\" width=\"729\" height=\"1024\" data-id=\"4634\" src=\"https:\/\/schaffrath-haus.com\/wp-content\/uploads\/2024\/12\/Joep-Albertz-1480-copyright-J.-Albertz-729x1024.jpeg\" alt=\"\" class=\"wp-image-4634\" srcset=\"https:\/\/schaffrath-haus.com\/wp-content\/uploads\/2024\/12\/Joep-Albertz-1480-copyright-J.-Albertz-729x1024.jpeg 729w, https:\/\/schaffrath-haus.com\/wp-content\/uploads\/2024\/12\/Joep-Albertz-1480-copyright-J.-Albertz-214x300.jpeg 214w, https:\/\/schaffrath-haus.com\/wp-content\/uploads\/2024\/12\/Joep-Albertz-1480-copyright-J.-Albertz-768x1079.jpeg 768w, https:\/\/schaffrath-haus.com\/wp-content\/uploads\/2024\/12\/Joep-Albertz-1480-copyright-J.-Albertz.jpeg 911w\" sizes=\"(max-width: 729px) 100vw, 729px\" \/><\/a><\/figure>\n\n\n\n<figure class=\"wp-block-image size-large\"><a href=\"https:\/\/schaffrath-haus.com\/wp-content\/uploads\/2024\/12\/Joep-Albertz-1490-copyright-J.-Albertz.jpeg\"><img loading=\"lazy\" decoding=\"async\" width=\"729\" height=\"1024\" data-id=\"4635\" src=\"https:\/\/schaffrath-haus.com\/wp-content\/uploads\/2024\/12\/Joep-Albertz-1490-copyright-J.-Albertz-729x1024.jpeg\" alt=\"\" class=\"wp-image-4635\" srcset=\"https:\/\/schaffrath-haus.com\/wp-content\/uploads\/2024\/12\/Joep-Albertz-1490-copyright-J.-Albertz-729x1024.jpeg 729w, https:\/\/schaffrath-haus.com\/wp-content\/uploads\/2024\/12\/Joep-Albertz-1490-copyright-J.-Albertz-214x300.jpeg 214w, https:\/\/schaffrath-haus.com\/wp-content\/uploads\/2024\/12\/Joep-Albertz-1490-copyright-J.-Albertz-768x1079.jpeg 768w, https:\/\/schaffrath-haus.com\/wp-content\/uploads\/2024\/12\/Joep-Albertz-1490-copyright-J.-Albertz.jpeg 911w\" sizes=\"(max-width: 729px) 100vw, 729px\" \/><\/a><\/figure>\n\n\n\n<figure class=\"wp-block-image size-large\"><a href=\"https:\/\/schaffrath-haus.com\/wp-content\/uploads\/2024\/12\/Joep-Albertz-Portrait-copyright-J.-Albertz.jpg\"><img loading=\"lazy\" decoding=\"async\" width=\"717\" height=\"972\" data-id=\"4636\" src=\"https:\/\/schaffrath-haus.com\/wp-content\/uploads\/2024\/12\/Joep-Albertz-Portrait-copyright-J.-Albertz.jpg\" alt=\"\" class=\"wp-image-4636\" srcset=\"https:\/\/schaffrath-haus.com\/wp-content\/uploads\/2024\/12\/Joep-Albertz-Portrait-copyright-J.-Albertz.jpg 717w, https:\/\/schaffrath-haus.com\/wp-content\/uploads\/2024\/12\/Joep-Albertz-Portrait-copyright-J.-Albertz-221x300.jpg 221w\" sizes=\"(max-width: 717px) 100vw, 717px\" \/><\/a><\/figure>\n<\/figure>\n\n\n\n<p class=\"has-green-color has-text-color has-link-color wp-elements-0f7730a8b997e4f693a110f09689ce2f\"><strong>Herbert Aretz \u2013 Malerei<\/strong><\/p>\n\n\n\n<p class=\"has-small-font-size\">Herbert Aretz, Architekt mit Wohnsitz in Geilenkirchen: Neben Zeichnen und Skizzieren mit Tusche\/Kohle\/Bleistift steht im Mittelpunkt die Aquarellmalerei. Hier wiederum liegt der Schwerpunkt der k\u00fcnstlerischen T\u00e4tigkeit im Umfeld von Architektur sowie verg\u00e4nglichen Industrielandschaften.<\/p>\n\n\n\n<figure class=\"wp-block-gallery has-nested-images columns-default is-cropped wp-block-gallery-6 is-layout-flex wp-block-gallery-is-layout-flex\">\n<figure class=\"wp-block-image size-large\"><a href=\"https:\/\/schaffrath-haus.com\/wp-content\/uploads\/2024\/12\/herbert-aretz-Portrait.jpg\"><img loading=\"lazy\" decoding=\"async\" width=\"330\" height=\"440\" data-id=\"4637\" src=\"https:\/\/schaffrath-haus.com\/wp-content\/uploads\/2024\/12\/herbert-aretz-Portrait.jpg\" alt=\"\" class=\"wp-image-4637\" srcset=\"https:\/\/schaffrath-haus.com\/wp-content\/uploads\/2024\/12\/herbert-aretz-Portrait.jpg 330w, https:\/\/schaffrath-haus.com\/wp-content\/uploads\/2024\/12\/herbert-aretz-Portrait-225x300.jpg 225w\" sizes=\"(max-width: 330px) 100vw, 330px\" \/><\/a><\/figure>\n\n\n\n<figure class=\"wp-block-image size-large\"><a href=\"https:\/\/schaffrath-haus.com\/wp-content\/uploads\/2024\/12\/Herbert_Aretz_Hattingen_50x60-scaled.jpg\"><img loading=\"lazy\" decoding=\"async\" width=\"728\" height=\"1024\" data-id=\"4639\" src=\"https:\/\/schaffrath-haus.com\/wp-content\/uploads\/2024\/12\/Herbert_Aretz_Hattingen_50x60-728x1024.jpg\" alt=\"\" class=\"wp-image-4639\" srcset=\"https:\/\/schaffrath-haus.com\/wp-content\/uploads\/2024\/12\/Herbert_Aretz_Hattingen_50x60-728x1024.jpg 728w, https:\/\/schaffrath-haus.com\/wp-content\/uploads\/2024\/12\/Herbert_Aretz_Hattingen_50x60-213x300.jpg 213w, https:\/\/schaffrath-haus.com\/wp-content\/uploads\/2024\/12\/Herbert_Aretz_Hattingen_50x60-768x1081.jpg 768w, https:\/\/schaffrath-haus.com\/wp-content\/uploads\/2024\/12\/Herbert_Aretz_Hattingen_50x60-1091x1536.jpg 1091w, https:\/\/schaffrath-haus.com\/wp-content\/uploads\/2024\/12\/Herbert_Aretz_Hattingen_50x60-1455x2048.jpg 1455w, https:\/\/schaffrath-haus.com\/wp-content\/uploads\/2024\/12\/Herbert_Aretz_Hattingen_50x60-scaled.jpg 1819w\" sizes=\"(max-width: 728px) 100vw, 728px\" \/><\/a><\/figure>\n\n\n\n<figure class=\"wp-block-image size-large\"><a href=\"https:\/\/schaffrath-haus.com\/wp-content\/uploads\/2024\/12\/Herbert_Aretz_Sturmflut_56x78-scaled.jpg\"><img loading=\"lazy\" decoding=\"async\" width=\"1024\" height=\"717\" data-id=\"4638\" src=\"https:\/\/schaffrath-haus.com\/wp-content\/uploads\/2024\/12\/Herbert_Aretz_Sturmflut_56x78-1024x717.jpg\" alt=\"\" class=\"wp-image-4638\" srcset=\"https:\/\/schaffrath-haus.com\/wp-content\/uploads\/2024\/12\/Herbert_Aretz_Sturmflut_56x78-1024x717.jpg 1024w, https:\/\/schaffrath-haus.com\/wp-content\/uploads\/2024\/12\/Herbert_Aretz_Sturmflut_56x78-300x210.jpg 300w, https:\/\/schaffrath-haus.com\/wp-content\/uploads\/2024\/12\/Herbert_Aretz_Sturmflut_56x78-768x537.jpg 768w, https:\/\/schaffrath-haus.com\/wp-content\/uploads\/2024\/12\/Herbert_Aretz_Sturmflut_56x78-1536x1075.jpg 1536w, https:\/\/schaffrath-haus.com\/wp-content\/uploads\/2024\/12\/Herbert_Aretz_Sturmflut_56x78-2048x1433.jpg 2048w\" sizes=\"(max-width: 1024px) 100vw, 1024px\" \/><\/a><\/figure>\n<\/figure>\n\n\n\n<p class=\"has-green-color has-text-color has-link-color wp-elements-9efb59701ec7c7784c38d3395032671e\"><strong>Willi Arlt &#8211; Skulpturen<\/strong><\/p>\n\n\n\n<p class=\"has-small-font-size\">Willi Arlt arbeitet mit Eisen. Es kommt vornehmlich Baustahl zum Einsatz. Es entstehen kleinere Skulpturen in einer eigenentwickelten Aufschwei\u00dftechnik, die meist reduzierte menschliche Gestalten darstellen. Au\u00dferdem erarbeitet er Eisenreliefbilder. Bei den Arbeiten f\u00fcr den Au\u00dfenbereich finden sich hier meist die menschliche Gestalt wieder, es sind jedoch auch abstrakte Formen m\u00f6glich. Nachdem er Jahrzehnte nur Kunst konsumierte, begann er zum Ende des letzten Jahrtausends selber Kunstwerke zu schaffen. Seine Kunst ist eine Synthese aus Spiel und Vernunft, die sich im Laufe der Jahre entwickelte.<\/p>\n\n\n\n<figure class=\"wp-block-gallery has-nested-images columns-default is-cropped wp-block-gallery-7 is-layout-flex wp-block-gallery-is-layout-flex\">\n<figure class=\"wp-block-image size-large\"><a href=\"https:\/\/schaffrath-haus.com\/wp-content\/uploads\/2024\/12\/Bild-Willi-Arlt.jpg\"><img loading=\"lazy\" decoding=\"async\" width=\"724\" height=\"1024\" data-id=\"4642\" src=\"https:\/\/schaffrath-haus.com\/wp-content\/uploads\/2024\/12\/Bild-Willi-Arlt-724x1024.jpg\" alt=\"\" class=\"wp-image-4642\" srcset=\"https:\/\/schaffrath-haus.com\/wp-content\/uploads\/2024\/12\/Bild-Willi-Arlt-724x1024.jpg 724w, https:\/\/schaffrath-haus.com\/wp-content\/uploads\/2024\/12\/Bild-Willi-Arlt-212x300.jpg 212w, https:\/\/schaffrath-haus.com\/wp-content\/uploads\/2024\/12\/Bild-Willi-Arlt-768x1086.jpg 768w, https:\/\/schaffrath-haus.com\/wp-content\/uploads\/2024\/12\/Bild-Willi-Arlt-1086x1536.jpg 1086w, https:\/\/schaffrath-haus.com\/wp-content\/uploads\/2024\/12\/Bild-Willi-Arlt-1448x2048.jpg 1448w, https:\/\/schaffrath-haus.com\/wp-content\/uploads\/2024\/12\/Bild-Willi-Arlt.jpg 1654w\" sizes=\"(max-width: 724px) 100vw, 724px\" \/><\/a><\/figure>\n\n\n\n<figure class=\"wp-block-image size-large\"><a href=\"https:\/\/schaffrath-haus.com\/wp-content\/uploads\/2024\/12\/Willi-Arlt-zusammen-1.jpg\"><img loading=\"lazy\" decoding=\"async\" width=\"473\" height=\"598\" data-id=\"4640\" src=\"https:\/\/schaffrath-haus.com\/wp-content\/uploads\/2024\/12\/Willi-Arlt-zusammen-1.jpg\" alt=\"\" class=\"wp-image-4640\" srcset=\"https:\/\/schaffrath-haus.com\/wp-content\/uploads\/2024\/12\/Willi-Arlt-zusammen-1.jpg 473w, https:\/\/schaffrath-haus.com\/wp-content\/uploads\/2024\/12\/Willi-Arlt-zusammen-1-237x300.jpg 237w\" sizes=\"(max-width: 473px) 100vw, 473px\" \/><\/a><\/figure>\n\n\n\n<figure class=\"wp-block-image size-large\"><a href=\"https:\/\/schaffrath-haus.com\/wp-content\/uploads\/2024\/12\/Willi-Arlt-zusammen-2.jpg\"><img loading=\"lazy\" decoding=\"async\" width=\"571\" height=\"649\" data-id=\"4641\" src=\"https:\/\/schaffrath-haus.com\/wp-content\/uploads\/2024\/12\/Willi-Arlt-zusammen-2.jpg\" alt=\"\" class=\"wp-image-4641\" srcset=\"https:\/\/schaffrath-haus.com\/wp-content\/uploads\/2024\/12\/Willi-Arlt-zusammen-2.jpg 571w, https:\/\/schaffrath-haus.com\/wp-content\/uploads\/2024\/12\/Willi-Arlt-zusammen-2-264x300.jpg 264w\" sizes=\"(max-width: 571px) 100vw, 571px\" \/><\/a><\/figure>\n<\/figure>\n\n\n\n<p class=\"has-green-color has-text-color has-link-color wp-elements-fc807ed953d819079c56430a6ff13ed1\"><strong>Rainer Bauer &#8211; Malerei<\/strong><\/p>\n\n\n\n<p class=\"has-small-font-size\">Rainer Bauers Bilder zeigen oft menschliche Eingriffe in die Natur. Sie zeugen von Spuren menschlicher Existenz, Erfahrungen, dass man eigentlich niemals allein ist, und in einem auch noch so verlassenen Szenario einem immer wieder etwas begegnet, was an die Anwesenheit des Menschen erinnert. Strukturen von Landschaftsr\u00e4umen bahnen in ihrer scheinbaren Zuf\u00e4lligkeit via Malprozess Ordnungen an, deren Abstraktion die Realit\u00e4t wieder einholt. Details wie Farne, Gestr\u00fcpp, \u00c4ste, die aus dem Wasser ragen, Konturen von B\u00e4umen, das Spiel von Licht und Schatten, k\u00f6nnen f\u00fcr ihn ebenso wie die perspektivischen Verk\u00fcrzungen, versteckte Geometrien, Ornamente Leitlinien darstellen, an denen sich der Bildraum behauptet und er so etwas wie Sehnsucht oder Romantik ausleben kann.<\/p>\n\n\n\n<figure class=\"wp-block-gallery has-nested-images columns-default is-cropped wp-block-gallery-8 is-layout-flex wp-block-gallery-is-layout-flex\">\n<figure class=\"wp-block-image size-large\"><a href=\"https:\/\/schaffrath-haus.com\/wp-content\/uploads\/2024\/12\/rainer-bauer-Portraitfoto_0001.jpg\"><img loading=\"lazy\" decoding=\"async\" width=\"768\" height=\"1024\" data-id=\"4643\" src=\"https:\/\/schaffrath-haus.com\/wp-content\/uploads\/2024\/12\/rainer-bauer-Portraitfoto_0001-768x1024.jpg\" alt=\"\" class=\"wp-image-4643\" srcset=\"https:\/\/schaffrath-haus.com\/wp-content\/uploads\/2024\/12\/rainer-bauer-Portraitfoto_0001-768x1024.jpg 768w, https:\/\/schaffrath-haus.com\/wp-content\/uploads\/2024\/12\/rainer-bauer-Portraitfoto_0001-225x300.jpg 225w, https:\/\/schaffrath-haus.com\/wp-content\/uploads\/2024\/12\/rainer-bauer-Portraitfoto_0001-1152x1536.jpg 1152w, https:\/\/schaffrath-haus.com\/wp-content\/uploads\/2024\/12\/rainer-bauer-Portraitfoto_0001.jpg 1438w\" sizes=\"(max-width: 768px) 100vw, 768px\" \/><\/a><\/figure>\n\n\n\n<figure class=\"wp-block-image size-large\"><a href=\"https:\/\/schaffrath-haus.com\/wp-content\/uploads\/2024\/12\/Sterntaenzer-copyright-Rainer-Bauer--scaled.jpg\"><img loading=\"lazy\" decoding=\"async\" width=\"709\" height=\"1024\" data-id=\"4644\" src=\"https:\/\/schaffrath-haus.com\/wp-content\/uploads\/2024\/12\/Sterntaenzer-copyright-Rainer-Bauer--709x1024.jpg\" alt=\"\" class=\"wp-image-4644\" srcset=\"https:\/\/schaffrath-haus.com\/wp-content\/uploads\/2024\/12\/Sterntaenzer-copyright-Rainer-Bauer--709x1024.jpg 709w, https:\/\/schaffrath-haus.com\/wp-content\/uploads\/2024\/12\/Sterntaenzer-copyright-Rainer-Bauer--208x300.jpg 208w, https:\/\/schaffrath-haus.com\/wp-content\/uploads\/2024\/12\/Sterntaenzer-copyright-Rainer-Bauer--768x1109.jpg 768w, https:\/\/schaffrath-haus.com\/wp-content\/uploads\/2024\/12\/Sterntaenzer-copyright-Rainer-Bauer--1063x1536.jpg 1063w, https:\/\/schaffrath-haus.com\/wp-content\/uploads\/2024\/12\/Sterntaenzer-copyright-Rainer-Bauer--1418x2048.jpg 1418w, https:\/\/schaffrath-haus.com\/wp-content\/uploads\/2024\/12\/Sterntaenzer-copyright-Rainer-Bauer--scaled.jpg 1772w\" sizes=\"(max-width: 709px) 100vw, 709px\" \/><\/a><\/figure>\n\n\n\n<figure class=\"wp-block-image size-large\"><a href=\"https:\/\/schaffrath-haus.com\/wp-content\/uploads\/2024\/12\/Vorfruehlingswald-copyright-Rainer-Bauer--scaled.jpg\"><img loading=\"lazy\" decoding=\"async\" width=\"1024\" height=\"734\" data-id=\"4645\" src=\"https:\/\/schaffrath-haus.com\/wp-content\/uploads\/2024\/12\/Vorfruehlingswald-copyright-Rainer-Bauer--1024x734.jpg\" alt=\"\" class=\"wp-image-4645\" srcset=\"https:\/\/schaffrath-haus.com\/wp-content\/uploads\/2024\/12\/Vorfruehlingswald-copyright-Rainer-Bauer--1024x734.jpg 1024w, https:\/\/schaffrath-haus.com\/wp-content\/uploads\/2024\/12\/Vorfruehlingswald-copyright-Rainer-Bauer--300x215.jpg 300w, https:\/\/schaffrath-haus.com\/wp-content\/uploads\/2024\/12\/Vorfruehlingswald-copyright-Rainer-Bauer--768x550.jpg 768w, https:\/\/schaffrath-haus.com\/wp-content\/uploads\/2024\/12\/Vorfruehlingswald-copyright-Rainer-Bauer--1536x1100.jpg 1536w, https:\/\/schaffrath-haus.com\/wp-content\/uploads\/2024\/12\/Vorfruehlingswald-copyright-Rainer-Bauer--2048x1467.jpg 2048w\" sizes=\"(max-width: 1024px) 100vw, 1024px\" \/><\/a><\/figure>\n<\/figure>\n\n\n\n<p class=\"has-green-color has-text-color has-link-color wp-elements-155b7f66ef1ed87eea8b86dfad757a23\"><strong>Liesbeth Boon \u2013 Glasapplikationen, Glasskulpturen<\/strong><\/p>\n\n\n\n<p class=\"has-small-font-size\">Die Kunst hatte schon immer ihre Aufmerksamkeit, sowohl aktiv als auch passiv. Sie zeichnet, malt und hat mit vielen Techniken gearbeitet, darunter Grafik, Keramik, Bildhauerei und Bronzeguss. Nach ihrer Lehr- und Museumskarriere gr\u00fcndete sie 2014 als bildende K\u00fcnstlerin ihr eigenes Glasatelier in Utrecht. Bei der Arbeit mit Glas kommt f\u00fcr sie alles zusammen, sowohl beim Zeichnen und Malen auf einer ebenen Fl\u00e4che als auch beim Arbeiten in drei Dimensionen. Neben Buntglas, Glasapplikationen und Glasmalerei besch\u00e4ftigt sie sich auch mit Glasschmelzen, Siebdruck, Glasguss und Glas in Beton. Zeichnen und Malen bleiben die Grundlage ihrer Arbeit, ausgel\u00f6st durch das Gew\u00f6hnliche und Allt\u00e4gliche, das dann von ihrer Fantasie \u00fcbernommen wird. So wie ein Traum zuf\u00e4llig aus Bildern Ihres Gehirns entsteht und ihnen eine Bedeutung gibt oder noch mehr R\u00e4tsel aufwirft. Das kann angenehm, aber auch unangenehm sein. Indem man dies untersucht und ihm eine Form gibt, ist es m\u00f6glich, sich davon zu distanzieren.<\/p>\n\n\n\n<figure class=\"wp-block-gallery has-nested-images columns-default is-cropped wp-block-gallery-9 is-layout-flex wp-block-gallery-is-layout-flex\">\n<figure class=\"wp-block-image size-large\"><a href=\"https:\/\/schaffrath-haus.com\/wp-content\/uploads\/2024\/12\/Liesbeth-Boon-465-x-465-cm-Overgave-1-geetst-en-gebrandschilderdglasapplique-.jpg\"><img loading=\"lazy\" decoding=\"async\" width=\"1024\" height=\"1024\" data-id=\"4647\" src=\"https:\/\/schaffrath-haus.com\/wp-content\/uploads\/2024\/12\/Liesbeth-Boon-465-x-465-cm-Overgave-1-geetst-en-gebrandschilderdglasapplique--1024x1024.jpg\" alt=\"\" class=\"wp-image-4647\" srcset=\"https:\/\/schaffrath-haus.com\/wp-content\/uploads\/2024\/12\/Liesbeth-Boon-465-x-465-cm-Overgave-1-geetst-en-gebrandschilderdglasapplique--1024x1024.jpg 1024w, https:\/\/schaffrath-haus.com\/wp-content\/uploads\/2024\/12\/Liesbeth-Boon-465-x-465-cm-Overgave-1-geetst-en-gebrandschilderdglasapplique--300x300.jpg 300w, https:\/\/schaffrath-haus.com\/wp-content\/uploads\/2024\/12\/Liesbeth-Boon-465-x-465-cm-Overgave-1-geetst-en-gebrandschilderdglasapplique--150x150.jpg 150w, https:\/\/schaffrath-haus.com\/wp-content\/uploads\/2024\/12\/Liesbeth-Boon-465-x-465-cm-Overgave-1-geetst-en-gebrandschilderdglasapplique--768x768.jpg 768w, https:\/\/schaffrath-haus.com\/wp-content\/uploads\/2024\/12\/Liesbeth-Boon-465-x-465-cm-Overgave-1-geetst-en-gebrandschilderdglasapplique--1536x1536.jpg 1536w, https:\/\/schaffrath-haus.com\/wp-content\/uploads\/2024\/12\/Liesbeth-Boon-465-x-465-cm-Overgave-1-geetst-en-gebrandschilderdglasapplique-.jpg 1616w\" sizes=\"(max-width: 1024px) 100vw, 1024px\" \/><\/a><\/figure>\n\n\n\n<figure class=\"wp-block-image size-large\"><a href=\"https:\/\/schaffrath-haus.com\/wp-content\/uploads\/2024\/12\/Liesbeth-Boon-55-x-20-x-46-cm-Zwevend-landschap-1-driedimensionale-compositie-van-gefused-gebrandschilderd-en-met-een-mal-gevormd-glas.jpg\"><img loading=\"lazy\" decoding=\"async\" width=\"885\" height=\"1024\" data-id=\"4648\" src=\"https:\/\/schaffrath-haus.com\/wp-content\/uploads\/2024\/12\/Liesbeth-Boon-55-x-20-x-46-cm-Zwevend-landschap-1-driedimensionale-compositie-van-gefused-gebrandschilderd-en-met-een-mal-gevormd-glas-885x1024.jpg\" alt=\"\" class=\"wp-image-4648\" srcset=\"https:\/\/schaffrath-haus.com\/wp-content\/uploads\/2024\/12\/Liesbeth-Boon-55-x-20-x-46-cm-Zwevend-landschap-1-driedimensionale-compositie-van-gefused-gebrandschilderd-en-met-een-mal-gevormd-glas-885x1024.jpg 885w, https:\/\/schaffrath-haus.com\/wp-content\/uploads\/2024\/12\/Liesbeth-Boon-55-x-20-x-46-cm-Zwevend-landschap-1-driedimensionale-compositie-van-gefused-gebrandschilderd-en-met-een-mal-gevormd-glas-259x300.jpg 259w, https:\/\/schaffrath-haus.com\/wp-content\/uploads\/2024\/12\/Liesbeth-Boon-55-x-20-x-46-cm-Zwevend-landschap-1-driedimensionale-compositie-van-gefused-gebrandschilderd-en-met-een-mal-gevormd-glas-768x888.jpg 768w, https:\/\/schaffrath-haus.com\/wp-content\/uploads\/2024\/12\/Liesbeth-Boon-55-x-20-x-46-cm-Zwevend-landschap-1-driedimensionale-compositie-van-gefused-gebrandschilderd-en-met-een-mal-gevormd-glas-1328x1536.jpg 1328w, https:\/\/schaffrath-haus.com\/wp-content\/uploads\/2024\/12\/Liesbeth-Boon-55-x-20-x-46-cm-Zwevend-landschap-1-driedimensionale-compositie-van-gefused-gebrandschilderd-en-met-een-mal-gevormd-glas-1771x2048.jpg 1771w\" sizes=\"(max-width: 885px) 100vw, 885px\" \/><\/a><\/figure>\n\n\n\n<figure class=\"wp-block-image size-large\"><a href=\"https:\/\/schaffrath-haus.com\/wp-content\/uploads\/2024\/12\/Liesbeth-Boon.jpg\"><img loading=\"lazy\" decoding=\"async\" width=\"1024\" height=\"995\" data-id=\"4646\" src=\"https:\/\/schaffrath-haus.com\/wp-content\/uploads\/2024\/12\/Liesbeth-Boon-1024x995.jpg\" alt=\"\" class=\"wp-image-4646\" srcset=\"https:\/\/schaffrath-haus.com\/wp-content\/uploads\/2024\/12\/Liesbeth-Boon-1024x995.jpg 1024w, https:\/\/schaffrath-haus.com\/wp-content\/uploads\/2024\/12\/Liesbeth-Boon-300x291.jpg 300w, https:\/\/schaffrath-haus.com\/wp-content\/uploads\/2024\/12\/Liesbeth-Boon-768x746.jpg 768w, https:\/\/schaffrath-haus.com\/wp-content\/uploads\/2024\/12\/Liesbeth-Boon-1536x1492.jpg 1536w, https:\/\/schaffrath-haus.com\/wp-content\/uploads\/2024\/12\/Liesbeth-Boon.jpg 1772w\" sizes=\"(max-width: 1024px) 100vw, 1024px\" \/><\/a><\/figure>\n<\/figure>\n\n\n\n<p class=\"has-green-color has-text-color has-link-color wp-elements-74f36301e4df249c5de01768f05ffb2e\"><strong>Kiki Bragard &#8211; Malerei<\/strong><\/p>\n\n\n\n<p class=\"has-small-font-size\">Kiki Bragard, in Aachen geboren, ist seit den 80er Jahren viel gereist und war in vielen L\u00e4ndern zuhause, was Sie inspiriert, neben aufregenden Abstraktionen und Konstruktionen auf Leinwand, ihre originellen \u201cCity-Shapes\u201d St\u00e4dteportraits zu malen. Die ersten Kunstwerke entstanden 1995, als sie in Tokyo lebte. Menschen sieht man selten in ihren Stadtbildern. Die Umgebung und die Architektur sprechen f\u00fcr sich selbst. Die Seele einer Stadt zu finden, die Stimmung einer Stadt einzufangen und die positiven Schwingungen festzuhalten ist stets das Thema. Das Ergebnis sind fr\u00f6hliche, positive Kunstwerke. Ihr unverkennbarer \u201cPr\u00e4zise &#8211; Unpr\u00e4zise\u201c Stil, das es in ihren Bildern nie Schatten gibt und jedes Element schwarz umrandet ist, verleihen den Werken ihren einzigartigen Wiedererkennungseffekt! 2018 ver\u00f6ffentlichte sie im Selbstverlag das Buch \u201eAachens kunterbunte Unternehmenswelt \u2013 Von der Printe bis zur Lederhose\u201c, ein von ihr gemaltes und geschriebenes Buch \u00fcber 110 traditionelle, inhabergef\u00fchrte Aachener Unternehmen.<\/p>\n\n\n\n<figure class=\"wp-block-gallery has-nested-images columns-default is-cropped wp-block-gallery-10 is-layout-flex wp-block-gallery-is-layout-flex\">\n<figure class=\"wp-block-image size-large\"><a href=\"https:\/\/schaffrath-haus.com\/wp-content\/uploads\/2025\/01\/Kiki-Bragard-DuSable-Bridge-Chicago-scaled.jpg\"><img loading=\"lazy\" decoding=\"async\" width=\"683\" height=\"1024\" data-id=\"4876\" src=\"https:\/\/schaffrath-haus.com\/wp-content\/uploads\/2025\/01\/Kiki-Bragard-DuSable-Bridge-Chicago-683x1024.jpg\" alt=\"\" class=\"wp-image-4876\" srcset=\"https:\/\/schaffrath-haus.com\/wp-content\/uploads\/2025\/01\/Kiki-Bragard-DuSable-Bridge-Chicago-683x1024.jpg 683w, https:\/\/schaffrath-haus.com\/wp-content\/uploads\/2025\/01\/Kiki-Bragard-DuSable-Bridge-Chicago-200x300.jpg 200w, https:\/\/schaffrath-haus.com\/wp-content\/uploads\/2025\/01\/Kiki-Bragard-DuSable-Bridge-Chicago-768x1151.jpg 768w, https:\/\/schaffrath-haus.com\/wp-content\/uploads\/2025\/01\/Kiki-Bragard-DuSable-Bridge-Chicago-1025x1536.jpg 1025w, https:\/\/schaffrath-haus.com\/wp-content\/uploads\/2025\/01\/Kiki-Bragard-DuSable-Bridge-Chicago-1367x2048.jpg 1367w, https:\/\/schaffrath-haus.com\/wp-content\/uploads\/2025\/01\/Kiki-Bragard-DuSable-Bridge-Chicago-scaled.jpg 1709w\" sizes=\"(max-width: 683px) 100vw, 683px\" \/><\/a><\/figure>\n\n\n\n<figure class=\"wp-block-image size-large\"><a href=\"https:\/\/schaffrath-haus.com\/wp-content\/uploads\/2024\/12\/Kiki-Bragard-\u00a9-Kiki.jpg\"><img loading=\"lazy\" decoding=\"async\" width=\"1024\" height=\"980\" data-id=\"4651\" src=\"https:\/\/schaffrath-haus.com\/wp-content\/uploads\/2024\/12\/Kiki-Bragard-\u00a9-Kiki-1024x980.jpg\" alt=\"\" class=\"wp-image-4651\" srcset=\"https:\/\/schaffrath-haus.com\/wp-content\/uploads\/2024\/12\/Kiki-Bragard-\u00a9-Kiki-1024x980.jpg 1024w, https:\/\/schaffrath-haus.com\/wp-content\/uploads\/2024\/12\/Kiki-Bragard-\u00a9-Kiki-300x287.jpg 300w, https:\/\/schaffrath-haus.com\/wp-content\/uploads\/2024\/12\/Kiki-Bragard-\u00a9-Kiki-768x735.jpg 768w, https:\/\/schaffrath-haus.com\/wp-content\/uploads\/2024\/12\/Kiki-Bragard-\u00a9-Kiki.jpg 1221w\" sizes=\"(max-width: 1024px) 100vw, 1024px\" \/><\/a><\/figure>\n\n\n\n<figure class=\"wp-block-image size-large\"><a href=\"https:\/\/schaffrath-haus.com\/wp-content\/uploads\/2024\/12\/Kiki-Bragard-Stare-Miasto.jpg\"><img loading=\"lazy\" decoding=\"async\" width=\"1024\" height=\"732\" data-id=\"4650\" src=\"https:\/\/schaffrath-haus.com\/wp-content\/uploads\/2024\/12\/Kiki-Bragard-Stare-Miasto.jpg\" alt=\"\" class=\"wp-image-4650\" srcset=\"https:\/\/schaffrath-haus.com\/wp-content\/uploads\/2024\/12\/Kiki-Bragard-Stare-Miasto.jpg 1024w, https:\/\/schaffrath-haus.com\/wp-content\/uploads\/2024\/12\/Kiki-Bragard-Stare-Miasto-300x214.jpg 300w, https:\/\/schaffrath-haus.com\/wp-content\/uploads\/2024\/12\/Kiki-Bragard-Stare-Miasto-768x549.jpg 768w\" sizes=\"(max-width: 1024px) 100vw, 1024px\" \/><\/a><\/figure>\n<\/figure>\n\n\n\n<p class=\"has-green-color has-text-color has-link-color wp-elements-2aafe731a2aa7a8e504ff7e922bb7a9f\"><strong>Beate B\u00fcndgen \u2013 Holzstelen, Holzdrucke<\/strong><\/p>\n\n\n\n<p class=\"has-small-font-size\">Ihre beschnitzten Holzstelen dienen als Druckstock. Aus den kantigen Holzbalken wird jede Linie einzeln herausgearbeitet. W\u00e4hrend des Schnitzens tr\u00e4g sie Farbe auf und druckt diese auf B\u00fcttenpapier. So entstehen Druckgrafiken (Reduktionsholzschnitt). Die Plastiken sind der letzte Zustand einer langen Entwicklung. Die Stelen sind ein eigenes Kunstwerk. Die dabei entstandenen Drucke sind Handdrucke und genau wie die Holzstelen Unikate. F\u00fcr die k\u00fcnstlerische Arbeit besch\u00e4ftigt sie sich intensiv mit den G\u00f6ttinnen der griech., r\u00f6m., nord., Hindu-usw. Mythologie und entwickelt daraus Ideen f\u00fcr ihre Figuren und deren Umsetzung.<\/p>\n\n\n\n<figure class=\"wp-block-gallery has-nested-images columns-default is-cropped wp-block-gallery-11 is-layout-flex wp-block-gallery-is-layout-flex\">\n<figure class=\"wp-block-image size-large\"><a href=\"https:\/\/schaffrath-haus.com\/wp-content\/uploads\/2024\/12\/Beate-Buendgen-Goettin-\u00a9-scaled.jpg\"><img loading=\"lazy\" decoding=\"async\" width=\"1024\" height=\"946\" data-id=\"4652\" src=\"https:\/\/schaffrath-haus.com\/wp-content\/uploads\/2024\/12\/Beate-Buendgen-Goettin-\u00a9-1024x946.jpg\" alt=\"\" class=\"wp-image-4652\" srcset=\"https:\/\/schaffrath-haus.com\/wp-content\/uploads\/2024\/12\/Beate-Buendgen-Goettin-\u00a9-1024x946.jpg 1024w, https:\/\/schaffrath-haus.com\/wp-content\/uploads\/2024\/12\/Beate-Buendgen-Goettin-\u00a9-300x277.jpg 300w, https:\/\/schaffrath-haus.com\/wp-content\/uploads\/2024\/12\/Beate-Buendgen-Goettin-\u00a9-768x710.jpg 768w, https:\/\/schaffrath-haus.com\/wp-content\/uploads\/2024\/12\/Beate-Buendgen-Goettin-\u00a9-1536x1419.jpg 1536w, https:\/\/schaffrath-haus.com\/wp-content\/uploads\/2024\/12\/Beate-Buendgen-Goettin-\u00a9-2048x1892.jpg 2048w\" sizes=\"(max-width: 1024px) 100vw, 1024px\" \/><\/a><\/figure>\n\n\n\n<figure class=\"wp-block-image size-large\"><a href=\"https:\/\/schaffrath-haus.com\/wp-content\/uploads\/2024\/12\/Beate-Buendgen-1-Foto-v.-Mika-\u00a9-scaled.jpg\"><img loading=\"lazy\" decoding=\"async\" width=\"683\" height=\"1024\" data-id=\"4654\" src=\"https:\/\/schaffrath-haus.com\/wp-content\/uploads\/2024\/12\/Beate-Buendgen-1-Foto-v.-Mika-\u00a9-683x1024.jpg\" alt=\"\" class=\"wp-image-4654\" srcset=\"https:\/\/schaffrath-haus.com\/wp-content\/uploads\/2024\/12\/Beate-Buendgen-1-Foto-v.-Mika-\u00a9-683x1024.jpg 683w, https:\/\/schaffrath-haus.com\/wp-content\/uploads\/2024\/12\/Beate-Buendgen-1-Foto-v.-Mika-\u00a9-200x300.jpg 200w, https:\/\/schaffrath-haus.com\/wp-content\/uploads\/2024\/12\/Beate-Buendgen-1-Foto-v.-Mika-\u00a9-768x1152.jpg 768w, https:\/\/schaffrath-haus.com\/wp-content\/uploads\/2024\/12\/Beate-Buendgen-1-Foto-v.-Mika-\u00a9-1024x1536.jpg 1024w, https:\/\/schaffrath-haus.com\/wp-content\/uploads\/2024\/12\/Beate-Buendgen-1-Foto-v.-Mika-\u00a9-1365x2048.jpg 1365w, https:\/\/schaffrath-haus.com\/wp-content\/uploads\/2024\/12\/Beate-Buendgen-1-Foto-v.-Mika-\u00a9-scaled.jpg 1707w\" sizes=\"(max-width: 683px) 100vw, 683px\" \/><\/a><\/figure>\n\n\n\n<figure class=\"wp-block-image size-large\"><a href=\"https:\/\/schaffrath-haus.com\/wp-content\/uploads\/2024\/12\/HolzdruckGoettin-110-x-30cm-v.-Beate-Buendgen-\u00a9-scaled.jpg\"><img loading=\"lazy\" decoding=\"async\" width=\"240\" height=\"1024\" data-id=\"4653\" src=\"https:\/\/schaffrath-haus.com\/wp-content\/uploads\/2024\/12\/HolzdruckGoettin-110-x-30cm-v.-Beate-Buendgen-\u00a9-240x1024.jpg\" alt=\"\" class=\"wp-image-4653\" srcset=\"https:\/\/schaffrath-haus.com\/wp-content\/uploads\/2024\/12\/HolzdruckGoettin-110-x-30cm-v.-Beate-Buendgen-\u00a9-240x1024.jpg 240w, https:\/\/schaffrath-haus.com\/wp-content\/uploads\/2024\/12\/HolzdruckGoettin-110-x-30cm-v.-Beate-Buendgen-\u00a9-70x300.jpg 70w, https:\/\/schaffrath-haus.com\/wp-content\/uploads\/2024\/12\/HolzdruckGoettin-110-x-30cm-v.-Beate-Buendgen-\u00a9-768x3274.jpg 768w, https:\/\/schaffrath-haus.com\/wp-content\/uploads\/2024\/12\/HolzdruckGoettin-110-x-30cm-v.-Beate-Buendgen-\u00a9-360x1536.jpg 360w, https:\/\/schaffrath-haus.com\/wp-content\/uploads\/2024\/12\/HolzdruckGoettin-110-x-30cm-v.-Beate-Buendgen-\u00a9-480x2048.jpg 480w\" sizes=\"(max-width: 240px) 100vw, 240px\" \/><\/a><\/figure>\n<\/figure>\n\n\n\n<p class=\"has-green-color has-text-color has-link-color wp-elements-1c5ace8ab90d25bc94cbe01b6287ca16\"><strong>Dieter Crumbiegel &#8211; Malerei<\/strong><\/p>\n\n\n\n<p class=\"has-small-font-size\">Dieter Crumbiegel widmet sich ausschlie\u00dflich der abstrakten Malerei, seine Kunst besitzt eine au\u00dfergew\u00f6hnliche bildnerische Intelligenz, verf\u00fcgt \u00fcber ein ausgepr\u00e4gtes Empfinden f\u00fcr Farbe sowie Form. Bewusst und unbewusst ordnet er ihnen tiefere Bedeutung und Assoziationen zu, stellt sie in Gegensatzpaaren gegen\u00fcber. Das Sehen der Bilder, Linien, Fl\u00e4chen l\u00e4sst den Betrachter die Raumtiefe erfahren. Die Realit\u00e4t seiner Bilder besteht aus Farbe, Form \u2013 Material und Schichtungen. Ein \u201eabstraktes Bild\u201c bildet nichts ab, leitet sich also von nichts Realem ab, sondern bildet selbst eine neue, nicht mehr hinterfragbare Realit\u00e4t. Es handelt sich also um ein \u201ekonkretes\u201c Bild, seine Information ist nicht verbal &#8211; so die Maxime des Malers zu seiner Kunst.<\/p>\n\n\n\n<figure class=\"wp-block-gallery has-nested-images columns-default is-cropped wp-block-gallery-12 is-layout-flex wp-block-gallery-is-layout-flex\">\n<figure class=\"wp-block-image size-large\"><a href=\"https:\/\/schaffrath-haus.com\/wp-content\/uploads\/2024\/12\/dieter-Crumbiegel-petr.jpg\"><img loading=\"lazy\" decoding=\"async\" width=\"540\" height=\"722\" data-id=\"4655\" src=\"https:\/\/schaffrath-haus.com\/wp-content\/uploads\/2024\/12\/dieter-Crumbiegel-petr.jpg\" alt=\"\" class=\"wp-image-4655\" srcset=\"https:\/\/schaffrath-haus.com\/wp-content\/uploads\/2024\/12\/dieter-Crumbiegel-petr.jpg 540w, https:\/\/schaffrath-haus.com\/wp-content\/uploads\/2024\/12\/dieter-Crumbiegel-petr-224x300.jpg 224w\" sizes=\"(max-width: 540px) 100vw, 540px\" \/><\/a><\/figure>\n\n\n\n<figure class=\"wp-block-image size-large\"><a href=\"https:\/\/schaffrath-haus.com\/wp-content\/uploads\/2024\/12\/Dieter-Crumbiegel-08-18.140-100cm-scaled.jpg\"><img loading=\"lazy\" decoding=\"async\" width=\"728\" height=\"1024\" data-id=\"4657\" src=\"https:\/\/schaffrath-haus.com\/wp-content\/uploads\/2024\/12\/Dieter-Crumbiegel-08-18.140-100cm-728x1024.jpg\" alt=\"\" class=\"wp-image-4657\" srcset=\"https:\/\/schaffrath-haus.com\/wp-content\/uploads\/2024\/12\/Dieter-Crumbiegel-08-18.140-100cm-728x1024.jpg 728w, https:\/\/schaffrath-haus.com\/wp-content\/uploads\/2024\/12\/Dieter-Crumbiegel-08-18.140-100cm-213x300.jpg 213w, https:\/\/schaffrath-haus.com\/wp-content\/uploads\/2024\/12\/Dieter-Crumbiegel-08-18.140-100cm-768x1080.jpg 768w, https:\/\/schaffrath-haus.com\/wp-content\/uploads\/2024\/12\/Dieter-Crumbiegel-08-18.140-100cm-1092x1536.jpg 1092w, https:\/\/schaffrath-haus.com\/wp-content\/uploads\/2024\/12\/Dieter-Crumbiegel-08-18.140-100cm-1456x2048.jpg 1456w, https:\/\/schaffrath-haus.com\/wp-content\/uploads\/2024\/12\/Dieter-Crumbiegel-08-18.140-100cm-scaled.jpg 1820w\" sizes=\"(max-width: 728px) 100vw, 728px\" \/><\/a><\/figure>\n\n\n\n<figure class=\"wp-block-image size-large\"><a href=\"https:\/\/schaffrath-haus.com\/wp-content\/uploads\/2024\/12\/Dieter-Crumbiegel-12-18.140-100cm-scaled.jpg\"><img loading=\"lazy\" decoding=\"async\" width=\"729\" height=\"1024\" data-id=\"4656\" src=\"https:\/\/schaffrath-haus.com\/wp-content\/uploads\/2024\/12\/Dieter-Crumbiegel-12-18.140-100cm-729x1024.jpg\" alt=\"\" class=\"wp-image-4656\" srcset=\"https:\/\/schaffrath-haus.com\/wp-content\/uploads\/2024\/12\/Dieter-Crumbiegel-12-18.140-100cm-729x1024.jpg 729w, https:\/\/schaffrath-haus.com\/wp-content\/uploads\/2024\/12\/Dieter-Crumbiegel-12-18.140-100cm-214x300.jpg 214w, https:\/\/schaffrath-haus.com\/wp-content\/uploads\/2024\/12\/Dieter-Crumbiegel-12-18.140-100cm-768x1078.jpg 768w, https:\/\/schaffrath-haus.com\/wp-content\/uploads\/2024\/12\/Dieter-Crumbiegel-12-18.140-100cm-1094x1536.jpg 1094w, https:\/\/schaffrath-haus.com\/wp-content\/uploads\/2024\/12\/Dieter-Crumbiegel-12-18.140-100cm-1459x2048.jpg 1459w, https:\/\/schaffrath-haus.com\/wp-content\/uploads\/2024\/12\/Dieter-Crumbiegel-12-18.140-100cm-scaled.jpg 1824w\" sizes=\"(max-width: 729px) 100vw, 729px\" \/><\/a><\/figure>\n<\/figure>\n\n\n\n<p class=\"has-green-color has-text-color has-link-color wp-elements-3d650de81ae5958a2650de98899d5b09\"><strong>Huub Dreissen &#8211; Glaskunst<\/strong><\/p>\n\n\n\n<p class=\"has-small-font-size\">Seit 2015 Besch\u00e4ftigt sich der geb\u00fcrtige Niederl\u00e4nder mit Glaskunst. Farbigkeit und Transparenz sind die Eigenschaften die in den Arbeiten von Huub Dreissen die Hauptrolle spielen. Stilvolle Schalen, stehende oder h\u00e4ngende Objekte entstehen in seinem Atelier, au\u00dferdem Bleiverglasung und Tiffany-Technik. Zudem oorganisiert- und leitet er Workshops \u00fcber Glasbearbeitung.<\/p>\n\n\n\n<figure class=\"wp-block-gallery has-nested-images columns-default is-cropped wp-block-gallery-13 is-layout-flex wp-block-gallery-is-layout-flex\">\n<figure class=\"wp-block-image size-large\"><a href=\"https:\/\/schaffrath-haus.com\/wp-content\/uploads\/2024\/12\/huub-dreissen-Face-4.jpg\"><img loading=\"lazy\" decoding=\"async\" width=\"728\" height=\"1024\" data-id=\"4658\" src=\"https:\/\/schaffrath-haus.com\/wp-content\/uploads\/2024\/12\/huub-dreissen-Face-4-728x1024.jpg\" alt=\"\" class=\"wp-image-4658\" srcset=\"https:\/\/schaffrath-haus.com\/wp-content\/uploads\/2024\/12\/huub-dreissen-Face-4-728x1024.jpg 728w, https:\/\/schaffrath-haus.com\/wp-content\/uploads\/2024\/12\/huub-dreissen-Face-4-213x300.jpg 213w, https:\/\/schaffrath-haus.com\/wp-content\/uploads\/2024\/12\/huub-dreissen-Face-4-768x1080.jpg 768w, https:\/\/schaffrath-haus.com\/wp-content\/uploads\/2024\/12\/huub-dreissen-Face-4-1092x1536.jpg 1092w, https:\/\/schaffrath-haus.com\/wp-content\/uploads\/2024\/12\/huub-dreissen-Face-4-1456x2048.jpg 1456w, https:\/\/schaffrath-haus.com\/wp-content\/uploads\/2024\/12\/huub-dreissen-Face-4.jpg 1644w\" sizes=\"(max-width: 728px) 100vw, 728px\" \/><\/a><\/figure>\n\n\n\n<figure class=\"wp-block-image size-large\"><a href=\"https:\/\/schaffrath-haus.com\/wp-content\/uploads\/2024\/12\/huub-dreissen-Farbig-transparent-scaled.jpg\"><img loading=\"lazy\" decoding=\"async\" width=\"769\" height=\"1024\" data-id=\"4660\" src=\"https:\/\/schaffrath-haus.com\/wp-content\/uploads\/2024\/12\/huub-dreissen-Farbig-transparent-769x1024.jpg\" alt=\"\" class=\"wp-image-4660\" srcset=\"https:\/\/schaffrath-haus.com\/wp-content\/uploads\/2024\/12\/huub-dreissen-Farbig-transparent-769x1024.jpg 769w, https:\/\/schaffrath-haus.com\/wp-content\/uploads\/2024\/12\/huub-dreissen-Farbig-transparent-225x300.jpg 225w, https:\/\/schaffrath-haus.com\/wp-content\/uploads\/2024\/12\/huub-dreissen-Farbig-transparent-768x1023.jpg 768w, https:\/\/schaffrath-haus.com\/wp-content\/uploads\/2024\/12\/huub-dreissen-Farbig-transparent-1153x1536.jpg 1153w, https:\/\/schaffrath-haus.com\/wp-content\/uploads\/2024\/12\/huub-dreissen-Farbig-transparent-1538x2048.jpg 1538w, https:\/\/schaffrath-haus.com\/wp-content\/uploads\/2024\/12\/huub-dreissen-Farbig-transparent-scaled.jpg 1922w\" sizes=\"(max-width: 769px) 100vw, 769px\" \/><\/a><\/figure>\n\n\n\n<figure class=\"wp-block-image size-large\"><a href=\"https:\/\/schaffrath-haus.com\/wp-content\/uploads\/2024\/12\/huub-dreissen-Schale-96-scaled.jpg\"><img loading=\"lazy\" decoding=\"async\" width=\"1024\" height=\"759\" data-id=\"4659\" src=\"https:\/\/schaffrath-haus.com\/wp-content\/uploads\/2024\/12\/huub-dreissen-Schale-96-1024x759.jpg\" alt=\"\" class=\"wp-image-4659\" srcset=\"https:\/\/schaffrath-haus.com\/wp-content\/uploads\/2024\/12\/huub-dreissen-Schale-96-1024x759.jpg 1024w, https:\/\/schaffrath-haus.com\/wp-content\/uploads\/2024\/12\/huub-dreissen-Schale-96-300x222.jpg 300w, https:\/\/schaffrath-haus.com\/wp-content\/uploads\/2024\/12\/huub-dreissen-Schale-96-768x569.jpg 768w, https:\/\/schaffrath-haus.com\/wp-content\/uploads\/2024\/12\/huub-dreissen-Schale-96-1536x1139.jpg 1536w, https:\/\/schaffrath-haus.com\/wp-content\/uploads\/2024\/12\/huub-dreissen-Schale-96-2048x1518.jpg 2048w\" sizes=\"(max-width: 1024px) 100vw, 1024px\" \/><\/a><\/figure>\n<\/figure>\n\n\n\n<p class=\"has-green-color has-text-color has-link-color wp-elements-e2bd677d1aa8556f1f00ac63f3d5cc7e\"><strong>Henriette Echghi Ghamsari \u2013 Malerei, Objektkunst<\/strong><\/p>\n\n\n\n<p class=\"has-small-font-size\">Henriette Echghi-Ghamsari, geboren 1950, erhielt ihre k\u00fcnstlerische Ausbildung in Deutschland und im Iran. Die K\u00fcnstlerin arbeitet in den Bereichen, Malerei, Installation &amp; Plastiken \/ Skulptur. Ihre Arbeiten sind frei von jeder Stil-Unterwerfung und aus der Inspiration heraus entwickelt, vielleicht kann man bei einem Teil ihrer Arbeiten auch die Bezeichnung \u201eExpressionistischer Surrealismus\u201c verwenden.<\/p>\n\n\n\n<figure class=\"wp-block-gallery has-nested-images columns-default is-cropped wp-block-gallery-14 is-layout-flex wp-block-gallery-is-layout-flex\">\n<figure class=\"wp-block-image size-large\"><a href=\"https:\/\/schaffrath-haus.com\/wp-content\/uploads\/2024\/12\/Henriette-Echghi-G.-Portrate-20.jpg\"><img loading=\"lazy\" decoding=\"async\" width=\"766\" height=\"1024\" data-id=\"4661\" src=\"https:\/\/schaffrath-haus.com\/wp-content\/uploads\/2024\/12\/Henriette-Echghi-G.-Portrate-20-766x1024.jpg\" alt=\"\" class=\"wp-image-4661\" srcset=\"https:\/\/schaffrath-haus.com\/wp-content\/uploads\/2024\/12\/Henriette-Echghi-G.-Portrate-20-766x1024.jpg 766w, https:\/\/schaffrath-haus.com\/wp-content\/uploads\/2024\/12\/Henriette-Echghi-G.-Portrate-20-224x300.jpg 224w, https:\/\/schaffrath-haus.com\/wp-content\/uploads\/2024\/12\/Henriette-Echghi-G.-Portrate-20-768x1027.jpg 768w, https:\/\/schaffrath-haus.com\/wp-content\/uploads\/2024\/12\/Henriette-Echghi-G.-Portrate-20.jpg 998w\" sizes=\"(max-width: 766px) 100vw, 766px\" \/><\/a><\/figure>\n\n\n\n<figure class=\"wp-block-image size-large\"><a href=\"https:\/\/schaffrath-haus.com\/wp-content\/uploads\/2024\/12\/henriette-echgi-g-1.jpg\"><img loading=\"lazy\" decoding=\"async\" width=\"1024\" height=\"1024\" data-id=\"4663\" src=\"https:\/\/schaffrath-haus.com\/wp-content\/uploads\/2024\/12\/henriette-echgi-g-1-1024x1024.jpg\" alt=\"\" class=\"wp-image-4663\" srcset=\"https:\/\/schaffrath-haus.com\/wp-content\/uploads\/2024\/12\/henriette-echgi-g-1-1024x1024.jpg 1024w, https:\/\/schaffrath-haus.com\/wp-content\/uploads\/2024\/12\/henriette-echgi-g-1-300x300.jpg 300w, https:\/\/schaffrath-haus.com\/wp-content\/uploads\/2024\/12\/henriette-echgi-g-1-150x150.jpg 150w, https:\/\/schaffrath-haus.com\/wp-content\/uploads\/2024\/12\/henriette-echgi-g-1-768x768.jpg 768w, https:\/\/schaffrath-haus.com\/wp-content\/uploads\/2024\/12\/henriette-echgi-g-1.jpg 1280w\" sizes=\"(max-width: 1024px) 100vw, 1024px\" \/><\/a><\/figure>\n\n\n\n<figure class=\"wp-block-image size-large\"><a href=\"https:\/\/schaffrath-haus.com\/wp-content\/uploads\/2024\/12\/henriette-echgi-g-2.jpg\"><img loading=\"lazy\" decoding=\"async\" width=\"1024\" height=\"1024\" data-id=\"4662\" src=\"https:\/\/schaffrath-haus.com\/wp-content\/uploads\/2024\/12\/henriette-echgi-g-2-1024x1024.jpg\" alt=\"\" class=\"wp-image-4662\" srcset=\"https:\/\/schaffrath-haus.com\/wp-content\/uploads\/2024\/12\/henriette-echgi-g-2-1024x1024.jpg 1024w, https:\/\/schaffrath-haus.com\/wp-content\/uploads\/2024\/12\/henriette-echgi-g-2-300x300.jpg 300w, https:\/\/schaffrath-haus.com\/wp-content\/uploads\/2024\/12\/henriette-echgi-g-2-150x150.jpg 150w, https:\/\/schaffrath-haus.com\/wp-content\/uploads\/2024\/12\/henriette-echgi-g-2-768x768.jpg 768w, https:\/\/schaffrath-haus.com\/wp-content\/uploads\/2024\/12\/henriette-echgi-g-2.jpg 1280w\" sizes=\"(max-width: 1024px) 100vw, 1024px\" \/><\/a><\/figure>\n<\/figure>\n\n\n\n<p class=\"has-green-color has-text-color has-link-color wp-elements-e98c4f422b7edeb888a8bc7f9440e890\"><strong>Sibylle Gielen &#8211; Glaskunst<\/strong><\/p>\n\n\n\n<p class=\"has-small-font-size\">Sibylle Gielen, in Polen geboren, studierte von 1962 bis 1967 Monumentalkunst an der Fachhochschule Niederrhein in Krefeld, mit den Schwerpunkten Glasverarbeitung, Glasbearbeitung und Restaurierung von Glasmalereien. Dort vertiefte sie sich auch in Mosaike, Fresken und Glasgravuren. Sie schloss ihr Studium in Glasmalerei, Radiertechniken, Mosaik, Wandmalerei und Restaurierung mit Auszeichnung ab. Seit 1968 arbeitet sie in den Niederlanden als freie bildende K\u00fcnstlerin und war auch an B\u00fchnenbildern, Regie und Dramaturgie freier Theatergruppen beteiligt. 1978 wurde sie Lehrerin an der niederl\u00e4ndischen Volkshochschule und war in verschiedenen Bereichen des Bildungswesens t\u00e4tig. Dar\u00fcber hinaus engagiert sie sich seit 1981 als Mitglied der Avantgarde-K\u00fcnstlergruppe &#8222;De Fabriek&#8220; auch im Performance-Theater, unter anderem mit Glas und anderen Materialien und war zehn Jahre lang oft auf Tournee durch Europa. Seit 1995 hat sie in Tilburg (NL) ihr eigenes Glasatelier (Immanuel) f\u00fcr Monumentalkunst. Von 2002 bis 2017 leitete sie den Master-Glass-Kurs. Sie gibt regelm\u00e4\u00dfig Ausstellungen und Performances im In- und Ausland.<\/p>\n\n\n\n<figure class=\"wp-block-gallery has-nested-images columns-default is-cropped wp-block-gallery-15 is-layout-flex wp-block-gallery-is-layout-flex\">\n<figure class=\"wp-block-image size-large\"><a href=\"https:\/\/schaffrath-haus.com\/wp-content\/uploads\/2025\/01\/sibylle-Gielen-2.jpg\"><img loading=\"lazy\" decoding=\"async\" width=\"441\" height=\"678\" data-id=\"4761\" src=\"https:\/\/schaffrath-haus.com\/wp-content\/uploads\/2025\/01\/sibylle-Gielen-2.jpg\" alt=\"\" class=\"wp-image-4761\" srcset=\"https:\/\/schaffrath-haus.com\/wp-content\/uploads\/2025\/01\/sibylle-Gielen-2.jpg 441w, https:\/\/schaffrath-haus.com\/wp-content\/uploads\/2025\/01\/sibylle-Gielen-2-195x300.jpg 195w\" sizes=\"(max-width: 441px) 100vw, 441px\" \/><\/a><\/figure>\n\n\n\n<figure class=\"wp-block-image size-large\"><a href=\"https:\/\/schaffrath-haus.com\/wp-content\/uploads\/2025\/01\/sibylle-gielen-3.jpg\"><img loading=\"lazy\" decoding=\"async\" width=\"391\" height=\"538\" data-id=\"4760\" src=\"https:\/\/schaffrath-haus.com\/wp-content\/uploads\/2025\/01\/sibylle-gielen-3.jpg\" alt=\"\" class=\"wp-image-4760\" srcset=\"https:\/\/schaffrath-haus.com\/wp-content\/uploads\/2025\/01\/sibylle-gielen-3.jpg 391w, https:\/\/schaffrath-haus.com\/wp-content\/uploads\/2025\/01\/sibylle-gielen-3-218x300.jpg 218w\" sizes=\"(max-width: 391px) 100vw, 391px\" \/><\/a><\/figure>\n\n\n\n<figure class=\"wp-block-image size-large\"><a href=\"https:\/\/schaffrath-haus.com\/wp-content\/uploads\/2025\/01\/sibylle-gielen-profil.jpg\"><img loading=\"lazy\" decoding=\"async\" width=\"938\" height=\"1024\" data-id=\"4759\" src=\"https:\/\/schaffrath-haus.com\/wp-content\/uploads\/2025\/01\/sibylle-gielen-profil-938x1024.jpg\" alt=\"\" class=\"wp-image-4759\" srcset=\"https:\/\/schaffrath-haus.com\/wp-content\/uploads\/2025\/01\/sibylle-gielen-profil-938x1024.jpg 938w, https:\/\/schaffrath-haus.com\/wp-content\/uploads\/2025\/01\/sibylle-gielen-profil-275x300.jpg 275w, https:\/\/schaffrath-haus.com\/wp-content\/uploads\/2025\/01\/sibylle-gielen-profil-768x838.jpg 768w, https:\/\/schaffrath-haus.com\/wp-content\/uploads\/2025\/01\/sibylle-gielen-profil.jpg 995w\" sizes=\"(max-width: 938px) 100vw, 938px\" \/><\/a><\/figure>\n<\/figure>\n\n\n\n<p class=\"has-green-color has-text-color has-link-color wp-elements-9167e9db18b983c164914fc32b433c0a\"><strong>Wim Gielen &#8211; Glaskunst<\/strong><\/p>\n\n\n\n<p class=\"has-small-font-size\">Wim Gielen wuchs in Brabant (NL) als Sohn von Sibylle und Nick Gielen in einer kulturell und k\u00fcnstlerisch engagierten Familie auf. In der Glaswerkstatt, in der seine Mutter die meiste Zeit anzutreffen war, wurde auch unterrichtet und mit neun Jahren hat er bereits sein erstes Buntglasfenster hergestellt. Sp\u00e4ter folgten die Besuche der Kunstakademie St. Joost in Breda und der Kunstakademie in Tilburg. Jedoch geh\u00f6rte dort Glasmalerei nicht zum Programm. Er brach die Ausbildung dort ab und nahm alle m\u00f6glichen Jobs an, bis er eine Stelle bei der damals gro\u00dfen Glasverarbeitungsfirma Brabant (GBB) bekam. Seine erste Aufgabe war es, zusammen mit den anderen Mitarbeitern die Buntglaskuppel der St.-Nikolaus-Kirche in Amsterdam zu bauen. In etwa f\u00fcnfzehn Jahren f\u00fchrte er alle Arbeiten aus, von der Berechnung und Umsetzung von Entw\u00fcrfen, arbeite mit K\u00fcnstlern wie Huub Kurvers, Marc Mulders und Michel van Overbeeke zusammen, bis hin zur tats\u00e4chlichen Platzierung der Werke. 2016 machte er sich selbstst\u00e4ndig und leitete direkt in Zusammenarbeit mit dem damaligen Meisterglaskurs und dem Glasatelier Immanuel die Restaurierung der Fenster der reformierten Kirche in Nieuwer ter Aa. Der ideale Ausgleich f\u00fcr ihn ist, das verschwindende Flachglaserbe der Niederlande zu bewahren, k\u00fcnstlerisch und frei zu arbeiten, seine Geschichten in Glas zu erz\u00e4hlen und so das Bewusstsein f\u00fcr die vielen besonderen Aspekte des Materials zu sch\u00e4rfen.<\/p>\n\n\n\n<figure class=\"wp-block-gallery has-nested-images columns-default is-cropped wp-block-gallery-16 is-layout-flex wp-block-gallery-is-layout-flex\">\n<figure class=\"wp-block-image size-large\"><a href=\"https:\/\/schaffrath-haus.com\/wp-content\/uploads\/2025\/01\/wim-gielen-1.jpg\"><img loading=\"lazy\" decoding=\"async\" width=\"789\" height=\"1024\" data-id=\"4763\" src=\"https:\/\/schaffrath-haus.com\/wp-content\/uploads\/2025\/01\/wim-gielen-1-789x1024.jpg\" alt=\"\" class=\"wp-image-4763\" srcset=\"https:\/\/schaffrath-haus.com\/wp-content\/uploads\/2025\/01\/wim-gielen-1-789x1024.jpg 789w, https:\/\/schaffrath-haus.com\/wp-content\/uploads\/2025\/01\/wim-gielen-1-231x300.jpg 231w, https:\/\/schaffrath-haus.com\/wp-content\/uploads\/2025\/01\/wim-gielen-1-768x997.jpg 768w, https:\/\/schaffrath-haus.com\/wp-content\/uploads\/2025\/01\/wim-gielen-1.jpg 1000w\" sizes=\"(max-width: 789px) 100vw, 789px\" \/><\/a><\/figure>\n\n\n\n<figure class=\"wp-block-image size-large\"><a href=\"https:\/\/schaffrath-haus.com\/wp-content\/uploads\/2025\/01\/wim-gielen-2.jpg\"><img loading=\"lazy\" decoding=\"async\" width=\"1014\" height=\"1024\" data-id=\"4764\" src=\"https:\/\/schaffrath-haus.com\/wp-content\/uploads\/2025\/01\/wim-gielen-2-1014x1024.jpg\" alt=\"\" class=\"wp-image-4764\" srcset=\"https:\/\/schaffrath-haus.com\/wp-content\/uploads\/2025\/01\/wim-gielen-2-1014x1024.jpg 1014w, https:\/\/schaffrath-haus.com\/wp-content\/uploads\/2025\/01\/wim-gielen-2-297x300.jpg 297w, https:\/\/schaffrath-haus.com\/wp-content\/uploads\/2025\/01\/wim-gielen-2-150x150.jpg 150w, https:\/\/schaffrath-haus.com\/wp-content\/uploads\/2025\/01\/wim-gielen-2-768x776.jpg 768w, https:\/\/schaffrath-haus.com\/wp-content\/uploads\/2025\/01\/wim-gielen-2.jpg 1126w\" sizes=\"(max-width: 1014px) 100vw, 1014px\" \/><\/a><\/figure>\n\n\n\n<figure class=\"wp-block-image size-large\"><a href=\"https:\/\/schaffrath-haus.com\/wp-content\/uploads\/2025\/01\/wim-gielen-profil.jpg\"><img loading=\"lazy\" decoding=\"async\" width=\"594\" height=\"1022\" data-id=\"4762\" src=\"https:\/\/schaffrath-haus.com\/wp-content\/uploads\/2025\/01\/wim-gielen-profil.jpg\" alt=\"\" class=\"wp-image-4762\" srcset=\"https:\/\/schaffrath-haus.com\/wp-content\/uploads\/2025\/01\/wim-gielen-profil.jpg 594w, https:\/\/schaffrath-haus.com\/wp-content\/uploads\/2025\/01\/wim-gielen-profil-174x300.jpg 174w\" sizes=\"(max-width: 594px) 100vw, 594px\" \/><\/a><\/figure>\n<\/figure>\n\n\n\n<p class=\"has-green-color has-text-color has-link-color wp-elements-5a4b6007d5bded98e4eb3d578678c493\"><strong>Leo Horbach<\/strong> <strong>&#8211; Steinskulpturen<\/strong><\/p>\n\n\n\n<p class=\"has-small-font-size\">Die Welt in Stein des Niederl\u00e4ndischen K\u00fcnstlers Leo Horbach ist aufgebaut aus starken und volumenreichen Formen. W\u00e4hrend des Arbeitsprozesses w\u00e4chst die Skulptur aus dem Stein, wobei sie oft gefangen bleibt in der urspr\u00fcnglichen Grundform des Findlings oder des Blocks. Masse und Spannung nehmen in seiner Formensprache einen wichtigen Platz ein. Die Detaillierung beschr\u00e4nkt sich oft auf das f\u00fcr die Form oder das Thema Notwendige. Seine Formensprache ist vorwiegend Figurativ, oft mit einer Neigung zur Abstraktion. Inspiration sind der menschlichen K\u00f6rper, das Tier und manchmal eine Symbiose von beiden. \u00dcbersinnliche Wesen, Engel, Reiter und Pferd, der Stier und Amazonen bilden seine versteinerte Welt.<\/p>\n\n\n\n<figure class=\"wp-block-gallery has-nested-images columns-default is-cropped wp-block-gallery-17 is-layout-flex wp-block-gallery-is-layout-flex\">\n<figure class=\"wp-block-image size-large\"><a href=\"https:\/\/schaffrath-haus.com\/wp-content\/uploads\/2025\/01\/leo-horbach-2.jpeg\"><img loading=\"lazy\" decoding=\"async\" width=\"480\" height=\"507\" data-id=\"4740\" src=\"https:\/\/schaffrath-haus.com\/wp-content\/uploads\/2025\/01\/leo-horbach-2.jpeg\" alt=\"\" class=\"wp-image-4740\" srcset=\"https:\/\/schaffrath-haus.com\/wp-content\/uploads\/2025\/01\/leo-horbach-2.jpeg 480w, https:\/\/schaffrath-haus.com\/wp-content\/uploads\/2025\/01\/leo-horbach-2-284x300.jpeg 284w\" sizes=\"(max-width: 480px) 100vw, 480px\" \/><\/a><\/figure>\n\n\n\n<figure class=\"wp-block-image size-large\"><a href=\"https:\/\/schaffrath-haus.com\/wp-content\/uploads\/2025\/01\/Leo-horbach-Inspired_By_Medusa.jpeg\"><img loading=\"lazy\" decoding=\"async\" width=\"427\" height=\"640\" data-id=\"4742\" src=\"https:\/\/schaffrath-haus.com\/wp-content\/uploads\/2025\/01\/Leo-horbach-Inspired_By_Medusa.jpeg\" alt=\"\" class=\"wp-image-4742\" srcset=\"https:\/\/schaffrath-haus.com\/wp-content\/uploads\/2025\/01\/Leo-horbach-Inspired_By_Medusa.jpeg 427w, https:\/\/schaffrath-haus.com\/wp-content\/uploads\/2025\/01\/Leo-horbach-Inspired_By_Medusa-200x300.jpeg 200w\" sizes=\"(max-width: 427px) 100vw, 427px\" \/><\/a><\/figure>\n\n\n\n<figure class=\"wp-block-image size-large\"><a href=\"https:\/\/schaffrath-haus.com\/wp-content\/uploads\/2025\/01\/Leo-horbach.jpeg\"><img loading=\"lazy\" decoding=\"async\" width=\"456\" height=\"640\" data-id=\"4741\" src=\"https:\/\/schaffrath-haus.com\/wp-content\/uploads\/2025\/01\/Leo-horbach.jpeg\" alt=\"\" class=\"wp-image-4741\" srcset=\"https:\/\/schaffrath-haus.com\/wp-content\/uploads\/2025\/01\/Leo-horbach.jpeg 456w, https:\/\/schaffrath-haus.com\/wp-content\/uploads\/2025\/01\/Leo-horbach-214x300.jpeg 214w\" sizes=\"(max-width: 456px) 100vw, 456px\" \/><\/a><\/figure>\n<\/figure>\n\n\n\n<p class=\"has-green-color has-text-color has-link-color wp-elements-49d0d1a9eb3f4a3de2c5bcc01c7ba244\"><strong>Angelika Keller &#8211; Skulpturen<\/strong><\/p>\n\n\n\n<p class=\"has-small-font-size\">Die Keramikbildhauerin Angelika Keller, stammt aus \u00dcbach-Palenberg, lebt und arbeitet seit mehr als 40 Jahren auf einem mehr als 200 Jahre alten Bauernhof in Aldenhoven. Sie &nbsp;vertritt die Meinung, dass &#8222;Kunst bewegt&#8220; &#8211; wen oder was auch immer. In ihrem Atelier entstehen Werke von der Kleinplastik bis hin zu raumgreifenden Arbeiten f\u00fcr den \u00f6ffentlichen Raum.<\/p>\n\n\n\n<figure class=\"wp-block-gallery has-nested-images columns-default is-cropped wp-block-gallery-18 is-layout-flex wp-block-gallery-is-layout-flex\">\n<figure class=\"wp-block-image size-large\"><a href=\"https:\/\/schaffrath-haus.com\/wp-content\/uploads\/2024\/12\/Angelika-Keller-Koenig-mit-Gefolge.jpg\"><img loading=\"lazy\" decoding=\"async\" width=\"693\" height=\"1024\" data-id=\"4666\" src=\"https:\/\/schaffrath-haus.com\/wp-content\/uploads\/2024\/12\/Angelika-Keller-Koenig-mit-Gefolge-693x1024.jpg\" alt=\"\" class=\"wp-image-4666\" srcset=\"https:\/\/schaffrath-haus.com\/wp-content\/uploads\/2024\/12\/Angelika-Keller-Koenig-mit-Gefolge-693x1024.jpg 693w, https:\/\/schaffrath-haus.com\/wp-content\/uploads\/2024\/12\/Angelika-Keller-Koenig-mit-Gefolge-203x300.jpg 203w, https:\/\/schaffrath-haus.com\/wp-content\/uploads\/2024\/12\/Angelika-Keller-Koenig-mit-Gefolge-768x1135.jpg 768w, https:\/\/schaffrath-haus.com\/wp-content\/uploads\/2024\/12\/Angelika-Keller-Koenig-mit-Gefolge.jpg 812w\" sizes=\"(max-width: 693px) 100vw, 693px\" \/><\/a><\/figure>\n\n\n\n<figure class=\"wp-block-image size-large\"><a href=\"https:\/\/schaffrath-haus.com\/wp-content\/uploads\/2024\/12\/Angelika-Keller-Mammut.jpg\"><img loading=\"lazy\" decoding=\"async\" width=\"1024\" height=\"683\" data-id=\"4665\" src=\"https:\/\/schaffrath-haus.com\/wp-content\/uploads\/2024\/12\/Angelika-Keller-Mammut-1024x683.jpg\" alt=\"\" class=\"wp-image-4665\" srcset=\"https:\/\/schaffrath-haus.com\/wp-content\/uploads\/2024\/12\/Angelika-Keller-Mammut-1024x683.jpg 1024w, https:\/\/schaffrath-haus.com\/wp-content\/uploads\/2024\/12\/Angelika-Keller-Mammut-300x200.jpg 300w, https:\/\/schaffrath-haus.com\/wp-content\/uploads\/2024\/12\/Angelika-Keller-Mammut-768x512.jpg 768w, https:\/\/schaffrath-haus.com\/wp-content\/uploads\/2024\/12\/Angelika-Keller-Mammut.jpg 1200w\" sizes=\"(max-width: 1024px) 100vw, 1024px\" \/><\/a><\/figure>\n\n\n\n<figure class=\"wp-block-image size-large\"><a href=\"https:\/\/schaffrath-haus.com\/wp-content\/uploads\/2024\/12\/Angelika-Keller-Portrait.jpg\"><img loading=\"lazy\" decoding=\"async\" width=\"744\" height=\"985\" data-id=\"4664\" src=\"https:\/\/schaffrath-haus.com\/wp-content\/uploads\/2024\/12\/Angelika-Keller-Portrait.jpg\" alt=\"\" class=\"wp-image-4664\" srcset=\"https:\/\/schaffrath-haus.com\/wp-content\/uploads\/2024\/12\/Angelika-Keller-Portrait.jpg 744w, https:\/\/schaffrath-haus.com\/wp-content\/uploads\/2024\/12\/Angelika-Keller-Portrait-227x300.jpg 227w\" sizes=\"(max-width: 744px) 100vw, 744px\" \/><\/a><\/figure>\n<\/figure>\n\n\n\n<p class=\"has-green-color has-text-color has-link-color wp-elements-a225c8d9ee1816850fdc18d282b5a0b6\"><strong>Heinrich Keller &#8211; Skulpturen<\/strong><\/p>\n\n\n\n<p class=\"has-small-font-size\">Stahlbildhauer Heinrich Keller stammt aus Alsdorf und lebt in Aldenhoven. Seit mehr als 30 Jahren setzt er sich mit der k\u00fcnstlerischen Bearbeitung von Stahl auseinander und wendet dabei u.a. die archaisch anmutende Technik des klassischen Brennschneidens an, wovon die bisweilen schroffen Konturen seiner Arbeiten zeugen.<\/p>\n\n\n\n<figure class=\"wp-block-gallery has-nested-images columns-default is-cropped wp-block-gallery-19 is-layout-flex wp-block-gallery-is-layout-flex\">\n<figure class=\"wp-block-image size-large\"><a href=\"https:\/\/schaffrath-haus.com\/wp-content\/uploads\/2024\/12\/Heinrich-Keller-48_DSC_4890-Bearbeitet.jpg\"><img loading=\"lazy\" decoding=\"async\" width=\"211\" height=\"308\" data-id=\"4667\" src=\"https:\/\/schaffrath-haus.com\/wp-content\/uploads\/2024\/12\/Heinrich-Keller-48_DSC_4890-Bearbeitet.jpg\" alt=\"\" class=\"wp-image-4667\" srcset=\"https:\/\/schaffrath-haus.com\/wp-content\/uploads\/2024\/12\/Heinrich-Keller-48_DSC_4890-Bearbeitet.jpg 211w, https:\/\/schaffrath-haus.com\/wp-content\/uploads\/2024\/12\/Heinrich-Keller-48_DSC_4890-Bearbeitet-206x300.jpg 206w\" sizes=\"(max-width: 211px) 100vw, 211px\" \/><\/a><\/figure>\n\n\n\n<figure class=\"wp-block-image size-large\"><a href=\"https:\/\/schaffrath-haus.com\/wp-content\/uploads\/2024\/12\/heinrich-keller-Von-Siebengescheiten-und-Neunmalklugen.jpg\"><img loading=\"lazy\" decoding=\"async\" width=\"724\" height=\"1024\" data-id=\"4669\" src=\"https:\/\/schaffrath-haus.com\/wp-content\/uploads\/2024\/12\/heinrich-keller-Von-Siebengescheiten-und-Neunmalklugen-724x1024.jpg\" alt=\"\" class=\"wp-image-4669\" srcset=\"https:\/\/schaffrath-haus.com\/wp-content\/uploads\/2024\/12\/heinrich-keller-Von-Siebengescheiten-und-Neunmalklugen-724x1024.jpg 724w, https:\/\/schaffrath-haus.com\/wp-content\/uploads\/2024\/12\/heinrich-keller-Von-Siebengescheiten-und-Neunmalklugen-212x300.jpg 212w, https:\/\/schaffrath-haus.com\/wp-content\/uploads\/2024\/12\/heinrich-keller-Von-Siebengescheiten-und-Neunmalklugen-768x1087.jpg 768w, https:\/\/schaffrath-haus.com\/wp-content\/uploads\/2024\/12\/heinrich-keller-Von-Siebengescheiten-und-Neunmalklugen.jpg 848w\" sizes=\"(max-width: 724px) 100vw, 724px\" \/><\/a><\/figure>\n\n\n\n<figure class=\"wp-block-image size-large\"><a href=\"https:\/\/schaffrath-haus.com\/wp-content\/uploads\/2024\/12\/Heinrich-keller-Urzeitwesen.jpg\"><img loading=\"lazy\" decoding=\"async\" width=\"1024\" height=\"723\" data-id=\"4668\" src=\"https:\/\/schaffrath-haus.com\/wp-content\/uploads\/2024\/12\/Heinrich-keller-Urzeitwesen-1024x723.jpg\" alt=\"\" class=\"wp-image-4668\" srcset=\"https:\/\/schaffrath-haus.com\/wp-content\/uploads\/2024\/12\/Heinrich-keller-Urzeitwesen-1024x723.jpg 1024w, https:\/\/schaffrath-haus.com\/wp-content\/uploads\/2024\/12\/Heinrich-keller-Urzeitwesen-300x212.jpg 300w, https:\/\/schaffrath-haus.com\/wp-content\/uploads\/2024\/12\/Heinrich-keller-Urzeitwesen-768x542.jpg 768w, https:\/\/schaffrath-haus.com\/wp-content\/uploads\/2024\/12\/Heinrich-keller-Urzeitwesen.jpg 1200w\" sizes=\"(max-width: 1024px) 100vw, 1024px\" \/><\/a><\/figure>\n<\/figure>\n\n\n\n<p class=\"has-green-color has-text-color has-link-color wp-elements-0fe11da58c1a46663c8b07fe74bc4b4f\"><strong>Franz-Josef Kochs &#8211; Illustrationen<\/strong><\/p>\n\n\n\n<p class=\"has-small-font-size\">Grafik-Designer Franz-Josef Kochs lebt und arbeitet in Alsdorf. Sein bevorzugtes Arbeitsmaterial ist Pappkarton (gerne gebrauchter aus dem Supermarkt). Seine Werkzeuge sind Blei-, Bunt- und Wachsstifte, Kamera und Schere. Er ist viel unterwegs, vornehmlich zwischen Maas, Rur, Rhein und Mosel, um Feste und Br\u00e4uche mit Kamera und Zeichenstift zu beobachten und zu begleiten. Mit der gr\u00f6\u00dften Selbstverst\u00e4ndlichkeit durchwandern Weihnachtsm\u00e4nner, Nikol\u00e4use und menschliche K\u00f6nige seine Zeichnungen. Franz-Josef Kochs ist eigentlich ein malender Puppenspieler. &#8222;All meine Bilder erz\u00e4hlen Geschichten und bed\u00fcrfen zumeist wohl keiner Erkl\u00e4rung. Und wenn der Betrachter an die Schiebetheater und Bilderb\u00f6gen der Kindheit erinnert wird, so liegt er nicht falsch.\u201c<\/p>\n\n\n\n<figure class=\"wp-block-gallery has-nested-images columns-default is-cropped wp-block-gallery-20 is-layout-flex wp-block-gallery-is-layout-flex\">\n<figure class=\"wp-block-image size-large\"><a href=\"https:\/\/schaffrath-haus.com\/wp-content\/uploads\/2025\/01\/Franz-Josef-Kochs-profilbild.jpg\"><img loading=\"lazy\" decoding=\"async\" width=\"642\" height=\"621\" data-id=\"4745\" src=\"https:\/\/schaffrath-haus.com\/wp-content\/uploads\/2025\/01\/Franz-Josef-Kochs-profilbild.jpg\" alt=\"\" class=\"wp-image-4745\" srcset=\"https:\/\/schaffrath-haus.com\/wp-content\/uploads\/2025\/01\/Franz-Josef-Kochs-profilbild.jpg 642w, https:\/\/schaffrath-haus.com\/wp-content\/uploads\/2025\/01\/Franz-Josef-Kochs-profilbild-300x290.jpg 300w\" sizes=\"(max-width: 642px) 100vw, 642px\" \/><\/a><\/figure>\n\n\n\n<figure class=\"wp-block-image size-large\"><a href=\"https:\/\/schaffrath-haus.com\/wp-content\/uploads\/2025\/01\/Franz-Josef-Kochs.jpg\"><img loading=\"lazy\" decoding=\"async\" width=\"984\" height=\"961\" data-id=\"4746\" src=\"https:\/\/schaffrath-haus.com\/wp-content\/uploads\/2025\/01\/Franz-Josef-Kochs.jpg\" alt=\"\" class=\"wp-image-4746\" srcset=\"https:\/\/schaffrath-haus.com\/wp-content\/uploads\/2025\/01\/Franz-Josef-Kochs.jpg 984w, https:\/\/schaffrath-haus.com\/wp-content\/uploads\/2025\/01\/Franz-Josef-Kochs-300x293.jpg 300w, https:\/\/schaffrath-haus.com\/wp-content\/uploads\/2025\/01\/Franz-Josef-Kochs-768x750.jpg 768w\" sizes=\"(max-width: 984px) 100vw, 984px\" \/><\/a><\/figure>\n<\/figure>\n\n\n\n<p class=\"has-green-color has-text-color has-link-color wp-elements-42e63f35d928f3bdaca3f908b924418f\"><strong>Willi Lemke &#8211; Metallplastiken<\/strong><\/p>\n\n\n\n<p class=\"has-small-font-size\">Willi Lemke malt, zeichnet, radiert, fotografiert, collagiert, er schafft Wandobjekte, Skulpturen, Plastiken und ganze Rauminstallationen. Aber nicht nur die Art und Weise und die Technik seiner Kunstwerke sind \u00e4u\u00dferst variabel, sondern auch deren Inhalte. Neben surrealistischen, die Sehgewohnheiten irritierenden Kreidebildern, finden sich abstrakte, oft monochrome \u00d6lgem\u00e4lde, aus Metall und Holz zusammengef\u00fcgte Tiere und selbst das menschliche Ohr ist f\u00fcr ihn interessant genug, um es zum Ausgangspunkt seiner k\u00fcnstlerischen Besch\u00e4ftigung zu erw\u00e4hlen. Text: Kunsthistoriker Dr. Josef G\u00fclpers<\/p>\n\n\n\n<figure class=\"wp-block-gallery has-nested-images columns-default is-cropped wp-block-gallery-21 is-layout-flex wp-block-gallery-is-layout-flex\">\n<figure class=\"wp-block-image size-large\"><a href=\"https:\/\/schaffrath-haus.com\/wp-content\/uploads\/2024\/12\/Willi-Lemke-Fotograf-Harri-Lemke-scaled.jpg\"><img loading=\"lazy\" decoding=\"async\" width=\"1024\" height=\"683\" data-id=\"4672\" src=\"https:\/\/schaffrath-haus.com\/wp-content\/uploads\/2024\/12\/Willi-Lemke-Fotograf-Harri-Lemke-1024x683.jpg\" alt=\"\" class=\"wp-image-4672\" srcset=\"https:\/\/schaffrath-haus.com\/wp-content\/uploads\/2024\/12\/Willi-Lemke-Fotograf-Harri-Lemke-1024x683.jpg 1024w, https:\/\/schaffrath-haus.com\/wp-content\/uploads\/2024\/12\/Willi-Lemke-Fotograf-Harri-Lemke-300x200.jpg 300w, https:\/\/schaffrath-haus.com\/wp-content\/uploads\/2024\/12\/Willi-Lemke-Fotograf-Harri-Lemke-768x512.jpg 768w, https:\/\/schaffrath-haus.com\/wp-content\/uploads\/2024\/12\/Willi-Lemke-Fotograf-Harri-Lemke-1536x1024.jpg 1536w, https:\/\/schaffrath-haus.com\/wp-content\/uploads\/2024\/12\/Willi-Lemke-Fotograf-Harri-Lemke-2048x1365.jpg 2048w\" sizes=\"(max-width: 1024px) 100vw, 1024px\" \/><\/a><\/figure>\n\n\n\n<figure class=\"wp-block-image size-large\"><a href=\"https:\/\/schaffrath-haus.com\/wp-content\/uploads\/2024\/12\/Willi-Lemke-Titel-E280-Europa-aufgepasst-2018-Hoehe-70cm-Copyright-Willi-Lemke-scaled.jpg\"><img loading=\"lazy\" decoding=\"async\" width=\"434\" height=\"1024\" data-id=\"4670\" src=\"https:\/\/schaffrath-haus.com\/wp-content\/uploads\/2024\/12\/Willi-Lemke-Titel-E280-Europa-aufgepasst-2018-Hoehe-70cm-Copyright-Willi-Lemke-434x1024.jpg\" alt=\"\" class=\"wp-image-4670\" srcset=\"https:\/\/schaffrath-haus.com\/wp-content\/uploads\/2024\/12\/Willi-Lemke-Titel-E280-Europa-aufgepasst-2018-Hoehe-70cm-Copyright-Willi-Lemke-434x1024.jpg 434w, https:\/\/schaffrath-haus.com\/wp-content\/uploads\/2024\/12\/Willi-Lemke-Titel-E280-Europa-aufgepasst-2018-Hoehe-70cm-Copyright-Willi-Lemke-127x300.jpg 127w, https:\/\/schaffrath-haus.com\/wp-content\/uploads\/2024\/12\/Willi-Lemke-Titel-E280-Europa-aufgepasst-2018-Hoehe-70cm-Copyright-Willi-Lemke-768x1811.jpg 768w, https:\/\/schaffrath-haus.com\/wp-content\/uploads\/2024\/12\/Willi-Lemke-Titel-E280-Europa-aufgepasst-2018-Hoehe-70cm-Copyright-Willi-Lemke-651x1536.jpg 651w, https:\/\/schaffrath-haus.com\/wp-content\/uploads\/2024\/12\/Willi-Lemke-Titel-E280-Europa-aufgepasst-2018-Hoehe-70cm-Copyright-Willi-Lemke-869x2048.jpg 869w, https:\/\/schaffrath-haus.com\/wp-content\/uploads\/2024\/12\/Willi-Lemke-Titel-E280-Europa-aufgepasst-2018-Hoehe-70cm-Copyright-Willi-Lemke-scaled.jpg 1086w\" sizes=\"(max-width: 434px) 100vw, 434px\" \/><\/a><\/figure>\n\n\n\n<figure class=\"wp-block-image size-large\"><a href=\"https:\/\/schaffrath-haus.com\/wp-content\/uploads\/2024\/12\/Willi-Lemke-Titel-E415-2024-Hoehe-36-cm-Copyright-Willi-Lemke-scaled.jpg\"><img loading=\"lazy\" decoding=\"async\" width=\"461\" height=\"1024\" data-id=\"4671\" src=\"https:\/\/schaffrath-haus.com\/wp-content\/uploads\/2024\/12\/Willi-Lemke-Titel-E415-2024-Hoehe-36-cm-Copyright-Willi-Lemke-461x1024.jpg\" alt=\"\" class=\"wp-image-4671\" srcset=\"https:\/\/schaffrath-haus.com\/wp-content\/uploads\/2024\/12\/Willi-Lemke-Titel-E415-2024-Hoehe-36-cm-Copyright-Willi-Lemke-461x1024.jpg 461w, https:\/\/schaffrath-haus.com\/wp-content\/uploads\/2024\/12\/Willi-Lemke-Titel-E415-2024-Hoehe-36-cm-Copyright-Willi-Lemke-135x300.jpg 135w, https:\/\/schaffrath-haus.com\/wp-content\/uploads\/2024\/12\/Willi-Lemke-Titel-E415-2024-Hoehe-36-cm-Copyright-Willi-Lemke-768x1707.jpg 768w, https:\/\/schaffrath-haus.com\/wp-content\/uploads\/2024\/12\/Willi-Lemke-Titel-E415-2024-Hoehe-36-cm-Copyright-Willi-Lemke-691x1536.jpg 691w, https:\/\/schaffrath-haus.com\/wp-content\/uploads\/2024\/12\/Willi-Lemke-Titel-E415-2024-Hoehe-36-cm-Copyright-Willi-Lemke-921x2048.jpg 921w, https:\/\/schaffrath-haus.com\/wp-content\/uploads\/2024\/12\/Willi-Lemke-Titel-E415-2024-Hoehe-36-cm-Copyright-Willi-Lemke-scaled.jpg 1152w\" sizes=\"(max-width: 461px) 100vw, 461px\" \/><\/a><\/figure>\n<\/figure>\n\n\n\n<p class=\"has-green-color has-text-color has-link-color wp-elements-3c978ef514b4575a796c2557b0b491e8\"><strong>Mieke Manders &#8211; Glaskunst<\/strong><\/p>\n\n\n\n<p class=\"has-small-font-size\">Mieke Manders hat einen musikalischen Hintergrund und war neben ihrer T\u00e4tigkeit an der (ehemaligen) Kunstschule St. Frans in Etten-Leur viele Jahre als Musikerin aktiv. Irgendwann kam sie mit dem Material Glas in Ber\u00fchrung und dieses hat sie nie mehr losgelassen. \u201eDie Arbeit mit Glas ist wie das Komponieren mit Licht. Es ist sehr faszinierend, genau wie der Spiegel, der immer eine andere Realit\u00e4t widerspiegelt und einen immer wieder \u00fcberrascht\u201c. Ihre Formensprache hat ihren Ursprung in der allgegenw\u00e4rtigen Musik, ebenso wie ihre Linien und Farben. Durch die verschiedenen Techniken der Glaskunst hat sie eine Vorliebe f\u00fcr Mosaike entwickelt. Auch das Schneiden und Weiterverarbeiten von Dickglas geh\u00f6rt zu ihren Favoriten. Normalerweise verwendet sie Altglas und Spiegel, die sie im Abfallcontainer einer Glasfirma findet.<\/p>\n\n\n\n<figure class=\"wp-block-gallery has-nested-images columns-default is-cropped wp-block-gallery-22 is-layout-flex wp-block-gallery-is-layout-flex\">\n<figure class=\"wp-block-image size-large\"><a href=\"https:\/\/schaffrath-haus.com\/wp-content\/uploads\/2024\/12\/mieke-manders-blauwe-pauw.jpg\"><img loading=\"lazy\" decoding=\"async\" width=\"970\" height=\"1024\" data-id=\"4673\" src=\"https:\/\/schaffrath-haus.com\/wp-content\/uploads\/2024\/12\/mieke-manders-blauwe-pauw-970x1024.jpg\" alt=\"\" class=\"wp-image-4673\" srcset=\"https:\/\/schaffrath-haus.com\/wp-content\/uploads\/2024\/12\/mieke-manders-blauwe-pauw-970x1024.jpg 970w, https:\/\/schaffrath-haus.com\/wp-content\/uploads\/2024\/12\/mieke-manders-blauwe-pauw-284x300.jpg 284w, https:\/\/schaffrath-haus.com\/wp-content\/uploads\/2024\/12\/mieke-manders-blauwe-pauw-768x811.jpg 768w, https:\/\/schaffrath-haus.com\/wp-content\/uploads\/2024\/12\/mieke-manders-blauwe-pauw.jpg 1296w\" sizes=\"(max-width: 970px) 100vw, 970px\" \/><\/a><\/figure>\n\n\n\n<figure class=\"wp-block-image size-large\"><a href=\"https:\/\/schaffrath-haus.com\/wp-content\/uploads\/2024\/12\/mieke-manders-safe-house-scaled.jpg\"><img loading=\"lazy\" decoding=\"async\" width=\"768\" height=\"1024\" data-id=\"4674\" src=\"https:\/\/schaffrath-haus.com\/wp-content\/uploads\/2024\/12\/mieke-manders-safe-house-768x1024.jpg\" alt=\"\" class=\"wp-image-4674\" srcset=\"https:\/\/schaffrath-haus.com\/wp-content\/uploads\/2024\/12\/mieke-manders-safe-house-768x1024.jpg 768w, https:\/\/schaffrath-haus.com\/wp-content\/uploads\/2024\/12\/mieke-manders-safe-house-225x300.jpg 225w, https:\/\/schaffrath-haus.com\/wp-content\/uploads\/2024\/12\/mieke-manders-safe-house-1152x1536.jpg 1152w, https:\/\/schaffrath-haus.com\/wp-content\/uploads\/2024\/12\/mieke-manders-safe-house-1536x2048.jpg 1536w, https:\/\/schaffrath-haus.com\/wp-content\/uploads\/2024\/12\/mieke-manders-safe-house-scaled.jpg 1920w\" sizes=\"(max-width: 768px) 100vw, 768px\" \/><\/a><\/figure>\n\n\n\n<figure class=\"wp-block-image size-large\"><a href=\"https:\/\/schaffrath-haus.com\/wp-content\/uploads\/2024\/12\/Mieke-Manders-scaled.jpg\"><img loading=\"lazy\" decoding=\"async\" width=\"768\" height=\"1024\" data-id=\"4675\" src=\"https:\/\/schaffrath-haus.com\/wp-content\/uploads\/2024\/12\/Mieke-Manders-768x1024.jpg\" alt=\"\" class=\"wp-image-4675\" srcset=\"https:\/\/schaffrath-haus.com\/wp-content\/uploads\/2024\/12\/Mieke-Manders-768x1024.jpg 768w, https:\/\/schaffrath-haus.com\/wp-content\/uploads\/2024\/12\/Mieke-Manders-225x300.jpg 225w, https:\/\/schaffrath-haus.com\/wp-content\/uploads\/2024\/12\/Mieke-Manders-1152x1536.jpg 1152w, https:\/\/schaffrath-haus.com\/wp-content\/uploads\/2024\/12\/Mieke-Manders-1536x2048.jpg 1536w, https:\/\/schaffrath-haus.com\/wp-content\/uploads\/2024\/12\/Mieke-Manders-scaled.jpg 1920w\" sizes=\"(max-width: 768px) 100vw, 768px\" \/><\/a><\/figure>\n<\/figure>\n\n\n\n<p class=\"has-green-color has-text-color has-link-color wp-elements-3a58647f67bcea0c34c32e2993aaf567\"><strong>Alfred Mevissen &#8211; Skulpturen<\/strong><\/p>\n\n\n\n<p class=\"has-small-font-size\">Bildhauer &amp; Projektk\u00fcnstler. Seine Leidenschaft ist die dreidimensionale Kunst, mit der er zum Dialog \u00fcber die Zukunft der europ\u00e4ischen Idee einl\u00e4dt. Als Initiator des \u201eEuropean Sculpturepath\u201c und als Vorsitzender von \u201eArt moves Europe e.V.\u201c. ist es seine Vision, gemeinsam mit anderen K\u00fcnstlern Skulpturen zum Thema \u201eVisionen f\u00fcr Europa\u201c in ganz Europa zu schaffen, um an die Errungenschaften der europ\u00e4ischen Idee zu erinnern und zum Dialog \u00fcber die Zukunft Europas einzuladen.<\/p>\n\n\n\n<figure class=\"wp-block-gallery has-nested-images columns-default is-cropped wp-block-gallery-23 is-layout-flex wp-block-gallery-is-layout-flex\">\n<figure class=\"wp-block-image size-large\"><a href=\"https:\/\/schaffrath-haus.com\/wp-content\/uploads\/2024\/12\/Alfred-Mevissen-1.jpeg\"><img loading=\"lazy\" decoding=\"async\" width=\"480\" height=\"640\" data-id=\"4676\" src=\"https:\/\/schaffrath-haus.com\/wp-content\/uploads\/2024\/12\/Alfred-Mevissen-1.jpeg\" alt=\"\" class=\"wp-image-4676\" srcset=\"https:\/\/schaffrath-haus.com\/wp-content\/uploads\/2024\/12\/Alfred-Mevissen-1.jpeg 480w, https:\/\/schaffrath-haus.com\/wp-content\/uploads\/2024\/12\/Alfred-Mevissen-1-225x300.jpeg 225w\" sizes=\"(max-width: 480px) 100vw, 480px\" \/><\/a><\/figure>\n\n\n\n<figure class=\"wp-block-image size-large\"><a href=\"https:\/\/schaffrath-haus.com\/wp-content\/uploads\/2024\/12\/Alfred-Mevissen-1.png\"><img loading=\"lazy\" decoding=\"async\" width=\"640\" height=\"427\" data-id=\"4678\" src=\"https:\/\/schaffrath-haus.com\/wp-content\/uploads\/2024\/12\/Alfred-Mevissen-1.png\" alt=\"\" class=\"wp-image-4678\" srcset=\"https:\/\/schaffrath-haus.com\/wp-content\/uploads\/2024\/12\/Alfred-Mevissen-1.png 640w, https:\/\/schaffrath-haus.com\/wp-content\/uploads\/2024\/12\/Alfred-Mevissen-1-300x200.png 300w\" sizes=\"(max-width: 640px) 100vw, 640px\" \/><\/a><\/figure>\n\n\n\n<figure class=\"wp-block-image size-large\"><a href=\"https:\/\/schaffrath-haus.com\/wp-content\/uploads\/2024\/12\/Alfred-Mevissen-2.jpeg\"><img loading=\"lazy\" decoding=\"async\" width=\"640\" height=\"480\" data-id=\"4677\" src=\"https:\/\/schaffrath-haus.com\/wp-content\/uploads\/2024\/12\/Alfred-Mevissen-2.jpeg\" alt=\"\" class=\"wp-image-4677\" srcset=\"https:\/\/schaffrath-haus.com\/wp-content\/uploads\/2024\/12\/Alfred-Mevissen-2.jpeg 640w, https:\/\/schaffrath-haus.com\/wp-content\/uploads\/2024\/12\/Alfred-Mevissen-2-300x225.jpeg 300w\" sizes=\"(max-width: 640px) 100vw, 640px\" \/><\/a><\/figure>\n<\/figure>\n\n\n\n<p class=\"has-green-color has-text-color has-link-color wp-elements-9184bf7a94e626d4cd2a89a1954d03b8\"><strong>Mechthild Niebeling-Mause &#8211; Aquarellmalerei<\/strong><\/p>\n\n\n\n<p class=\"has-small-font-size\">Mechtild Niebeling-Mause, 1951 in W\u00fcrselen geboren, unterrichtete nach dem Studium der P\u00e4dagogik in Aachen u.a. Kunsterziehung. Seit 1989 ist sie als Dozentin an der VHS Nordkreis Aachen t\u00e4tig; ebenso ist sie seitdem Mitglied der W\u00fcrselener K\u00fcnstergruppe Atelier. Neben anderen Techniken bevorzugt sie die Aquarellmalerei, gerne im Freien und auf Reisen, vor allem in Skizzenb\u00fcchern.<\/p>\n\n\n\n<figure class=\"wp-block-gallery has-nested-images columns-default is-cropped wp-block-gallery-24 is-layout-flex wp-block-gallery-is-layout-flex\">\n<figure class=\"wp-block-image size-large\"><a href=\"https:\/\/schaffrath-haus.com\/wp-content\/uploads\/2025\/01\/Mechtild-Niebeling-Mause-Leuchtturm.jpg\"><img loading=\"lazy\" decoding=\"async\" width=\"1024\" height=\"735\" data-id=\"4749\" src=\"https:\/\/schaffrath-haus.com\/wp-content\/uploads\/2025\/01\/Mechtild-Niebeling-Mause-Leuchtturm-1024x735.jpg\" alt=\"\" class=\"wp-image-4749\" srcset=\"https:\/\/schaffrath-haus.com\/wp-content\/uploads\/2025\/01\/Mechtild-Niebeling-Mause-Leuchtturm-1024x735.jpg 1024w, https:\/\/schaffrath-haus.com\/wp-content\/uploads\/2025\/01\/Mechtild-Niebeling-Mause-Leuchtturm-300x215.jpg 300w, https:\/\/schaffrath-haus.com\/wp-content\/uploads\/2025\/01\/Mechtild-Niebeling-Mause-Leuchtturm-768x551.jpg 768w, https:\/\/schaffrath-haus.com\/wp-content\/uploads\/2025\/01\/Mechtild-Niebeling-Mause-Leuchtturm.jpg 1459w\" sizes=\"(max-width: 1024px) 100vw, 1024px\" \/><\/a><\/figure>\n\n\n\n<figure class=\"wp-block-image size-large\"><a href=\"https:\/\/schaffrath-haus.com\/wp-content\/uploads\/2025\/01\/Mechtild-Niebeling-Mause-Varell-Hafen.jpg\"><img loading=\"lazy\" decoding=\"async\" width=\"1024\" height=\"768\" data-id=\"4748\" src=\"https:\/\/schaffrath-haus.com\/wp-content\/uploads\/2025\/01\/Mechtild-Niebeling-Mause-Varell-Hafen-1024x768.jpg\" alt=\"\" class=\"wp-image-4748\" srcset=\"https:\/\/schaffrath-haus.com\/wp-content\/uploads\/2025\/01\/Mechtild-Niebeling-Mause-Varell-Hafen-1024x768.jpg 1024w, https:\/\/schaffrath-haus.com\/wp-content\/uploads\/2025\/01\/Mechtild-Niebeling-Mause-Varell-Hafen-300x225.jpg 300w, https:\/\/schaffrath-haus.com\/wp-content\/uploads\/2025\/01\/Mechtild-Niebeling-Mause-Varell-Hafen-768x576.jpg 768w, https:\/\/schaffrath-haus.com\/wp-content\/uploads\/2025\/01\/Mechtild-Niebeling-Mause-Varell-Hafen.jpg 1374w\" sizes=\"(max-width: 1024px) 100vw, 1024px\" \/><\/a><\/figure>\n\n\n\n<figure class=\"wp-block-image size-large\"><a href=\"https:\/\/schaffrath-haus.com\/wp-content\/uploads\/2025\/01\/Mechtild-Niebeling-Mause.jpg\"><img loading=\"lazy\" decoding=\"async\" width=\"690\" height=\"1024\" data-id=\"4750\" src=\"https:\/\/schaffrath-haus.com\/wp-content\/uploads\/2025\/01\/Mechtild-Niebeling-Mause-690x1024.jpg\" alt=\"\" class=\"wp-image-4750\" srcset=\"https:\/\/schaffrath-haus.com\/wp-content\/uploads\/2025\/01\/Mechtild-Niebeling-Mause-690x1024.jpg 690w, https:\/\/schaffrath-haus.com\/wp-content\/uploads\/2025\/01\/Mechtild-Niebeling-Mause-202x300.jpg 202w, https:\/\/schaffrath-haus.com\/wp-content\/uploads\/2025\/01\/Mechtild-Niebeling-Mause-768x1139.jpg 768w, https:\/\/schaffrath-haus.com\/wp-content\/uploads\/2025\/01\/Mechtild-Niebeling-Mause-1036x1536.jpg 1036w, https:\/\/schaffrath-haus.com\/wp-content\/uploads\/2025\/01\/Mechtild-Niebeling-Mause-1381x2048.jpg 1381w, https:\/\/schaffrath-haus.com\/wp-content\/uploads\/2025\/01\/Mechtild-Niebeling-Mause.jpg 1525w\" sizes=\"(max-width: 690px) 100vw, 690px\" \/><\/a><\/figure>\n<\/figure>\n\n\n\n<p class=\"has-green-color has-text-color has-link-color wp-elements-15bec0ff8ac7cca9f3964f519bb11cc6\"><strong>Renate Remy &#8211; Malerische Fotografie<\/strong><\/p>\n\n\n\n<p class=\"has-small-font-size\">Renate Remy lebe seit 45 Jahren in Alsdorf-Hoengen, Seit 1990 ist sie k\u00fcnstlerisch t\u00e4tig, angefangen mit Aquarellmalerei, danach Arbeiten auf Leinwand mit Acrylfarben und Mischtechniken. Schlie\u00dflich digital bearbeitete Fotos mit dem Anspruch, dass diese einem malerischen Bild \u00e4hnlich werden. 13 Jahre lehrte sie als Kursleiterin (Aquarellmalerei) bei der VHS Alsdorf. Ihr liebstes Zitat aus der Welt der Kunst: &#8222;Wer hat Ihnen denn gesagt, dass man mit Farben malt? Man bedient sich zwar der Farben, aber man malt mit dem Gef\u00fchl.&#8220; Jean Sim\u00e9on Chardin, 1699 &#8211; 1779<\/p>\n\n\n\n<figure class=\"wp-block-gallery has-nested-images columns-default is-cropped wp-block-gallery-25 is-layout-flex wp-block-gallery-is-layout-flex\">\n<figure class=\"wp-block-image size-large\"><a href=\"https:\/\/schaffrath-haus.com\/wp-content\/uploads\/2024\/12\/renate_remy_bcn004_80x80cm_copright.jpg\"><img loading=\"lazy\" decoding=\"async\" width=\"1024\" height=\"1024\" data-id=\"4680\" src=\"https:\/\/schaffrath-haus.com\/wp-content\/uploads\/2024\/12\/renate_remy_bcn004_80x80cm_copright-1024x1024.jpg\" alt=\"\" class=\"wp-image-4680\" srcset=\"https:\/\/schaffrath-haus.com\/wp-content\/uploads\/2024\/12\/renate_remy_bcn004_80x80cm_copright-1024x1024.jpg 1024w, https:\/\/schaffrath-haus.com\/wp-content\/uploads\/2024\/12\/renate_remy_bcn004_80x80cm_copright-300x300.jpg 300w, https:\/\/schaffrath-haus.com\/wp-content\/uploads\/2024\/12\/renate_remy_bcn004_80x80cm_copright-150x150.jpg 150w, https:\/\/schaffrath-haus.com\/wp-content\/uploads\/2024\/12\/renate_remy_bcn004_80x80cm_copright-768x769.jpg 768w, https:\/\/schaffrath-haus.com\/wp-content\/uploads\/2024\/12\/renate_remy_bcn004_80x80cm_copright-1534x1536.jpg 1534w, https:\/\/schaffrath-haus.com\/wp-content\/uploads\/2024\/12\/renate_remy_bcn004_80x80cm_copright.jpg 1702w\" sizes=\"(max-width: 1024px) 100vw, 1024px\" \/><\/a><\/figure>\n\n\n\n<figure class=\"wp-block-image size-large\"><a href=\"https:\/\/schaffrath-haus.com\/wp-content\/uploads\/2024\/12\/renate_remy_france05_80x80cm_copyright.jpg\"><img loading=\"lazy\" decoding=\"async\" width=\"1024\" height=\"1024\" data-id=\"4679\" src=\"https:\/\/schaffrath-haus.com\/wp-content\/uploads\/2024\/12\/renate_remy_france05_80x80cm_copyright-1024x1024.jpg\" alt=\"\" class=\"wp-image-4679\" srcset=\"https:\/\/schaffrath-haus.com\/wp-content\/uploads\/2024\/12\/renate_remy_france05_80x80cm_copyright-1024x1024.jpg 1024w, https:\/\/schaffrath-haus.com\/wp-content\/uploads\/2024\/12\/renate_remy_france05_80x80cm_copyright-300x300.jpg 300w, https:\/\/schaffrath-haus.com\/wp-content\/uploads\/2024\/12\/renate_remy_france05_80x80cm_copyright-150x150.jpg 150w, https:\/\/schaffrath-haus.com\/wp-content\/uploads\/2024\/12\/renate_remy_france05_80x80cm_copyright-768x768.jpg 768w, https:\/\/schaffrath-haus.com\/wp-content\/uploads\/2024\/12\/renate_remy_france05_80x80cm_copyright-1536x1536.jpg 1536w, https:\/\/schaffrath-haus.com\/wp-content\/uploads\/2024\/12\/renate_remy_france05_80x80cm_copyright.jpg 2000w\" sizes=\"(max-width: 1024px) 100vw, 1024px\" \/><\/a><\/figure>\n\n\n\n<figure class=\"wp-block-image size-large\"><a href=\"https:\/\/schaffrath-haus.com\/wp-content\/uploads\/2024\/12\/renate_remy_portrait.jpg\"><img loading=\"lazy\" decoding=\"async\" width=\"835\" height=\"1024\" data-id=\"4681\" src=\"https:\/\/schaffrath-haus.com\/wp-content\/uploads\/2024\/12\/renate_remy_portrait-835x1024.jpg\" alt=\"\" class=\"wp-image-4681\" srcset=\"https:\/\/schaffrath-haus.com\/wp-content\/uploads\/2024\/12\/renate_remy_portrait-835x1024.jpg 835w, https:\/\/schaffrath-haus.com\/wp-content\/uploads\/2024\/12\/renate_remy_portrait-245x300.jpg 245w, https:\/\/schaffrath-haus.com\/wp-content\/uploads\/2024\/12\/renate_remy_portrait-768x942.jpg 768w, https:\/\/schaffrath-haus.com\/wp-content\/uploads\/2024\/12\/renate_remy_portrait.jpg 1152w\" sizes=\"(max-width: 835px) 100vw, 835px\" \/><\/a><\/figure>\n<\/figure>\n\n\n\n<p class=\"has-green-color has-text-color has-link-color wp-elements-53d61d3bfb4c02bbac1ae3443c96c404\"><strong>Conny Ro\u00dfkamp &#8211; Malerei<\/strong><\/p>\n\n\n\n<p class=\"has-small-font-size\">Die durch die Abstraktion geschulten heutigen Sehgewohnheiten lassen zwar in den Vertikalen und Horizontalen bisweilen Berge oder Meereswogen erkennen, doch sind diese weder intendiert noch faktisch auf der Leinwand vorhanden. Allein im Sehprozess des Betrachters erlangt dieser Farbauftrag eine Anbindung an real Gesehenes. Die Farbe wird mit Spachteln aufgetragen und es geht hier nur um die Farbwirkungen der Farben zu einander. Titel werden den Bildern erst im Nachhinein zugef\u00fchrt, um nicht den Malprozess zu beeinflussen.<\/p>\n\n\n\n<figure class=\"wp-block-gallery has-nested-images columns-default is-cropped wp-block-gallery-26 is-layout-flex wp-block-gallery-is-layout-flex\">\n<figure class=\"wp-block-image size-large\"><a href=\"https:\/\/schaffrath-haus.com\/wp-content\/uploads\/2024\/12\/2022-Katalog-Conny-Rosskamp-1-foto-Kopie.png\"><img loading=\"lazy\" decoding=\"async\" width=\"522\" height=\"663\" data-id=\"4682\" src=\"https:\/\/schaffrath-haus.com\/wp-content\/uploads\/2024\/12\/2022-Katalog-Conny-Rosskamp-1-foto-Kopie.png\" alt=\"\" class=\"wp-image-4682\" srcset=\"https:\/\/schaffrath-haus.com\/wp-content\/uploads\/2024\/12\/2022-Katalog-Conny-Rosskamp-1-foto-Kopie.png 522w, https:\/\/schaffrath-haus.com\/wp-content\/uploads\/2024\/12\/2022-Katalog-Conny-Rosskamp-1-foto-Kopie-236x300.png 236w\" sizes=\"(max-width: 522px) 100vw, 522px\" \/><\/a><\/figure>\n\n\n\n<figure class=\"wp-block-image size-large\"><a href=\"https:\/\/schaffrath-haus.com\/wp-content\/uploads\/2024\/12\/Conny_Rosskamp_2022-Blaue-Grotte.jpg\"><img loading=\"lazy\" decoding=\"async\" width=\"1024\" height=\"773\" data-id=\"4684\" src=\"https:\/\/schaffrath-haus.com\/wp-content\/uploads\/2024\/12\/Conny_Rosskamp_2022-Blaue-Grotte-1024x773.jpg\" alt=\"\" class=\"wp-image-4684\" srcset=\"https:\/\/schaffrath-haus.com\/wp-content\/uploads\/2024\/12\/Conny_Rosskamp_2022-Blaue-Grotte-1024x773.jpg 1024w, https:\/\/schaffrath-haus.com\/wp-content\/uploads\/2024\/12\/Conny_Rosskamp_2022-Blaue-Grotte-300x227.jpg 300w, https:\/\/schaffrath-haus.com\/wp-content\/uploads\/2024\/12\/Conny_Rosskamp_2022-Blaue-Grotte-768x580.jpg 768w, https:\/\/schaffrath-haus.com\/wp-content\/uploads\/2024\/12\/Conny_Rosskamp_2022-Blaue-Grotte-1536x1160.jpg 1536w, https:\/\/schaffrath-haus.com\/wp-content\/uploads\/2024\/12\/Conny_Rosskamp_2022-Blaue-Grotte-2048x1547.jpg 2048w\" sizes=\"(max-width: 1024px) 100vw, 1024px\" \/><\/a><\/figure>\n\n\n\n<figure class=\"wp-block-image size-large\"><a href=\"https:\/\/schaffrath-haus.com\/wp-content\/uploads\/2024\/12\/Conny_Rosskamp_2022-Wald.jpg\"><img loading=\"lazy\" decoding=\"async\" width=\"1018\" height=\"1024\" data-id=\"4683\" src=\"https:\/\/schaffrath-haus.com\/wp-content\/uploads\/2024\/12\/Conny_Rosskamp_2022-Wald-1018x1024.jpg\" alt=\"\" class=\"wp-image-4683\" srcset=\"https:\/\/schaffrath-haus.com\/wp-content\/uploads\/2024\/12\/Conny_Rosskamp_2022-Wald-1018x1024.jpg 1018w, https:\/\/schaffrath-haus.com\/wp-content\/uploads\/2024\/12\/Conny_Rosskamp_2022-Wald-298x300.jpg 298w, https:\/\/schaffrath-haus.com\/wp-content\/uploads\/2024\/12\/Conny_Rosskamp_2022-Wald-150x150.jpg 150w, https:\/\/schaffrath-haus.com\/wp-content\/uploads\/2024\/12\/Conny_Rosskamp_2022-Wald-768x773.jpg 768w, https:\/\/schaffrath-haus.com\/wp-content\/uploads\/2024\/12\/Conny_Rosskamp_2022-Wald-1526x1536.jpg 1526w, https:\/\/schaffrath-haus.com\/wp-content\/uploads\/2024\/12\/Conny_Rosskamp_2022-Wald.jpg 1900w\" sizes=\"(max-width: 1018px) 100vw, 1018px\" \/><\/a><\/figure>\n<\/figure>\n\n\n\n<p class=\"has-green-color has-text-color has-link-color wp-elements-66fb56541bea45a577542ecdf407d5e3\"><strong>Wilfried Sch\u00fcller &#8211; Fotografien<\/strong><\/p>\n\n\n\n<p class=\"has-small-font-size\">Seit vielen Jahren begleitet er Kulturprogramme in und um Aachen. B\u00fchnen- und Rockfotografie ist dabei ein Schwerpunkt, der in Ausstellungen, CD-Covern, Postern und in Magazinen etc. immer wieder seinen Widerhall findet. Seine weiteren Schwerpunkte sind die Landschafts- und Himmelsfotografie, Potr\u00e4tfotografie und Indianerpotr\u00e4ts.<\/p>\n\n\n\n<figure class=\"wp-block-gallery has-nested-images columns-default is-cropped wp-block-gallery-27 is-layout-flex wp-block-gallery-is-layout-flex\">\n<figure class=\"wp-block-image size-large\"><a href=\"https:\/\/schaffrath-haus.com\/wp-content\/uploads\/2024\/12\/3-Kopie.jpg\"><img loading=\"lazy\" decoding=\"async\" width=\"404\" height=\"427\" data-id=\"4685\" src=\"https:\/\/schaffrath-haus.com\/wp-content\/uploads\/2024\/12\/3-Kopie.jpg\" alt=\"\" class=\"wp-image-4685\" srcset=\"https:\/\/schaffrath-haus.com\/wp-content\/uploads\/2024\/12\/3-Kopie.jpg 404w, https:\/\/schaffrath-haus.com\/wp-content\/uploads\/2024\/12\/3-Kopie-284x300.jpg 284w\" sizes=\"(max-width: 404px) 100vw, 404px\" \/><\/a><\/figure>\n\n\n\n<figure class=\"wp-block-image size-large\"><a href=\"https:\/\/schaffrath-haus.com\/wp-content\/uploads\/2024\/12\/wilfried-schueller-Starry-Night-DSC_9092b3c.jpg\"><img loading=\"lazy\" decoding=\"async\" width=\"675\" height=\"1024\" data-id=\"4686\" src=\"https:\/\/schaffrath-haus.com\/wp-content\/uploads\/2024\/12\/wilfried-schueller-Starry-Night-DSC_9092b3c-675x1024.jpg\" alt=\"\" class=\"wp-image-4686\" srcset=\"https:\/\/schaffrath-haus.com\/wp-content\/uploads\/2024\/12\/wilfried-schueller-Starry-Night-DSC_9092b3c-675x1024.jpg 675w, https:\/\/schaffrath-haus.com\/wp-content\/uploads\/2024\/12\/wilfried-schueller-Starry-Night-DSC_9092b3c-198x300.jpg 198w, https:\/\/schaffrath-haus.com\/wp-content\/uploads\/2024\/12\/wilfried-schueller-Starry-Night-DSC_9092b3c-768x1165.jpg 768w, https:\/\/schaffrath-haus.com\/wp-content\/uploads\/2024\/12\/wilfried-schueller-Starry-Night-DSC_9092b3c.jpg 914w\" sizes=\"(max-width: 675px) 100vw, 675px\" \/><\/a><\/figure>\n\n\n\n<figure class=\"wp-block-image size-large\"><a href=\"https:\/\/schaffrath-haus.com\/wp-content\/uploads\/2024\/12\/wilfried-schueller-Terrassen-Cafe\u00b4-D-photo_20242b.jpg\"><img loading=\"lazy\" decoding=\"async\" width=\"839\" height=\"1024\" data-id=\"4687\" src=\"https:\/\/schaffrath-haus.com\/wp-content\/uploads\/2024\/12\/wilfried-schueller-Terrassen-Cafe\u00b4-D-photo_20242b-839x1024.jpg\" alt=\"\" class=\"wp-image-4687\" srcset=\"https:\/\/schaffrath-haus.com\/wp-content\/uploads\/2024\/12\/wilfried-schueller-Terrassen-Cafe\u00b4-D-photo_20242b-839x1024.jpg 839w, https:\/\/schaffrath-haus.com\/wp-content\/uploads\/2024\/12\/wilfried-schueller-Terrassen-Cafe\u00b4-D-photo_20242b-246x300.jpg 246w, https:\/\/schaffrath-haus.com\/wp-content\/uploads\/2024\/12\/wilfried-schueller-Terrassen-Cafe\u00b4-D-photo_20242b-768x938.jpg 768w, https:\/\/schaffrath-haus.com\/wp-content\/uploads\/2024\/12\/wilfried-schueller-Terrassen-Cafe\u00b4-D-photo_20242b.jpg 900w\" sizes=\"(max-width: 839px) 100vw, 839px\" \/><\/a><\/figure>\n<\/figure>\n\n\n\n<p class=\"has-green-color has-text-color has-link-color wp-elements-7c0b8af7791f1dc2d5941eb74b5ce254\"><strong>Viktor Stricker &#8211; Malerei<\/strong><\/p>\n\n\n\n<p class=\"has-small-font-size\">Viktor Stricker, in Russland geboren, lebt in Alsdorf. Sein Schaffenswerk vereint seit mehr als vierzig Jahren auf organische Weise die figurativen und abstrakten Richtungen der Malerei. Die Faszination seiner Arbeiten liegt meist in der Reflektion der \u201eEreignisse\u201c der Kunstgeschichte, der Verg\u00e4nglichkeit der Zeit und in gegenw\u00e4rtigen Beobachtungen des K\u00fcnstlers. Er verdeutlicht dies oft, indem er einen Ausschnitt einer Arbeit eines ber\u00fchmten K\u00fcnstlers der Vergangenheit einem Fragment der Gegenwart gegen\u00fcberstellt und so eine Verbindung zwischen beiden schafft, um den Fluss der Zeit darzustellen. Auch die Vielfalt menschlicher Individuen ist ein Thema f\u00fcr ihn. Inspirationen f\u00fcr abstrakte Arbeiten sch\u00f6pft der K\u00fcnstler \u00fcberwiegend aus immer wieder faszinierenden, landschaftlichen \u201eEreignissen\u201c der Natur. Seine kleinen und gr\u00f6\u00dferen abstrakten Kompositionen, mit oft erkennbarem Ursprung der Motive, sind unverwechselbar und von feinem Farbempfinden und Kolorit gepr\u00e4gt.<\/p>\n\n\n\n<figure class=\"wp-block-gallery has-nested-images columns-default is-cropped wp-block-gallery-28 is-layout-flex wp-block-gallery-is-layout-flex\">\n<figure class=\"wp-block-image size-large\"><a href=\"https:\/\/schaffrath-haus.com\/wp-content\/uploads\/2024\/12\/23.10.2022-Vernissage-Viktor-Stricker-Fotos-Dietmar-Busch-2-Kopie.jpg\"><img loading=\"lazy\" decoding=\"async\" width=\"591\" height=\"574\" data-id=\"4692\" src=\"https:\/\/schaffrath-haus.com\/wp-content\/uploads\/2024\/12\/23.10.2022-Vernissage-Viktor-Stricker-Fotos-Dietmar-Busch-2-Kopie.jpg\" alt=\"\" class=\"wp-image-4692\" srcset=\"https:\/\/schaffrath-haus.com\/wp-content\/uploads\/2024\/12\/23.10.2022-Vernissage-Viktor-Stricker-Fotos-Dietmar-Busch-2-Kopie.jpg 591w, https:\/\/schaffrath-haus.com\/wp-content\/uploads\/2024\/12\/23.10.2022-Vernissage-Viktor-Stricker-Fotos-Dietmar-Busch-2-Kopie-300x291.jpg 300w\" sizes=\"(max-width: 591px) 100vw, 591px\" \/><\/a><\/figure>\n\n\n\n<figure class=\"wp-block-image size-large\"><a href=\"https:\/\/schaffrath-haus.com\/wp-content\/uploads\/2024\/12\/viktor-Stricker.jpg\"><img loading=\"lazy\" decoding=\"async\" width=\"666\" height=\"771\" data-id=\"4693\" src=\"https:\/\/schaffrath-haus.com\/wp-content\/uploads\/2024\/12\/viktor-Stricker.jpg\" alt=\"\" class=\"wp-image-4693\" srcset=\"https:\/\/schaffrath-haus.com\/wp-content\/uploads\/2024\/12\/viktor-Stricker.jpg 666w, https:\/\/schaffrath-haus.com\/wp-content\/uploads\/2024\/12\/viktor-Stricker-259x300.jpg 259w\" sizes=\"(max-width: 666px) 100vw, 666px\" \/><\/a><\/figure>\n\n\n\n<figure class=\"wp-block-image size-large\"><a href=\"https:\/\/schaffrath-haus.com\/wp-content\/uploads\/2024\/12\/Viktor_Stricker.Imagineren_Raum.jpg\"><img loading=\"lazy\" decoding=\"async\" width=\"1024\" height=\"825\" data-id=\"4694\" src=\"https:\/\/schaffrath-haus.com\/wp-content\/uploads\/2024\/12\/Viktor_Stricker.Imagineren_Raum-1024x825.jpg\" alt=\"\" class=\"wp-image-4694\" srcset=\"https:\/\/schaffrath-haus.com\/wp-content\/uploads\/2024\/12\/Viktor_Stricker.Imagineren_Raum-1024x825.jpg 1024w, https:\/\/schaffrath-haus.com\/wp-content\/uploads\/2024\/12\/Viktor_Stricker.Imagineren_Raum-300x242.jpg 300w, https:\/\/schaffrath-haus.com\/wp-content\/uploads\/2024\/12\/Viktor_Stricker.Imagineren_Raum-768x618.jpg 768w, https:\/\/schaffrath-haus.com\/wp-content\/uploads\/2024\/12\/Viktor_Stricker.Imagineren_Raum-1536x1237.jpg 1536w, https:\/\/schaffrath-haus.com\/wp-content\/uploads\/2024\/12\/Viktor_Stricker.Imagineren_Raum-2048x1649.jpg 2048w\" sizes=\"(max-width: 1024px) 100vw, 1024px\" \/><\/a><\/figure>\n<\/figure>\n\n\n\n<p class=\"has-green-color has-text-color has-link-color wp-elements-d933be9725b99887ac1e03dd31474580\"><strong>Monique Vaes \u2013 Glaskunst &amp; Zeichnungen<\/strong><\/p>\n\n\n\n<p class=\"has-small-font-size\">Monique Vaes, geboren in Goirle (Niederlande), studierte Kunst ab 1962 auf der Hochschule f\u00fcr Kunst in Breda und in D\u00fcsseldorf. Ihr Motto: &#8222;Licht&#8230;..und die Welt f\u00e4ngt an zu leben!&#8220; Zeichnungen entstehen und werden zu Bleiglass oder zu Fusewerken. Durch Glass ist w\u00f6rtlich und im \u00fcbertragende Sinne mehr Licht und Leichtigkeit in ihre Werke gekommen.<\/p>\n\n\n\n<figure class=\"wp-block-gallery has-nested-images columns-default is-cropped wp-block-gallery-29 is-layout-flex wp-block-gallery-is-layout-flex\">\n<figure class=\"wp-block-image size-large\"><a href=\"https:\/\/schaffrath-haus.com\/wp-content\/uploads\/2024\/12\/monique-vaes-20241208_204843-scaled.jpg\"><img loading=\"lazy\" decoding=\"async\" width=\"1024\" height=\"876\" data-id=\"4691\" src=\"https:\/\/schaffrath-haus.com\/wp-content\/uploads\/2024\/12\/monique-vaes-20241208_204843-1024x876.jpg\" alt=\"\" class=\"wp-image-4691\" srcset=\"https:\/\/schaffrath-haus.com\/wp-content\/uploads\/2024\/12\/monique-vaes-20241208_204843-1024x876.jpg 1024w, https:\/\/schaffrath-haus.com\/wp-content\/uploads\/2024\/12\/monique-vaes-20241208_204843-300x257.jpg 300w, https:\/\/schaffrath-haus.com\/wp-content\/uploads\/2024\/12\/monique-vaes-20241208_204843-768x657.jpg 768w, https:\/\/schaffrath-haus.com\/wp-content\/uploads\/2024\/12\/monique-vaes-20241208_204843-1536x1313.jpg 1536w, https:\/\/schaffrath-haus.com\/wp-content\/uploads\/2024\/12\/monique-vaes-20241208_204843-2048x1751.jpg 2048w\" sizes=\"(max-width: 1024px) 100vw, 1024px\" \/><\/a><\/figure>\n\n\n\n<figure class=\"wp-block-image size-large\"><a href=\"https:\/\/schaffrath-haus.com\/wp-content\/uploads\/2024\/12\/monique-vaes-IMG-20241028-WA0001.jpg\"><img loading=\"lazy\" decoding=\"async\" width=\"912\" height=\"888\" data-id=\"4689\" src=\"https:\/\/schaffrath-haus.com\/wp-content\/uploads\/2024\/12\/monique-vaes-IMG-20241028-WA0001.jpg\" alt=\"\" class=\"wp-image-4689\" srcset=\"https:\/\/schaffrath-haus.com\/wp-content\/uploads\/2024\/12\/monique-vaes-IMG-20241028-WA0001.jpg 912w, https:\/\/schaffrath-haus.com\/wp-content\/uploads\/2024\/12\/monique-vaes-IMG-20241028-WA0001-300x292.jpg 300w, https:\/\/schaffrath-haus.com\/wp-content\/uploads\/2024\/12\/monique-vaes-IMG-20241028-WA0001-768x748.jpg 768w\" sizes=\"(max-width: 912px) 100vw, 912px\" \/><\/a><\/figure>\n\n\n\n<figure class=\"wp-block-image size-large\"><a href=\"https:\/\/schaffrath-haus.com\/wp-content\/uploads\/2024\/12\/monique-vaes-luister-de-kleine.jpg\"><img loading=\"lazy\" decoding=\"async\" width=\"711\" height=\"1024\" data-id=\"4690\" src=\"https:\/\/schaffrath-haus.com\/wp-content\/uploads\/2024\/12\/monique-vaes-luister-de-kleine-711x1024.jpg\" alt=\"\" class=\"wp-image-4690\" srcset=\"https:\/\/schaffrath-haus.com\/wp-content\/uploads\/2024\/12\/monique-vaes-luister-de-kleine-711x1024.jpg 711w, https:\/\/schaffrath-haus.com\/wp-content\/uploads\/2024\/12\/monique-vaes-luister-de-kleine-208x300.jpg 208w, https:\/\/schaffrath-haus.com\/wp-content\/uploads\/2024\/12\/monique-vaes-luister-de-kleine-768x1106.jpg 768w, https:\/\/schaffrath-haus.com\/wp-content\/uploads\/2024\/12\/monique-vaes-luister-de-kleine-1066x1536.jpg 1066w, https:\/\/schaffrath-haus.com\/wp-content\/uploads\/2024\/12\/monique-vaes-luister-de-kleine-1422x2048.jpg 1422w, https:\/\/schaffrath-haus.com\/wp-content\/uploads\/2024\/12\/monique-vaes-luister-de-kleine.jpg 1734w\" sizes=\"(max-width: 711px) 100vw, 711px\" \/><\/a><\/figure>\n<\/figure>\n\n\n\n<p class=\"has-green-color has-text-color has-link-color wp-elements-00ee7f329116e44bf714a95612465135\"><strong>Frieder Wisten &#8211; \u00dcbermalungen<\/strong><\/p>\n\n\n\n<p class=\"has-small-font-size\">Seit einigen Jahren besch\u00e4ftige sich Frieder Wisten mit \u00dcbermalungen. Objet trouv\u00e9 (verloren und gefunden), Ready-Made, Assemblagen, sammeln von Alltagsgegenst\u00e4nden, kuriose Zufallsfunde, Reliquien und bemalte Verpackungsmaterialien sind aktuell seine Werkstoffe. Er gibt den Vorlagen einen neuen Sinn. Bearbeitete Collagen und kleinformatige Zeichnungen von Gesichtern bilden oft seine momentane Befindlichkeit ab.<\/p>\n\n\n\n<figure class=\"wp-block-gallery has-nested-images columns-default is-cropped wp-block-gallery-30 is-layout-flex wp-block-gallery-is-layout-flex\">\n<figure class=\"wp-block-image size-large\"><a href=\"https:\/\/schaffrath-haus.com\/wp-content\/uploads\/2025\/01\/Frieder-Wisten-1-scaled.jpg\"><img loading=\"lazy\" decoding=\"async\" width=\"859\" height=\"1024\" data-id=\"4754\" src=\"https:\/\/schaffrath-haus.com\/wp-content\/uploads\/2025\/01\/Frieder-Wisten-1-859x1024.jpg\" alt=\"\" class=\"wp-image-4754\" srcset=\"https:\/\/schaffrath-haus.com\/wp-content\/uploads\/2025\/01\/Frieder-Wisten-1-859x1024.jpg 859w, https:\/\/schaffrath-haus.com\/wp-content\/uploads\/2025\/01\/Frieder-Wisten-1-252x300.jpg 252w, https:\/\/schaffrath-haus.com\/wp-content\/uploads\/2025\/01\/Frieder-Wisten-1-768x915.jpg 768w, https:\/\/schaffrath-haus.com\/wp-content\/uploads\/2025\/01\/Frieder-Wisten-1-1289x1536.jpg 1289w, https:\/\/schaffrath-haus.com\/wp-content\/uploads\/2025\/01\/Frieder-Wisten-1-1718x2048.jpg 1718w\" sizes=\"(max-width: 859px) 100vw, 859px\" \/><\/a><\/figure>\n\n\n\n<figure class=\"wp-block-image size-large\"><a href=\"https:\/\/schaffrath-haus.com\/wp-content\/uploads\/2025\/01\/Frieder-Wisten-2-scaled.jpg\"><img loading=\"lazy\" decoding=\"async\" width=\"736\" height=\"1024\" data-id=\"4756\" src=\"https:\/\/schaffrath-haus.com\/wp-content\/uploads\/2025\/01\/Frieder-Wisten-2-736x1024.jpg\" alt=\"\" class=\"wp-image-4756\" srcset=\"https:\/\/schaffrath-haus.com\/wp-content\/uploads\/2025\/01\/Frieder-Wisten-2-736x1024.jpg 736w, https:\/\/schaffrath-haus.com\/wp-content\/uploads\/2025\/01\/Frieder-Wisten-2-216x300.jpg 216w, https:\/\/schaffrath-haus.com\/wp-content\/uploads\/2025\/01\/Frieder-Wisten-2-768x1069.jpg 768w, https:\/\/schaffrath-haus.com\/wp-content\/uploads\/2025\/01\/Frieder-Wisten-2-1103x1536.jpg 1103w, https:\/\/schaffrath-haus.com\/wp-content\/uploads\/2025\/01\/Frieder-Wisten-2-1471x2048.jpg 1471w, https:\/\/schaffrath-haus.com\/wp-content\/uploads\/2025\/01\/Frieder-Wisten-2-scaled.jpg 1839w\" sizes=\"(max-width: 736px) 100vw, 736px\" \/><\/a><\/figure>\n\n\n\n<figure class=\"wp-block-image size-large\"><a href=\"https:\/\/schaffrath-haus.com\/wp-content\/uploads\/2025\/01\/Frieder-Wisten-3-scaled.jpg\"><img loading=\"lazy\" decoding=\"async\" width=\"1024\" height=\"743\" data-id=\"4755\" src=\"https:\/\/schaffrath-haus.com\/wp-content\/uploads\/2025\/01\/Frieder-Wisten-3-1024x743.jpg\" alt=\"\" class=\"wp-image-4755\" srcset=\"https:\/\/schaffrath-haus.com\/wp-content\/uploads\/2025\/01\/Frieder-Wisten-3-1024x743.jpg 1024w, https:\/\/schaffrath-haus.com\/wp-content\/uploads\/2025\/01\/Frieder-Wisten-3-300x218.jpg 300w, https:\/\/schaffrath-haus.com\/wp-content\/uploads\/2025\/01\/Frieder-Wisten-3-768x557.jpg 768w, https:\/\/schaffrath-haus.com\/wp-content\/uploads\/2025\/01\/Frieder-Wisten-3-1536x1114.jpg 1536w, https:\/\/schaffrath-haus.com\/wp-content\/uploads\/2025\/01\/Frieder-Wisten-3-2048x1486.jpg 2048w\" sizes=\"(max-width: 1024px) 100vw, 1024px\" \/><\/a><\/figure>\n<\/figure>\n\n\n\n<p class=\"has-small-font-size\"><br>&nbsp;<\/p>\n","protected":false},"excerpt":{"rendered":"<p>30 x zweite Begegnung &#8211; 10 Jahre Ausstellungen im Schaffrathhaus &#8211; Seit unserem Bestehen haben viele K\u00fcnstler bei uns ausgestellt. Zum Jubil\u00e4um pr\u00e4sentieren wir eine gro\u00dfe Gruppenausstellung, an der 30 unserer bisherigen K\u00fcnstler teilnehmen. Freuen Sie sich auf eine gro\u00dfartige, abwechslungsreiche Ausstellung! Vernissage: 11. Mai 2025, 11:30 bis 14:30 Uhr Begr\u00fc\u00dfung: Friedhelm Kr\u00e4mer, stellvertretender B\u00fcrgermeister &hellip; <a href=\"https:\/\/schaffrath-haus.com\/?page_id=4624\" class=\"more-link\"><span class=\"screen-reader-text\">11. &#8211; 25.05.2025, Ausstellung: 30 x zweite Begegnung<\/span> weiterlesen <span class=\"meta-nav\">&rarr;<\/span><\/a><\/p>\n","protected":false},"author":1,"featured_media":0,"parent":0,"menu_order":0,"comment_status":"closed","ping_status":"closed","template":"","meta":{"footnotes":""},"class_list":["post-4624","page","type-page","status-publish","hentry"],"_links":{"self":[{"href":"https:\/\/schaffrath-haus.com\/index.php?rest_route=\/wp\/v2\/pages\/4624"}],"collection":[{"href":"https:\/\/schaffrath-haus.com\/index.php?rest_route=\/wp\/v2\/pages"}],"about":[{"href":"https:\/\/schaffrath-haus.com\/index.php?rest_route=\/wp\/v2\/types\/page"}],"author":[{"embeddable":true,"href":"https:\/\/schaffrath-haus.com\/index.php?rest_route=\/wp\/v2\/users\/1"}],"replies":[{"embeddable":true,"href":"https:\/\/schaffrath-haus.com\/index.php?rest_route=%2Fwp%2Fv2%2Fcomments&post=4624"}],"version-history":[{"count":59,"href":"https:\/\/schaffrath-haus.com\/index.php?rest_route=\/wp\/v2\/pages\/4624\/revisions"}],"predecessor-version":[{"id":4966,"href":"https:\/\/schaffrath-haus.com\/index.php?rest_route=\/wp\/v2\/pages\/4624\/revisions\/4966"}],"wp:attachment":[{"href":"https:\/\/schaffrath-haus.com\/index.php?rest_route=%2Fwp%2Fv2%2Fmedia&parent=4624"}],"curies":[{"name":"wp","href":"https:\/\/api.w.org\/{rel}","templated":true}]}}