{"id":3843,"date":"2024-02-04T17:29:00","date_gmt":"2024-02-04T17:29:00","guid":{"rendered":"https:\/\/schaffrath-haus.com\/wp\/?page_id=3843"},"modified":"2024-10-13T08:13:44","modified_gmt":"2024-10-13T08:13:44","slug":"2024-ausstellungen-uebersicht","status":"publish","type":"page","link":"https:\/\/schaffrath-haus.com\/?page_id=3843","title":{"rendered":"2024 Ausstellungen"},"content":{"rendered":"\n<p class=\"has-vivid-red-color has-text-color\"><strong>Bitte beachten Sie, dass alle R\u00e4umlichkeiten im Haus nur \u00fcber Treppen erreichbar sind!<\/strong><\/p>\n\n\n\n<p class=\"has-vivid-red-color has-text-color\"><strong>Der Eintritt zu allen Ausstellungen ist kostenlos.<\/strong><\/p>\n\n\n\n<hr class=\"wp-block-separator has-alpha-channel-opacity is-style-wide\"\/>\n\n\n\n<p class=\"has-text-color has-medium-font-size\" style=\"color:#046944\">&#8222;<strong>SCHAFFRATH Einhundert&#8220;  Ausstellung zum 100. Geburtstag von Ludwig Schaffrath<\/strong><\/p>\n\n\n\n<p class=\"has-medium-font-size\"><strong>22. Juni &#8211; 13. Juli 2024<\/strong>:<\/p>\n\n\n\n<figure class=\"wp-block-gallery has-nested-images columns-default is-cropped wp-block-gallery-1 is-layout-flex wp-block-gallery-is-layout-flex\">\n<figure class=\"wp-block-image size-large\"><a href=\"https:\/\/schaffrath-haus.com\/wp-content\/uploads\/2024\/08\/Schaffrath-100-Flyer-komp-2024-2.jpg\"><img loading=\"lazy\" decoding=\"async\" width=\"1024\" height=\"515\" data-id=\"4157\" src=\"https:\/\/schaffrath-haus.com\/wp-content\/uploads\/2024\/08\/Schaffrath-100-Flyer-komp-2024-2.jpg\" alt=\"\" class=\"wp-image-4157\" srcset=\"https:\/\/schaffrath-haus.com\/wp-content\/uploads\/2024\/08\/Schaffrath-100-Flyer-komp-2024-2.jpg 1024w, https:\/\/schaffrath-haus.com\/wp-content\/uploads\/2024\/08\/Schaffrath-100-Flyer-komp-2024-2-300x151.jpg 300w, https:\/\/schaffrath-haus.com\/wp-content\/uploads\/2024\/08\/Schaffrath-100-Flyer-komp-2024-2-768x386.jpg 768w\" sizes=\"(max-width: 1024px) 100vw, 1024px\" \/><\/a><\/figure>\n<\/figure>\n\n\n\n<p>Das Schaffrathhaus zeigt zum hundertsten Geburtstag seines Namensgebers in seinem Atelier, das weitgehend im Originalzustand erhalten ist, ausgew\u00e4hlte Arbeiten seiner zeitgen\u00f6ssischen abstrakten Kunst in Glas, Stein, sowie auf Papier und Leinwand. Wir freuen uns dieses Event in Kooperation mit den St\u00e4dteregionalen Kulturtagen durchf\u00fchren zu k\u00f6nnen.<\/p>\n\n\n\n<p>Die Veranstaltung beginnt mit einer Vernissage zu Ehren des K\u00fcnstlers. Der Kunsthistoriker Dr. Dirk T\u00f6lke f\u00fchrt in die Ausstellung ein und wird Interessantes und Wissenswertes \u00fcber den K\u00fcnstler vermitteln.<\/p>\n\n\n\n<p>Ein Rahmenprogramm mit musikalischer Gestaltung des Duos Sch\u00e4fer\/Proske inklusive kleiner H\u00e4ppchen und Getr\u00e4nke runden diesen Abend ab. An den beiden darauffolgenden Wochenenden, wird die Ausstellung Samstags von 16:00 &#8211; 18:00 Uhr und Sonntags von 14:00 &#8211; 18:00 Uhr ge\u00f6ffnet sein.<\/p>\n\n\n\n<p>Am 13.07.2024 feiern wir auf der Finissage den 100. Geburtstag von Ludwig Schaffrath. Es erwarten Sie bei musikalischer Begleitung von Hejoe Schenkelberg mit seinem Akkordeon, Salate und Gerichte vom Grill und einige \u00dcberraschungen.<\/p>\n\n\n\n<p><strong>Vernissage: <\/strong>22. Juni 2024, um 18:00 bis 21:00 Uhr<\/p>\n\n\n\n<p><strong>Begr\u00fc\u00dfung:<\/strong> Alfred Sonders, B\u00fcrgermeister der Stadt Alsdorf<\/p>\n\n\n\n<p><strong>Einf\u00fchrung:<\/strong> Dirk T\u00f6lke, Kunsthistoriker<\/p>\n\n\n\n<p><strong>Musik:<\/strong> K\u00fcnstlerduo Gitta Sch\u00e4fer &amp; Markus Proske<\/p>\n\n\n\n<p><\/p>\n\n\n\n<p><strong>Finissage\/Feier: <\/strong>13. Juli 2024, um 18:00 Uhr, Ludwig Schaffrath w\u00e4re heute 100 Jahre alt geworden.<\/p>\n\n\n\n<p><strong>Einf\u00fchrung:<\/strong> Dirk T\u00f6lke, Kunsthistoriker<\/p>\n\n\n\n<p><strong>Musik:<\/strong> Hejoe Schenkelberg unterh\u00e4lt die Besucher mit seinem Akkordeon<\/p>\n\n\n\n<p>Wir Grillen und Besucher k\u00f6nnen Schl\u00fcssel von einem ausrangierten Kontoausz\u00fcge-Schrank &#8222;kaufen&#8220;, in dem sich kleine Orginal-Schaffrathwerke befinden. Zudem finden weitere, spannende Aktionen statt. Lassen Sie sich \u00fcberraschen!<\/p>\n\n\n\n<p><strong> ++<\/strong> <strong>Kostenlose F\u00fchrungen durch das Schaffrathhaus, im Rahmen der gesamten Ausstellung ++<\/strong><\/p>\n\n\n\n<p>Ulla Schaffrath-Busch, Tochter von Ludwig Schaffrath, f\u00fchrt Sie w\u00e4hrend der \u00d6ffnungzeiten der gesamten Ausstellung durch das Schaffrathhaus.<\/p>\n\n\n\n<p><strong>F\u00fchrungen <\/strong>jeweils um 16:00 Uhr und um 17:00 Uhr. Dauer ca. 20 Minuten.<\/p>\n\n\n\n<p><strong>Am<\/strong>: 23. Juni, 29. Juni, 30. Juni, 6. Juli, 7. Juli 2024<\/p>\n\n\n\n<hr class=\"wp-block-separator has-alpha-channel-opacity is-style-wide\"\/>\n\n\n\n<p class=\"has-text-color has-large-font-size\" style=\"color:#0a7817f7\"><strong>MALEREI &amp; SKULPTUREN: &#8222;\u00d6l trifft Stahl&#8220;<\/strong><\/p>\n\n\n\n<p class=\"has-large-font-size\"><strong>15. &#8211; 29. September 2024<\/strong>:<\/p>\n\n\n\n<p class=\"has-medium-font-size\"><strong>Conny Ro\u00dfkamp (Malerei) &amp; Willi Arlt (Skulpturen)<\/strong><\/p>\n\n\n\n<figure class=\"wp-block-image size-large\"><a href=\"https:\/\/schaffrath-haus.com\/wp-content\/uploads\/2024\/08\/Titelblatt-Flyer.jpg\"><img loading=\"lazy\" decoding=\"async\" width=\"1024\" height=\"498\" src=\"https:\/\/schaffrath-haus.com\/wp-content\/uploads\/2024\/08\/Titelblatt-Flyer-1024x498.jpg\" alt=\"\" class=\"wp-image-4154\" srcset=\"https:\/\/schaffrath-haus.com\/wp-content\/uploads\/2024\/08\/Titelblatt-Flyer-1024x498.jpg 1024w, https:\/\/schaffrath-haus.com\/wp-content\/uploads\/2024\/08\/Titelblatt-Flyer-300x146.jpg 300w, https:\/\/schaffrath-haus.com\/wp-content\/uploads\/2024\/08\/Titelblatt-Flyer-768x374.jpg 768w, https:\/\/schaffrath-haus.com\/wp-content\/uploads\/2024\/08\/Titelblatt-Flyer-1536x748.jpg 1536w, https:\/\/schaffrath-haus.com\/wp-content\/uploads\/2024\/08\/Titelblatt-Flyer-2048x997.jpg 2048w\" sizes=\"(max-width: 1024px) 100vw, 1024px\" \/><\/a><\/figure>\n\n\n\n<p><strong>Vernissage:<\/strong> 15. September 2024, 11:30 Uhr, bis 14:30 Uhr ge\u00f6ffnet<\/p>\n\n\n\n<p><strong>Begr\u00fc\u00dfung<\/strong>: Renate Rinkens, 1. Vorstandsvorsitzende, Schaffrathhaus<\/p>\n\n\n\n<p><strong>Begr\u00fc\u00dfung<\/strong>: Alfred Sonders, B\u00fcrgermeister der Stadt Alsdorf<\/p>\n\n\n\n<p><strong>Einf\u00fchrung<\/strong>: Alexandra Simon-T\u00f6nges, Kunsthistorikerin <\/p>\n\n\n\n<p><strong>Weitere \u00d6ffnungszeiten<\/strong>:<\/p>\n\n\n\n<p>Samstag: 21.09. + 28.09. von 16:00 &#8211; 18:00 Uhr<\/p>\n\n\n\n<p>Sonntag: 22.09. + 29.09. von 14:00 &#8211; 18:00 Uhr<\/p>\n\n\n\n<p><strong>Willi Arlt<\/strong> arbeitet mit Eisen. Es kommt vornehmlich Baustahl zum Einsatz. Es entstehen kleinere Skulpturen in einer eigenentwickelten Aufschwei\u00dftechnik, die meist reduzierte menschliche Gestalten darstellen. Au\u00dferdem erarbeitet er Eisenreliefbilder. Bei den Arbeiten f\u00fcr den Au\u00dfenbereich finden sich hier meist die menschliche Gestalt wieder, es sind jedoch auch abstrakte Formen m\u00f6glich.<\/p>\n\n\n\n<p><strong>Conny Ro\u00dfkamps<\/strong> Gem\u00e4lde lassen Landschaften assoziieren: Berglandschaften, Stadtlandschaften, Meereslandschaften. Doch der Schein tr\u00fcgt.&nbsp; Das Thema ist die Malerei selbst, nicht das Abbilden von Realit\u00e4t in der Malerei. Die Intention ist ein Ausloten der malerischen M\u00f6glichkeiten und Experimentieren mit Farbwirkungen.<\/p>\n\n\n\n<figure class=\"wp-block-gallery has-nested-images columns-default is-cropped wp-block-gallery-2 is-layout-flex wp-block-gallery-is-layout-flex\">\n<figure class=\"wp-block-image size-medium\"><a href=\"https:\/\/schaffrath-haus.com\/wp-content\/uploads\/2024\/03\/Conny-Rosskamp-2022-Kraftvoll-60-80-1.jpeg\"><img loading=\"lazy\" decoding=\"async\" width=\"300\" height=\"216\" data-id=\"3895\" src=\"https:\/\/schaffrath-haus.com\/wp-content\/uploads\/2024\/03\/Conny-Rosskamp-2022-Kraftvoll-60-80-1-300x216.jpeg\" alt=\"Conny Ro\u00dfkamp\" class=\"wp-image-3895\" srcset=\"https:\/\/schaffrath-haus.com\/wp-content\/uploads\/2024\/03\/Conny-Rosskamp-2022-Kraftvoll-60-80-1-300x216.jpeg 300w, https:\/\/schaffrath-haus.com\/wp-content\/uploads\/2024\/03\/Conny-Rosskamp-2022-Kraftvoll-60-80-1-1024x739.jpeg 1024w, https:\/\/schaffrath-haus.com\/wp-content\/uploads\/2024\/03\/Conny-Rosskamp-2022-Kraftvoll-60-80-1-768x554.jpeg 768w, https:\/\/schaffrath-haus.com\/wp-content\/uploads\/2024\/03\/Conny-Rosskamp-2022-Kraftvoll-60-80-1.jpeg 1339w\" sizes=\"(max-width: 300px) 100vw, 300px\" \/><\/a><\/figure>\n\n\n\n<figure class=\"wp-block-image size-medium\"><a href=\"https:\/\/schaffrath-haus.com\/wp-content\/uploads\/2024\/03\/Willi-Arlt-1-scaled.jpg\"><img loading=\"lazy\" decoding=\"async\" width=\"300\" height=\"300\" data-id=\"3897\" src=\"https:\/\/schaffrath-haus.com\/wp-content\/uploads\/2024\/03\/Willi-Arlt-1-300x300.jpg\" alt=\"Willi Arlt\" class=\"wp-image-3897\" srcset=\"https:\/\/schaffrath-haus.com\/wp-content\/uploads\/2024\/03\/Willi-Arlt-1-300x300.jpg 300w, https:\/\/schaffrath-haus.com\/wp-content\/uploads\/2024\/03\/Willi-Arlt-1-1024x1024.jpg 1024w, https:\/\/schaffrath-haus.com\/wp-content\/uploads\/2024\/03\/Willi-Arlt-1-150x150.jpg 150w, https:\/\/schaffrath-haus.com\/wp-content\/uploads\/2024\/03\/Willi-Arlt-1-768x768.jpg 768w, https:\/\/schaffrath-haus.com\/wp-content\/uploads\/2024\/03\/Willi-Arlt-1-1536x1536.jpg 1536w, https:\/\/schaffrath-haus.com\/wp-content\/uploads\/2024\/03\/Willi-Arlt-1-2048x2048.jpg 2048w\" sizes=\"(max-width: 300px) 100vw, 300px\" \/><\/a><\/figure>\n<\/figure>\n\n\n\n<hr class=\"wp-block-separator has-alpha-channel-opacity is-style-wide\"\/>\n\n\n\n<p class=\"has-text-color has-large-font-size\" style=\"color:#05690a\">&#8222;<strong>Im Licht von Schaffrath<\/strong>&#8220; &#8211; Hommage an einen besonderen Mann <\/p>\n\n\n\n<p class=\"has-black-color has-text-color has-large-font-size\"><strong>27. Oktober &#8211; 10. November 2024<\/strong><\/p>\n\n\n<div class=\"wp-block-image\">\n<figure class=\"aligncenter size-full is-resized\"><a href=\"https:\/\/schaffrath-haus.com\/wp-content\/uploads\/2024\/08\/master-glass.jpg\"><img loading=\"lazy\" decoding=\"async\" width=\"560\" height=\"803\" src=\"https:\/\/schaffrath-haus.com\/wp-content\/uploads\/2024\/08\/master-glass.jpg\" alt=\"\" class=\"wp-image-4158\" style=\"width:425px;height:610px\" srcset=\"https:\/\/schaffrath-haus.com\/wp-content\/uploads\/2024\/08\/master-glass.jpg 560w, https:\/\/schaffrath-haus.com\/wp-content\/uploads\/2024\/08\/master-glass-209x300.jpg 209w\" sizes=\"(max-width: 560px) 100vw, 560px\" \/><\/a><\/figure><\/div>\n\n\n<p class=\"has-medium-font-size\"><strong>Niederl\u00e4ndische K\u00fcnstlergruppe: Master-Glass<\/strong><\/p>\n\n\n\n<p class=\"has-medium-font-size\"><strong>Vernissage<\/strong>: 27. Oktober 2024, 11:30 Uhr, bis 16:00 Uhr ge\u00f6ffnet<\/p>\n\n\n\n<p><strong>Begr\u00fc\u00dfung<\/strong>: Renate Rinkens, 1. Vorstandsvorsitzende, Schaffrathhaus<\/p>\n\n\n\n<p><strong>Weitere \u00d6ffnungszeiten:<\/strong><\/p>\n\n\n\n<p>Freitag 01.11. + 08.11.2024 von 14:00 &#8211; 18:00 Uhr<\/p>\n\n\n\n<p>Samstag 02.11. + 09.11.2024 von 14:00 &#8211; 18:00 Uhr<\/p>\n\n\n\n<p>Sonntag 03.11. + 10.11.2024 von 11:30 &#8211; 16:00 Uhr<\/p>\n\n\n\n<p><strong>Es stellen aus:<\/strong><\/p>\n\n\n\n<p>Evelien de Bruijn, Anja van Aalen, Wim Gielen, Dagmara Gielen\u2013Bernacka, Titia Felderhof, Liesbeth Boon, Astrid Ballijns, Monique Vaes, Susanne Vreeburg, Mieke Manders, Nelie Anderson, Sibylle Gielen<\/p>\n\n\n\n<p>\u201cMaster-Glass\u201d ist der Name, unter dem sich eine Gruppe von Bildenden K\u00fcnstlern zusammengef\u00fcgt hat, deren Spezialgebiet haupts\u00e4chlich der zeitgem\u00e4\u00dfen monumentalen Flachglaskunst gilt. Sie ist entstanden aus einer einzigartigen post-akademischen Ausbildung f\u00fcr monumentale \u201cKunst am Bau\u201d, die es in den Niederlanden seit 1969 nicht mehr gibt.<\/p>\n\n\n\n<figure class=\"wp-block-gallery has-nested-images columns-default is-cropped wp-block-gallery-3 is-layout-flex wp-block-gallery-is-layout-flex\">\n<figure class=\"wp-block-image size-thumbnail is-style-default\"><a href=\"https:\/\/schaffrath-haus.com\/wp-content\/uploads\/2024\/03\/Astrid-Balijns.jpg\"><img loading=\"lazy\" decoding=\"async\" width=\"150\" height=\"150\" data-id=\"3914\" src=\"https:\/\/schaffrath-haus.com\/wp-content\/uploads\/2024\/03\/Astrid-Balijns-150x150.jpg\" alt=\"Astrid Balijns\" class=\"wp-image-3914\" srcset=\"https:\/\/schaffrath-haus.com\/wp-content\/uploads\/2024\/03\/Astrid-Balijns-150x150.jpg 150w, https:\/\/schaffrath-haus.com\/wp-content\/uploads\/2024\/03\/Astrid-Balijns-374x372.jpg 374w\" sizes=\"(max-width: 150px) 100vw, 150px\" \/><\/a><\/figure>\n\n\n\n<figure class=\"wp-block-image size-thumbnail\"><a href=\"https:\/\/schaffrath-haus.com\/wp-content\/uploads\/2024\/03\/Evelien-de-Bruijn-Marge-als-Margo.png\"><img loading=\"lazy\" decoding=\"async\" width=\"150\" height=\"150\" data-id=\"3915\" src=\"https:\/\/schaffrath-haus.com\/wp-content\/uploads\/2024\/03\/Evelien-de-Bruijn-Marge-als-Margo-150x150.png\" alt=\"Evelien de Bruijn\" class=\"wp-image-3915\" srcset=\"https:\/\/schaffrath-haus.com\/wp-content\/uploads\/2024\/03\/Evelien-de-Bruijn-Marge-als-Margo-150x150.png 150w, https:\/\/schaffrath-haus.com\/wp-content\/uploads\/2024\/03\/Evelien-de-Bruijn-Marge-als-Margo-300x300.png 300w, https:\/\/schaffrath-haus.com\/wp-content\/uploads\/2024\/03\/Evelien-de-Bruijn-Marge-als-Margo.png 500w\" sizes=\"(max-width: 150px) 100vw, 150px\" \/><\/a><\/figure>\n\n\n\n<figure class=\"wp-block-image size-thumbnail\"><a href=\"https:\/\/schaffrath-haus.com\/wp-content\/uploads\/2024\/03\/Liesbeth-Boon-Met-Onbekende-bestemming-scaled.jpeg\"><img loading=\"lazy\" decoding=\"async\" width=\"150\" height=\"150\" data-id=\"3919\" src=\"https:\/\/schaffrath-haus.com\/wp-content\/uploads\/2024\/03\/Liesbeth-Boon-Met-Onbekende-bestemming-150x150.jpeg\" alt=\"Liesbeth Boon\" class=\"wp-image-3919\"\/><\/a><\/figure>\n\n\n\n<figure class=\"wp-block-image size-thumbnail\"><a href=\"https:\/\/schaffrath-haus.com\/wp-content\/uploads\/2024\/03\/Susanne-Vreeburg-Heat-Wave-scaled.jpg\"><img loading=\"lazy\" decoding=\"async\" width=\"150\" height=\"150\" data-id=\"3917\" src=\"https:\/\/schaffrath-haus.com\/wp-content\/uploads\/2024\/03\/Susanne-Vreeburg-Heat-Wave-150x150.jpg\" alt=\"Susanne Vreeburg\" class=\"wp-image-3917\" srcset=\"https:\/\/schaffrath-haus.com\/wp-content\/uploads\/2024\/03\/Susanne-Vreeburg-Heat-Wave-150x150.jpg 150w, https:\/\/schaffrath-haus.com\/wp-content\/uploads\/2024\/03\/Susanne-Vreeburg-Heat-Wave-298x300.jpg 298w, https:\/\/schaffrath-haus.com\/wp-content\/uploads\/2024\/03\/Susanne-Vreeburg-Heat-Wave-1018x1024.jpg 1018w, https:\/\/schaffrath-haus.com\/wp-content\/uploads\/2024\/03\/Susanne-Vreeburg-Heat-Wave-768x772.jpg 768w, https:\/\/schaffrath-haus.com\/wp-content\/uploads\/2024\/03\/Susanne-Vreeburg-Heat-Wave-1527x1536.jpg 1527w, https:\/\/schaffrath-haus.com\/wp-content\/uploads\/2024\/03\/Susanne-Vreeburg-Heat-Wave-2037x2048.jpg 2037w\" sizes=\"(max-width: 150px) 100vw, 150px\" \/><\/a><\/figure>\n\n\n\n<figure class=\"wp-block-image size-thumbnail\"><a href=\"https:\/\/schaffrath-haus.com\/wp-content\/uploads\/2024\/03\/Titia-Felderhof-scaled.jpeg\"><img loading=\"lazy\" decoding=\"async\" width=\"150\" height=\"150\" data-id=\"3918\" src=\"https:\/\/schaffrath-haus.com\/wp-content\/uploads\/2024\/03\/Titia-Felderhof-150x150.jpeg\" alt=\"Titia Felderhof\" class=\"wp-image-3918\"\/><\/a><\/figure>\n\n\n\n<figure class=\"wp-block-image size-thumbnail\"><a href=\"https:\/\/schaffrath-haus.com\/wp-content\/uploads\/2024\/03\/Wim-Gielen-Kaspar-Hauser.jpg\"><img loading=\"lazy\" decoding=\"async\" width=\"150\" height=\"150\" data-id=\"3916\" src=\"https:\/\/schaffrath-haus.com\/wp-content\/uploads\/2024\/03\/Wim-Gielen-Kaspar-Hauser-150x150.jpg\" alt=\"Wim Gielen\" class=\"wp-image-3916\"\/><\/a><\/figure>\n<\/figure>\n\n\n\n<hr class=\"wp-block-separator has-alpha-channel-opacity\"\/>\n\n\n\n<p><\/p>\n","protected":false},"excerpt":{"rendered":"<p>Bitte beachten Sie, dass alle R\u00e4umlichkeiten im Haus nur \u00fcber Treppen erreichbar sind! Der Eintritt zu allen Ausstellungen ist kostenlos. &#8222;SCHAFFRATH Einhundert&#8220; Ausstellung zum 100. Geburtstag von Ludwig Schaffrath 22. Juni &#8211; 13. Juli 2024: Das Schaffrathhaus zeigt zum hundertsten Geburtstag seines Namensgebers in seinem Atelier, das weitgehend im Originalzustand erhalten ist, ausgew\u00e4hlte Arbeiten seiner &hellip; <a href=\"https:\/\/schaffrath-haus.com\/?page_id=3843\" class=\"more-link\"><span class=\"screen-reader-text\">2024 Ausstellungen<\/span> weiterlesen <span class=\"meta-nav\">&rarr;<\/span><\/a><\/p>\n","protected":false},"author":1,"featured_media":0,"parent":0,"menu_order":0,"comment_status":"closed","ping_status":"closed","template":"","meta":{"footnotes":""},"class_list":["post-3843","page","type-page","status-publish","hentry"],"_links":{"self":[{"href":"https:\/\/schaffrath-haus.com\/index.php?rest_route=\/wp\/v2\/pages\/3843"}],"collection":[{"href":"https:\/\/schaffrath-haus.com\/index.php?rest_route=\/wp\/v2\/pages"}],"about":[{"href":"https:\/\/schaffrath-haus.com\/index.php?rest_route=\/wp\/v2\/types\/page"}],"author":[{"embeddable":true,"href":"https:\/\/schaffrath-haus.com\/index.php?rest_route=\/wp\/v2\/users\/1"}],"replies":[{"embeddable":true,"href":"https:\/\/schaffrath-haus.com\/index.php?rest_route=%2Fwp%2Fv2%2Fcomments&post=3843"}],"version-history":[{"count":37,"href":"https:\/\/schaffrath-haus.com\/index.php?rest_route=\/wp\/v2\/pages\/3843\/revisions"}],"predecessor-version":[{"id":4459,"href":"https:\/\/schaffrath-haus.com\/index.php?rest_route=\/wp\/v2\/pages\/3843\/revisions\/4459"}],"wp:attachment":[{"href":"https:\/\/schaffrath-haus.com\/index.php?rest_route=%2Fwp%2Fv2%2Fmedia&parent=3843"}],"curies":[{"name":"wp","href":"https:\/\/api.w.org\/{rel}","templated":true}]}}