{"id":2536,"date":"2019-12-30T19:34:49","date_gmt":"2019-12-30T19:34:49","guid":{"rendered":"http:\/\/schaffrath-haus.com\/wp\/?page_id=2536"},"modified":"2024-08-31T06:49:58","modified_gmt":"2024-08-31T06:49:58","slug":"2020-ausstellungen-im-schaffrathhaus","status":"publish","type":"page","link":"https:\/\/schaffrath-haus.com\/?page_id=2536","title":{"rendered":"2020 Ausstellungen"},"content":{"rendered":"<h3><\/h3>\n<h3><strong>&nbsp;1. bis 15. M\u00e4rz 2020<\/strong><\/h3>\n<h5><strong>&#8211; DIALOG &#8211;<\/strong><\/h5>\n<h4><span style=\"color: #008000;\"><strong>MARIE-GABRIELE und HANS-DIETER AHLERT<\/strong><\/span><\/h4>\n<div>\n<p>Florale Objekte einerseits, abstrakte oft geometrische, strukturierte oder gegl\u00e4ttete und polierte Formen andererseits, sind Schwerpunkte der keramischen Bildhauerei von <span style=\"color: #008000;\">Marie-Gabriele Ahlert<\/span>.<br \/>\nNat\u00fcrlichen Formen, Reliefs und Strukturen, dem Raumerlebnis, dem Verh\u00e4ltnis von Licht und Schatten,&nbsp; gilt vornehmlich das k\u00fcnstlerische Interesse&nbsp; <span style=\"color: #008000;\">Hans-Dieter Ahlerts<\/span> in seinen Grattagen, Assemblagen und Zeichnungen.<\/p>\n<p>Zum Dialog treffen sich die Werke des Ehepaares in der gleichnamigen Ausstellung.<\/p>\n<p>Flyer zur Ausstellung als PDF Download: <a href=\"https:\/\/schaffrath-haus.com\/wp-content\/uploads\/2019\/12\/Einladung-Ahlert-Ausstellung.pdf\">Einladung-Ahlert Ausstellung<\/a><\/p>\n<\/div>\n<div><a href=\"https:\/\/schaffrath-haus.com\/wp-content\/uploads\/2019\/12\/Dialog1.jpg\"><img loading=\"lazy\" decoding=\"async\" class=\"aligncenter size-medium wp-image-2721\" src=\"https:\/\/schaffrath-haus.com\/wp-content\/uploads\/2019\/12\/Dialog1-300x150.jpg\" alt=\"\" width=\"300\" height=\"150\" srcset=\"https:\/\/schaffrath-haus.com\/wp-content\/uploads\/2019\/12\/Dialog1-300x150.jpg 300w, https:\/\/schaffrath-haus.com\/wp-content\/uploads\/2019\/12\/Dialog1-768x385.jpg 768w, https:\/\/schaffrath-haus.com\/wp-content\/uploads\/2019\/12\/Dialog1-1024x513.jpg 1024w, https:\/\/schaffrath-haus.com\/wp-content\/uploads\/2019\/12\/Dialog1.jpg 1138w\" sizes=\"(max-width: 300px) 100vw, 300px\" \/><\/a><a href=\"https:\/\/schaffrath-haus.com\/wp-content\/uploads\/2019\/12\/Dialog3.jpg\"><img loading=\"lazy\" decoding=\"async\" class=\"aligncenter size-medium wp-image-2723\" src=\"https:\/\/schaffrath-haus.com\/wp-content\/uploads\/2019\/12\/Dialog3-300x151.jpg\" alt=\"\" width=\"300\" height=\"151\" srcset=\"https:\/\/schaffrath-haus.com\/wp-content\/uploads\/2019\/12\/Dialog3-300x151.jpg 300w, https:\/\/schaffrath-haus.com\/wp-content\/uploads\/2019\/12\/Dialog3-768x385.jpg 768w, https:\/\/schaffrath-haus.com\/wp-content\/uploads\/2019\/12\/Dialog3-1024x514.jpg 1024w, https:\/\/schaffrath-haus.com\/wp-content\/uploads\/2019\/12\/Dialog3.jpg 1138w\" sizes=\"(max-width: 300px) 100vw, 300px\" \/><\/a><a href=\"https:\/\/schaffrath-haus.com\/wp-content\/uploads\/2019\/12\/Dialog4.jpg\"><img loading=\"lazy\" decoding=\"async\" class=\"aligncenter size-medium wp-image-2724\" src=\"https:\/\/schaffrath-haus.com\/wp-content\/uploads\/2019\/12\/Dialog4-300x150.jpg\" alt=\"\" width=\"300\" height=\"150\" srcset=\"https:\/\/schaffrath-haus.com\/wp-content\/uploads\/2019\/12\/Dialog4-300x150.jpg 300w, https:\/\/schaffrath-haus.com\/wp-content\/uploads\/2019\/12\/Dialog4-768x385.jpg 768w, https:\/\/schaffrath-haus.com\/wp-content\/uploads\/2019\/12\/Dialog4-1024x513.jpg 1024w, https:\/\/schaffrath-haus.com\/wp-content\/uploads\/2019\/12\/Dialog4.jpg 1137w\" sizes=\"(max-width: 300px) 100vw, 300px\" \/><\/a><a href=\"https:\/\/schaffrath-haus.com\/wp-content\/uploads\/2019\/12\/Dialog2.jpg\"><img loading=\"lazy\" decoding=\"async\" class=\"aligncenter size-medium wp-image-2722\" src=\"https:\/\/schaffrath-haus.com\/wp-content\/uploads\/2019\/12\/Dialog2-300x150.jpg\" alt=\"\" width=\"300\" height=\"150\" srcset=\"https:\/\/schaffrath-haus.com\/wp-content\/uploads\/2019\/12\/Dialog2-300x150.jpg 300w, https:\/\/schaffrath-haus.com\/wp-content\/uploads\/2019\/12\/Dialog2-768x385.jpg 768w, https:\/\/schaffrath-haus.com\/wp-content\/uploads\/2019\/12\/Dialog2-1024x513.jpg 1024w, https:\/\/schaffrath-haus.com\/wp-content\/uploads\/2019\/12\/Dialog2.jpg 1138w\" sizes=\"(max-width: 300px) 100vw, 300px\" \/><\/a><\/div>\n<div><\/div>\n<div>\n<hr>\n<\/div>\n<h3><\/h3>\n<h3><strong>&nbsp;10. bis 24. Mai 2020 &#8211;<span style=\"color: #ff0000;\"> ABGESAGT <\/span><\/strong><\/h3>\n<h3><strong><span style=\"color: #ff0000;\">Die Ausstellung wird auf Mai 2021 verschoben <\/span><br \/>\n<\/strong><\/h3>\n<h5><strong>&nbsp;&#8211;&nbsp; SEELENLANDSCHAFTEN &#8211;<\/strong><\/h5>\n<div>\n<h4><strong><span style=\"color: #008000;\">WILFRIED SCH\u00dcLLER<br \/>\n<\/span><\/strong><\/h4>\n<p>Seit 1996 macht Wilfried Sch\u00fcller Foto-Ausstellungen und kann in der Vita u.a. gar auf Pr\u00e4sentationen in den USA verweisen, wo er \u00fcber viele Jahre auch immer wieder fotografiert hat. Landschaft ist neben der Rock- und Indianerfotografie einer seiner Schwerpunkte:<\/p>\n<p>&#8222;Dann l\u00f6st der Mensch hinter der Kamera sich auf und ist f\u00fcr einen Moment &#8222;reines Schauen!&#8220;<\/p>\n<p>Erst das Dr\u00fccken des Ausl\u00f6sers fixiert seinen ganz pers\u00f6nlichen Moment einer Wahrnehmung in einer unscharfen (weil fl\u00fcchtigen) Welt und best\u00e4tigt damit beides &#8211; das Gesehene und den Sehenden!&#8220;<\/p>\n<\/div>\n<p>Musikalische Begleitung: Rick Takvorian, Kulturmanager der Stadt Aachen. Man kennt ihn als Organisator vom September Spezial, Schrit_tmacher Festival oder Across the Borders\u2026<\/p>\n<div><a href=\"https:\/\/schaffrath-haus.com\/wp-content\/uploads\/2019\/12\/49827658_2107920502576360_5615115813292867584_o.jpg\"><img loading=\"lazy\" decoding=\"async\" class=\"aligncenter size-medium wp-image-2550\" src=\"https:\/\/schaffrath-haus.com\/wp-content\/uploads\/2019\/12\/49827658_2107920502576360_5615115813292867584_o-300x200.jpg\" alt=\"\" width=\"300\" height=\"200\" srcset=\"https:\/\/schaffrath-haus.com\/wp-content\/uploads\/2019\/12\/49827658_2107920502576360_5615115813292867584_o-300x200.jpg 300w, https:\/\/schaffrath-haus.com\/wp-content\/uploads\/2019\/12\/49827658_2107920502576360_5615115813292867584_o-768x511.jpg 768w, https:\/\/schaffrath-haus.com\/wp-content\/uploads\/2019\/12\/49827658_2107920502576360_5615115813292867584_o-1024x681.jpg 1024w, https:\/\/schaffrath-haus.com\/wp-content\/uploads\/2019\/12\/49827658_2107920502576360_5615115813292867584_o.jpg 1419w\" sizes=\"(max-width: 300px) 100vw, 300px\" \/><\/a><\/div>\n<div><\/div>\n<div><\/div>\n<div>\n<hr>\n<\/div>\n<h3><\/h3>\n<h3><strong>13. bis 27. September 2020<\/strong><\/h3>\n<h5><strong>&#8211; VERTRAUTES &#8211;<\/strong><\/h5>\n<h4><strong><span style=\"color: #008000;\">ANDREA ZANG | MARLENE HOLLANDS<br \/>\n<\/span><\/strong><\/h4>\n<h4><strong><span style=\"color: #008000;\">MECHTHILD NIEBELING-MAUSE | SIGRID ROTHE<br \/>\n<\/span><\/strong><\/h4>\n<p>Vertrauen bezeichnet die subjektive \u00dcberzeugung oder das Gef\u00fchl f\u00fcr die Wahrheit. Die vier Kohlscheider K\u00fcnstlerinnen zeigen vertraute Werke in einer gemeinsamen Ausstellung.<\/p>\n<p>\u201eDie Kunst ist eine Harmonie, die parallel zur Natur verl\u00e4uft\u201c. Dieses Zitat von C\u00e9zanne inspiriert <span style=\"color: #008000;\">Mechtild Nibeling-Mause<\/span>.<br \/>\n<span style=\"color: #008000;\">Marlene Hollands<\/span> Darstellungen, die durch das Experimentieren mit Farben und Hilfsmitteln entstanden sind, kann man als Empfindungen wahrnehmen, als Ruhe, Trauer, Leidenschaft oder Sehnsucht.<br \/>\nDie vielf\u00e4ltigen M\u00f6glichkeiten der Arbeit mit Naturmaterialien wie Sand, Holz, Lava oder auch mit Seidenpapier und Zeitungen faszinieren <span style=\"color: #008000;\">Sigrid Rothe<\/span>.<br \/>\n<span style=\"color: #008000;\">Andrea Zang<\/span> versucht ein Spannungsfeld zwischen vermeintlich Vertrautem und Befremdlichem zu erzeugen.<\/p>\n<p><a href=\"https:\/\/schaffrath-haus.com\/wp-content\/uploads\/2019\/12\/Vertrautes_1.jpg\"><img loading=\"lazy\" decoding=\"async\" class=\"wp-image-2842 alignleft\" src=\"https:\/\/schaffrath-haus.com\/wp-content\/uploads\/2019\/12\/Vertrautes_1-300x150.jpg\" alt=\"\" width=\"398\" height=\"199\" srcset=\"https:\/\/schaffrath-haus.com\/wp-content\/uploads\/2019\/12\/Vertrautes_1-300x150.jpg 300w, https:\/\/schaffrath-haus.com\/wp-content\/uploads\/2019\/12\/Vertrautes_1-768x384.jpg 768w, https:\/\/schaffrath-haus.com\/wp-content\/uploads\/2019\/12\/Vertrautes_1.jpg 910w\" sizes=\"(max-width: 398px) 100vw, 398px\" \/><\/a><\/p>\n<p><a href=\"https:\/\/schaffrath-haus.com\/wp-content\/uploads\/2019\/12\/Vertrautes_2.jpg\"><img loading=\"lazy\" decoding=\"async\" class=\" wp-image-2845 alignleft\" src=\"https:\/\/schaffrath-haus.com\/wp-content\/uploads\/2019\/12\/Vertrautes_2-300x150.jpg\" alt=\"\" width=\"400\" height=\"200\" srcset=\"https:\/\/schaffrath-haus.com\/wp-content\/uploads\/2019\/12\/Vertrautes_2-300x150.jpg 300w, https:\/\/schaffrath-haus.com\/wp-content\/uploads\/2019\/12\/Vertrautes_2-768x384.jpg 768w, https:\/\/schaffrath-haus.com\/wp-content\/uploads\/2019\/12\/Vertrautes_2.jpg 907w\" sizes=\"(max-width: 400px) 100vw, 400px\" \/><\/a> <a href=\"https:\/\/schaffrath-haus.com\/wp-content\/uploads\/2019\/12\/Vertrautes_3.jpg\"><img loading=\"lazy\" decoding=\"async\" class=\" wp-image-2846 alignleft\" src=\"https:\/\/schaffrath-haus.com\/wp-content\/uploads\/2019\/12\/Vertrautes_3-300x149.jpg\" alt=\"\" width=\"401\" height=\"199\" srcset=\"https:\/\/schaffrath-haus.com\/wp-content\/uploads\/2019\/12\/Vertrautes_3-300x149.jpg 300w, https:\/\/schaffrath-haus.com\/wp-content\/uploads\/2019\/12\/Vertrautes_3-768x382.jpg 768w, https:\/\/schaffrath-haus.com\/wp-content\/uploads\/2019\/12\/Vertrautes_3.jpg 907w\" sizes=\"(max-width: 401px) 100vw, 401px\" \/><\/a> <a href=\"https:\/\/schaffrath-haus.com\/wp-content\/uploads\/2019\/12\/Vertrautes_4.jpg\"><img loading=\"lazy\" decoding=\"async\" class=\" wp-image-2847 alignleft\" src=\"https:\/\/schaffrath-haus.com\/wp-content\/uploads\/2019\/12\/Vertrautes_4-300x150.jpg\" alt=\"\" width=\"402\" height=\"201\" srcset=\"https:\/\/schaffrath-haus.com\/wp-content\/uploads\/2019\/12\/Vertrautes_4-300x150.jpg 300w, https:\/\/schaffrath-haus.com\/wp-content\/uploads\/2019\/12\/Vertrautes_4-768x383.jpg 768w, https:\/\/schaffrath-haus.com\/wp-content\/uploads\/2019\/12\/Vertrautes_4.jpg 911w\" sizes=\"(max-width: 402px) 100vw, 402px\" \/><\/a><\/p>\n<div>\n<hr>\n<\/div>\n<h3><\/h3>\n<h3><\/h3>\n<h3><\/h3>\n<h3><\/h3>\n<h3><\/h3>\n<h3><\/h3>\n<h3><\/h3>\n<h3><\/h3>\n<hr>\n<h3><\/h3>\n<h3><\/h3>\n<h3><span style=\"color: #000000;\"><strong>15. bis 29. November 2020<\/strong><\/span><\/h3>\n<h3><span style=\"color: #ff0000;\">Aufgrund der aktuellen Situation ist die Ausstellung leider abgesagt, wird 2021 aber nachgeholt.<br \/>\n<\/span><\/h3>\n<h5><strong>&#8211; KURZVORSIEBEN\u00b0 &#8211; gekritzelkrakelt und geschnitten<\/strong><\/h5>\n<h4><strong><span style=\"color: #008000;\">FRANZ-JOSEF KOCHS<\/span><\/strong><\/h4>\n<p>\u201eAll meine Bilder erz\u00e4hlen Geschichten und bed\u00fcrfen zumeist wohl keiner Erkl\u00e4rung. Und wenn der Betrachter an die Schiebetheater und Bilderb\u00f6gen der Kindheit erinnert wird, so liegt er nicht falsch.\u201c<\/p>\n<p><a href=\"https:\/\/schaffrath-haus.com\/wp-content\/uploads\/2019\/12\/franz-josef-kochs.jpg\"><img loading=\"lazy\" decoding=\"async\" class=\" wp-image-2541 aligncenter\" src=\"https:\/\/schaffrath-haus.com\/wp-content\/uploads\/2019\/12\/franz-josef-kochs-300x158.jpg\" alt=\"\" width=\"351\" height=\"185\" srcset=\"https:\/\/schaffrath-haus.com\/wp-content\/uploads\/2019\/12\/franz-josef-kochs-300x158.jpg 300w, https:\/\/schaffrath-haus.com\/wp-content\/uploads\/2019\/12\/franz-josef-kochs-768x405.jpg 768w, https:\/\/schaffrath-haus.com\/wp-content\/uploads\/2019\/12\/franz-josef-kochs-1024x540.jpg 1024w, https:\/\/schaffrath-haus.com\/wp-content\/uploads\/2019\/12\/franz-josef-kochs.jpg 1280w\" sizes=\"(max-width: 351px) 100vw, 351px\" \/><\/a><\/p>\n<hr>\n<p>Copyright aller Texte und Fotos liegt bei den jeweiligen K\u00fcnstlern.<\/p>\n","protected":false},"excerpt":{"rendered":"<p>&nbsp;1. bis 15. M\u00e4rz 2020 &#8211; DIALOG &#8211; MARIE-GABRIELE und HANS-DIETER AHLERT Florale Objekte einerseits, abstrakte oft geometrische, strukturierte oder gegl\u00e4ttete und polierte Formen andererseits, sind Schwerpunkte der keramischen Bildhauerei von Marie-Gabriele Ahlert. Nat\u00fcrlichen Formen, Reliefs und Strukturen, dem Raumerlebnis, dem Verh\u00e4ltnis von Licht und Schatten,&nbsp; gilt vornehmlich das k\u00fcnstlerische Interesse&nbsp; Hans-Dieter Ahlerts in seinen &hellip; <a href=\"https:\/\/schaffrath-haus.com\/?page_id=2536\" class=\"more-link\"><span class=\"screen-reader-text\">2020 Ausstellungen<\/span> weiterlesen <span class=\"meta-nav\">&rarr;<\/span><\/a><\/p>\n","protected":false},"author":1,"featured_media":0,"parent":2677,"menu_order":3,"comment_status":"closed","ping_status":"closed","template":"","meta":{"footnotes":""},"class_list":["post-2536","page","type-page","status-publish","hentry"],"_links":{"self":[{"href":"https:\/\/schaffrath-haus.com\/index.php?rest_route=\/wp\/v2\/pages\/2536"}],"collection":[{"href":"https:\/\/schaffrath-haus.com\/index.php?rest_route=\/wp\/v2\/pages"}],"about":[{"href":"https:\/\/schaffrath-haus.com\/index.php?rest_route=\/wp\/v2\/types\/page"}],"author":[{"embeddable":true,"href":"https:\/\/schaffrath-haus.com\/index.php?rest_route=\/wp\/v2\/users\/1"}],"replies":[{"embeddable":true,"href":"https:\/\/schaffrath-haus.com\/index.php?rest_route=%2Fwp%2Fv2%2Fcomments&post=2536"}],"version-history":[{"count":28,"href":"https:\/\/schaffrath-haus.com\/index.php?rest_route=\/wp\/v2\/pages\/2536\/revisions"}],"predecessor-version":[{"id":4244,"href":"https:\/\/schaffrath-haus.com\/index.php?rest_route=\/wp\/v2\/pages\/2536\/revisions\/4244"}],"up":[{"embeddable":true,"href":"https:\/\/schaffrath-haus.com\/index.php?rest_route=\/wp\/v2\/pages\/2677"}],"wp:attachment":[{"href":"https:\/\/schaffrath-haus.com\/index.php?rest_route=%2Fwp%2Fv2%2Fmedia&parent=2536"}],"curies":[{"name":"wp","href":"https:\/\/api.w.org\/{rel}","templated":true}]}}